{"id":3494,"date":"2024-12-19T11:21:51","date_gmt":"2024-12-19T10:21:51","guid":{"rendered":"https:\/\/marist.sjdigitaldemo.ovh\/missione\/parrocchie-e-chiese\/"},"modified":"2025-02-12T11:34:03","modified_gmt":"2025-02-12T11:34:03","slug":"parrocchie-e-chiese","status":"publish","type":"page","link":"https:\/\/maristeurope.eu\/it\/missione\/parrocchie-e-chiese\/","title":{"rendered":"Parrocchie e chiese"},"content":{"rendered":"<p>[et_pb_section fb_built=\"1&#8243; _builder_version=\"4.27.4&#8243; _module_preset=\"default\" use_background_color_gradient=\"on\" background_color_gradient_stops=\"rgba(2,48,71,0.2) 0%|rgba(2,48,71,0.4) 100%\" background_color_gradient_overlays_image=\"on\" background_image=\"https:\/\/maristeurope.eu\/wp-content\/uploads\/2025\/02\/parishes-and-churches-header.jpg\" background_enable_video_mp4=\"off\" custom_padding=\"16vw||4vw||false|false\" bottom_divider_style=\"ramp2&#8243; bottom_divider_color=\"#FFFAF2&#8243; bottom_divider_flip=\"horizontal\" hover_enabled=\"0&#8243; global_colors_info=\"{}\" title_text=\"parishes and churches header\" sticky_enabled=\"0&#8243;][et_pb_row column_structure=\"2_3,1_3&#8243; make_equal=\"on\" _builder_version=\"4.27.4&#8243; _module_preset=\"default\" background_enable_color=\"off\" custom_padding=\"0px|40px|0px|40px|true|true\" animation_style=\"fade\" animation_duration=\"1500ms\" animation_delay=\"200ms\" global_colors_info=\"{}\"][et_pb_column type=\"2_3&#8243; _builder_version=\"4.27.4&#8243; _module_preset=\"default\" custom_css_main_element=\"margin: auto;\" global_colors_info=\"{}\"][et_pb_text _builder_version=\"4.27.4&#8243; _module_preset=\"default\" header_font=\"|600||on|||||\" header_text_color=\"#FFFFFF\" header_font_size=\"4rem\" header_letter_spacing=\"4px\" header_2_text_color=\"#219EBC\" header_2_font_size=\"3.5rem\" custom_margin=\"20px||20px||true|false\" global_colors_info=\"{}\"]<\/p>\n<h1><strong>Parrocchie e chiese<\/strong><\/h1>\n<p>[\/et_pb_text][\/et_pb_column][et_pb_column type=\"1_3&#8243; _builder_version=\"4.27.2&#8243; _module_preset=\"default\" global_colors_info=\"{}\"][\/et_pb_column][\/et_pb_row][\/et_pb_section][et_pb_section fb_built=\"1&#8243; _builder_version=\"4.27.4&#8243; _module_preset=\"default\" background_color=\"#FFFAF2&#8243; background_image=\"https:\/\/maristeurope.eu\/wp-content\/uploads\/2024\/11\/art-therapist-illustration-02-1.png\" background_size=\"initial\" global_colors_info=\"{}\"][et_pb_row column_structure=\"1_5,3_5,1_5&#8243; _builder_version=\"4.27.4&#8243; _module_preset=\"default\" global_colors_info=\"{}\"][et_pb_column type=\"1_5&#8243; _builder_version=\"4.27.4&#8243; _module_preset=\"default\" global_colors_info=\"{}\"][\/et_pb_column][et_pb_column type=\"3_5&#8243; _builder_version=\"4.27.4&#8243; _module_preset=\"default\" global_colors_info=\"{}\"][et_pb_text _builder_version=\"4.27.4&#8243; _module_preset=\"default\" text_text_color=\"#023047&#8243; text_font_size=\"3rem\" text_line_height=\"2.9rem\" text_orientation=\"center\" animation_style=\"slide\" animation_duration=\"1500ms\" animation_delay=\"300ms\" global_colors_info=\"{}\"]<\/p>\n<p>Costruire comunit\u00e0 di fede inclusive ispirate da <strong>Maria<\/strong><\/p>\n<p>[\/et_pb_text][\/et_pb_column][et_pb_column type=\"1_5&#8243; _builder_version=\"4.27.4&#8243; _module_preset=\"default\" global_colors_info=\"{}\"][\/et_pb_column][\/et_pb_row][\/et_pb_section][et_pb_section fb_built=\"1&#8243; _builder_version=\"4.27.4&#8243; _module_preset=\"default\" background_color=\"#FFFAF2&#8243; background_image=\"https:\/\/maristeurope.eu\/wp-content\/uploads\/2024\/11\/art-therapist-illustration-10-1.png\" background_size=\"custom\" background_image_width=\"300px\" background_position=\"center_left\" global_colors_info=\"{}\"][et_pb_row column_structure=\"3_5,2_5&#8243; make_equal=\"on\" _builder_version=\"4.27.4&#8243; _module_preset=\"default\" global_colors_info=\"{}\"][et_pb_column type=\"3_5&#8243; _builder_version=\"4.27.4&#8243; _module_preset=\"default\" animation_style=\"fade\" animation_duration=\"1500ms\" animation_delay=\"100ms\" custom_css_main_element=\"margin: auto;\" global_colors_info=\"{}\"][et_pb_text _builder_version=\"4.27.4&#8243; _module_preset=\"default\" text_text_color=\"#023047&#8243; text_font_size=\"18px\" header_2_text_color=\"#023047&#8243; header_2_font_size=\"32px\" global_colors_info=\"{}\"]<\/p>\n<h2>Un posto per tutti<\/h2>\n<p>&nbsp;<\/p>\n<p>Come comunit\u00e0 mariste e individui lavoriamo nelle parrocchie in collaborazione con la diocesi e altri religiosi. I maristi si sforzano di sviluppare le parrocchie come comunit\u00e0 di fede, chiamate ad essere veramente missionarie, raggiungendo in modo inclusivo tutte le persone - consentendo ai parrocchiani di partecipare attivamente alla missione. <\/p>\n<p>[\/et_pb_text][\/et_pb_column][et_pb_column type=\"2_5&#8243; _builder_version=\"4.27.4&#8243; _module_preset=\"default\" custom_css_main_element=\"margin: auto;\" global_colors_info=\"{}\"][et_pb_image src=\"https:\/\/maristeurope.eu\/wp-content\/uploads\/2024\/12\/432900066_818286756989688_5239500957367663555_n-en-tamano-mediano.jpeg\" title_text=\"432900066_818286756989688_5239500957367663555_n en tama\u00f1o mediano\" _builder_version=\"4.27.4&#8243; _module_preset=\"default\" animation_style=\"slide\" animation_direction=\"right\" animation_duration=\"1500ms\" animation_delay=\"400ms\" border_radii=\"on|50px|50px|50px|50px\" global_colors_info=\"{}\"][\/et_pb_image][\/et_pb_column][\/et_pb_row][\/et_pb_section][et_pb_section fb_built=\"1&#8243; prev_background_color=\"#FFFAF2&#8243; next_background_color=\"#FFFAF2&#8243; _builder_version=\"4.27.4&#8243; _module_preset=\"default\" background_color=\"#FFB703&#8243; background_image=\"https:\/\/maristeurope.eu\/wp-content\/uploads\/2024\/11\/art-therapist-background-01-1.png\" custom_padding=\"6vw||6vw||true|false\" top_divider_style=\"ramp\" top_divider_flip=\"horizontal\" bottom_divider_style=\"wave\" bottom_divider_flip=\"horizontal\" global_colors_info=\"{}\"][et_pb_row _builder_version=\"4.27.4&#8243; _module_preset=\"default\" global_colors_info=\"{}\"][et_pb_column type=\"4_4&#8243; _builder_version=\"4.27.4&#8243; _module_preset=\"default\" global_colors_info=\"{}\"][et_pb_text _builder_version=\"4.27.4&#8243; _module_preset=\"default\" text_text_color=\"#023047&#8243; text_font_size=\"18px\" header_2_text_color=\"#023047&#8243; header_2_font_size=\"32px\" global_colors_info=\"{}\"]<\/p>\n<h2><\/h2>\n<h2><strong>Valori che danno forma alla nostra Missione  <\/strong><\/h2>\n<p>&nbsp;<\/p>\n<p>[\/et_pb_text][\/et_pb_column][\/et_pb_row][et_pb_row column_structure=\"1_3,1_3,1_3&#8243; make_equal=\"on\" _builder_version=\"4.27.4&#8243; _module_preset=\"default\" animation_style=\"slide\" animation_duration=\"1500ms\" animation_delay=\"300ms\" global_colors_info=\"{}\"][et_pb_column type=\"1_3&#8243; _builder_version=\"4.27.4&#8243; _module_preset=\"default\" background_color=\"#023047&#8243; custom_padding=\"40px|20px|40px|20px|true|true\" border_radii=\"on|50px|50px|50px|50px\" global_colors_info=\"{}\"][et_pb_text _builder_version=\"4.27.4&#8243; _module_preset=\"default\" text_text_color=\"#FFFAF2&#8243; text_font_size=\"18px\" global_colors_info=\"{}\"]<\/p>\n<p>vivendo la missione di Cristo<br \/>alla maniera di Maria.<\/p>\n<p>[\/et_pb_text][\/et_pb_column][et_pb_column type=\"1_3&#8243; _builder_version=\"4.27.4&#8243; _module_preset=\"default\" background_color=\"#023047&#8243; custom_padding=\"40px|20px|40px|20px|true|true\" border_radii=\"on|50px|50px|50px|50px\" global_colors_info=\"{}\"][et_pb_text _builder_version=\"4.27.4&#8243; _module_preset=\"default\" text_text_color=\"#FFFAF2&#8243; text_font_size=\"18px\" global_colors_info=\"{}\"]<\/p>\n<p>evangelizzazione e servizio alle persone svantaggiate e ai margini della societ\u00e0<\/p>\n<p>[\/et_pb_text][\/et_pb_column][et_pb_column type=\"1_3&#8243; _builder_version=\"4.27.4&#8243; _module_preset=\"default\" background_color=\"#023047&#8243; custom_padding=\"40px|20px|40px|20px|true|true\" border_radii=\"on|50px|50px|50px|50px\" global_colors_info=\"{}\"][et_pb_text _builder_version=\"4.27.4&#8243; _module_preset=\"default\" text_text_color=\"#FFFAF2&#8243; text_font_size=\"18px\" global_colors_info=\"{}\"]<\/p>\n<p>accogliere e dialogare con persone di altre fedi e non.<\/p>\n<p>[\/et_pb_text][\/et_pb_column][\/et_pb_row][et_pb_row column_structure=\"1_2,1_2&#8243; make_equal=\"on\" _builder_version=\"4.27.4&#8243; _module_preset=\"default\" max_width=\"800px\" animation_style=\"slide\" animation_duration=\"1500ms\" animation_delay=\"600ms\" global_colors_info=\"{}\"][et_pb_column type=\"1_2&#8243; _builder_version=\"4.27.4&#8243; _module_preset=\"default\" background_color=\"#023047&#8243; custom_padding=\"40px|20px|40px|20px|true|true\" border_radii=\"on|50px|50px|50px|50px\" global_colors_info=\"{}\"][et_pb_text _builder_version=\"4.27.4&#8243; _module_preset=\"default\" text_text_color=\"#FFFAF2&#8243; text_font_size=\"18px\" global_colors_info=\"{}\"]<\/p>\n<p>plasmato dall&#8217;insegnamento della giustizia sociale a livello locale e mondiale<\/p>\n<p>[\/et_pb_text][\/et_pb_column][et_pb_column type=\"1_2&#8243; _builder_version=\"4.27.4&#8243; _module_preset=\"default\" background_color=\"#023047&#8243; custom_padding=\"40px|20px|40px|20px|true|true\" border_radii=\"on|50px|50px|50px|50px\" global_colors_info=\"{}\"][et_pb_text _builder_version=\"4.27.4&#8243; _module_preset=\"default\" text_text_color=\"#FFFAF2&#8243; text_font_size=\"18px\" global_colors_info=\"{}\"]<\/p>\n<p>partnership nella missione con colleghi e altre organizzazioni<\/p>\n<p>[\/et_pb_text][\/et_pb_column][\/et_pb_row][\/et_pb_section][et_pb_section fb_built=\"1&#8243; _builder_version=\"4.27.4&#8243; _module_preset=\"default\" background_color=\"#FFFAF2&#8243; background_image=\"https:\/\/maristeurope.eu\/wp-content\/uploads\/2024\/11\/art-therapist-background-02b.png\" background_size=\"contain\" background_position=\"bottom_left\" custom_padding=\"6vw||100px||false|false\" global_colors_info=\"{}\"][et_pb_row column_structure=\"1_2,1_2&#8243; _builder_version=\"4.27.4&#8243; _module_preset=\"default\" global_colors_info=\"{}\"][et_pb_column type=\"1_2&#8243; _builder_version=\"4.27.4&#8243; _module_preset=\"default\" global_colors_info=\"{}\"][et_pb_text _builder_version=\"4.27.4&#8243; _module_preset=\"default\" text_text_color=\"#023047&#8243; text_font_size=\"18px\" header_2_text_color=\"#023047&#8243; header_2_font_size=\"32px\" global_colors_info=\"{}\"]<\/p>\n<p>Costituzioni della Societ\u00e0 di Maria n. 12.<\/p>\n<p>\"<em>La nostra chiamata \u00e8 quella di essere veramente missionari: dobbiamo andare di luogo in luogo, annunciando la parola di Dio, riconciliando, catechizzando, visitando i malati e i carcerati e facendo le opere di misericordia. Ci occupiamo soprattutto dei pi\u00f9 trascurati, dei poveri e di coloro che subiscono ingiustizie. Siamo pronti a svolgere questi compiti ovunque e in qualsiasi momento.  <\/em>\"<\/p>\n<p>[\/et_pb_text][\/et_pb_column][et_pb_column type=\"1_2&#8243; _builder_version=\"4.27.4&#8243; _module_preset=\"default\" global_colors_info=\"{}\"][et_pb_text quote_border_color=\"#FB8500&#8243; _builder_version=\"4.27.4&#8243; _module_preset=\"default\" text_text_color=\"#023047&#8243; text_font_size=\"18px\" header_2_text_color=\"#023047&#8243; header_2_font_size=\"32px\" width=\"300px\" global_colors_info=\"{}\"]<\/p>\n<blockquote>\n<p>  \"Dobbiamo uscire da noi stessi e andare verso la periferia. Dobbiamo evitare la malattia spirituale e diventare autoreferenziali\". Papa Francesco <\/p>\n<\/blockquote>\n<p>[\/et_pb_text][\/et_pb_column][\/et_pb_row][et_pb_row _builder_version=\"4.27.4&#8243; _module_preset=\"default\" global_colors_info=\"{}\"][et_pb_column type=\"4_4&#8243; _builder_version=\"4.27.4&#8243; _module_preset=\"default\" global_colors_info=\"{}\"][et_pb_text _builder_version=\"4.27.4&#8243; _module_preset=\"default\" text_text_color=\"#023047&#8243; text_font_size=\"18px\" header_2_text_color=\"#023047&#8243; header_2_font_size=\"32px\" global_colors_info=\"{}\"]<\/p>\n<h2><strong>Parrocchie, chiese, santuari e luoghi di culto serviti dalle comunit\u00e0 mariste in Europa:<\/strong><\/h2>\n<p>[\/et_pb_text][et_pb_text _builder_version=\"4.27.4&#8243; _module_preset=\"default\" text_text_color=\"#023047&#8243; text_font_size=\"18px\" header_2_text_color=\"#FFFFFF\" header_2_font_size=\"32px\" global_colors_info=\"{}\"]<\/p>\n<div class=\"sjd-locations-grid\"><div class=\"sjd-location-card\">  <div class=\"sjd-card-column sjd-column-name\">      <h2>Passau Votivkirche<\/h2>      <h3>Germany<\/h3>  <\/div>  <div class=\"sjd-card-column sjd-column-description\"><p>Una cappella attraente e accogliente nel centro della citt\u00e0, dove offriamo la celebrazione quotidiana dell'Eucaristia, l'adorazione del Santissimo Sacramento, la preghiera serale e le confessioni. La nostra posizione nella zona pedonale la rende ideale per accogliere le persone che passano di l\u00ec; inoltre, siamo anche sede di colloqui e incontri per vari gruppi di preghiera. <\/p><\/div>  <div class=\"sjd-card-column sjd-column-contact\">      <h3>Contact<\/h3><p>Ludwigstra\u00dfe 25, 94032 Passau, Germany<\/p><p>+49 176 81096327<\/p><p><a href=\"mailto:Maristen.passau@gmail.com\">Maristen.passau@gmail.com<\/a><\/p>  <\/div><\/div><div class=\"sjd-location-card\">  <div class=\"sjd-card-column sjd-column-name\">      <h2>Chiesa dell&#8217;Annunciazione (Walsingham) &amp; chiese a Wells<\/h2>      <h3>England<\/h3>  <\/div>  <div class=\"sjd-card-column sjd-column-description\"><p>Una parrocchia rurale con quattro chiese nella zona costiera del North Norfolk, incentrata sul villaggio di Walsingham. Mentre tre delle chiese servono la comunit\u00e0 locale solo la domenica, la chiesa di Walsingham \u00e8 aperta tutti i giorni per la messa e per i pellegrini che visitano il vicino Santuario Nazionale di Nostra Signora. <\/p><\/div>  <div class=\"sjd-card-column sjd-column-contact\">      <h3>Contact<\/h3><p>Church of the Annunciation, Friday Market, Little Walsingham NR22 6DB<\/p><p>+44 1328 713044<\/p><p><a href=\"https:\/\/www.catholicparishofwalsingham.org\" target=\"_blank\">Visit Website<\/a><\/p><p><a href=\"mailto:annunciation22@gmail.com\">annunciation22@gmail.com<\/a><\/p>  <\/div><\/div><div class=\"sjd-location-card\">  <div class=\"sjd-card-column sjd-column-name\">      <h2>Notre Dame de la Neyli\u00e8re<\/h2>      <h3>France<\/h3>  <\/div>  <div class=\"sjd-card-column sjd-column-description\"><p>La Neyli\u00e8re \u00e8 la nostra foresteria marista dove il nostro Fondatore, Padre Colin, ha vissuto vicino a Lione dal 1854 e ora accoglie persone in cerca di ispirazione per la loro vita. La cappella \u00e8 nota per le sue bellissime vetrate in onore di Maria e della Sacra Famiglia. L'Oratorio pi\u00f9 piccolo, dove \u00e8 sepolto Padre Colin, \u00e8 decorato in stile contemporaneo con un murale che raffigura la vita di Maria e la missione marista oggi. Ogni giorno vengono celebrate le preghiere del mattino e della sera e l'Eucaristia.   <\/p><\/div>  <div class=\"sjd-card-column sjd-column-contact\">      <h3>Contact<\/h3><p>Notre Dame de la Neyli\u00e8re, 828 Route de la Neyli\u00e8re 69590 Pomeys, France<\/p><p>+33 4 78484033<\/p><p><a href=\"https:\/\/www.neyliere.fr\" target=\"_blank\">Visit Website<\/a><\/p><p><a href=\"mailto:accueil@neyliere.fr\">accueil@neyliere.fr<\/a><\/p>  <\/div><\/div><div class=\"sjd-location-card\">  <div class=\"sjd-card-column sjd-column-name\">      <h2>Notre Dame de France (Londra)<\/h2>      <h3>England<\/h3>  <\/div>  <div class=\"sjd-card-column sjd-column-description\"><p>Una bellissima chiesa situata nel centro della citt\u00e0, sede della cappellania cattolica francofona di Londra. Siamo una comunit\u00e0 di fede eterogenea che si sforza di evangelizzare con parole e azioni. Il West End \u00e8 famoso per i suoi teatri, cinema, bar e ristoranti e attira un gran numero di visitatori in cerca di divertimento. Le nostre porte sono aperte per permettere loro di trovare un'oasi di pace e di riflessione nella frenesia della vita. Durante la settimana ci sono la messa quotidiana e la preghiera serale in inglese, aperta a tutti. Nei fine settimana la liturgia \u00e8 in francese.     <\/p><\/div>  <div class=\"sjd-card-column sjd-column-contact\">      <h3>Contact<\/h3><p>5 Leicester Place, London WC2H 7BX, UK<\/p><p>+44 20 7437 9363<\/p><p><a href=\"https:\/\/www.ndfchurch.org\" target=\"_blank\">Visit Website<\/a><\/p><p><a href=\"mailto:info@ndfchurch.org\">info@ndfchurch.org<\/a><\/p>  <\/div><\/div><div class=\"sjd-location-card\">  <div class=\"sjd-card-column sjd-column-name\">      <h2>Parrocchia di Santa Teresa<\/h2>      <h3>Ireland<\/h3>  <\/div>  <div class=\"sjd-card-column sjd-column-description\"><p>La parrocchia di Santa Teresa si trova in una zona difficile della citt\u00e0. Siamo aperti ogni giorno per accogliere le persone che passano. Aspiriamo ad essere una chiesa viva che testimonia il proprio patrimonio spirituale attraverso la centralit\u00e0 della preghiera e del culto e l'impegno per la giustizia sociale. L'Eucaristia quotidiana viene celebrata per la comunit\u00e0 locale e offriamo un ricco programma di attivit\u00e0 spirituali e sociali.   <\/p><\/div>  <div class=\"sjd-card-column sjd-column-contact\">      <h3>Contact<\/h3><p>St. Teresa\u2019s Parish, 78A Donore Avenue, Dublin 8 D08 A06W, Ireland<\/p><p>+353 1 454 2425<\/p><p><a href=\"https:\/\/www.donoreavenueparish.ie\" target=\"_blank\">Visit Website<\/a><\/p><p><a href=\"mailto:info@donoreavenueparish.ie\">info@donoreavenueparish.ie<\/a><\/p>  <\/div><\/div><div class=\"sjd-location-card\">  <div class=\"sjd-card-column sjd-column-name\">      <h2>Cappella Marista di Tolone<\/h2>      <h3>France<\/h3>  <\/div>  <div class=\"sjd-card-column sjd-column-description\"><p>La cappella si trova nella piazza principale nel cuore di Tolone. Il tono pastorale della comunit\u00e0 di fedeli \u00e8 segnato dalla visione marista della Chiesa e dalla chiamata di Papa Francesco alla sinodalit\u00e0. La comunit\u00e0 della cappella \u00e8 composta da 150-200 fedeli che si riuniscono regolarmente per la Messa domenicale, hanno un proprio consiglio di coordinamento, squadre liturgiche, volontari per l'accoglienza e legami attivi con le agenzie diocesane, il Tempio protestante locale e altre comunit\u00e0 religiose.  \n\nEucaristia domenicale: 10.00; Eucaristia settimanale: 12h10, dal luned\u00ec al venerd\u00ec; sacerdoti disponibili per l'accompagnamento e il sacramento della Riconciliazione.<\/p><\/div>  <div class=\"sjd-card-column sjd-column-contact\">      <h3>Contact<\/h3><p>22 rue Victor Clappier, 83000 Toulon, France<\/p><p>+33 4 94 71 5 89<\/p><p><a href=\"mailto:pauldwalsh75@gmail.com\">pauldwalsh75@gmail.com<\/a><\/p>  <\/div><\/div><div class=\"sjd-location-card\">  <div class=\"sjd-card-column sjd-column-name\">      <h2>Santuario della Madonna della Libera (Pratola Peligna)<\/h2>      <h3>Italy<\/h3>  <\/div>  <div class=\"sjd-card-column sjd-column-description\"><p>Il 14 agosto 1924, i Maristi entrarono a Pratola Peligna (Abruzzo) per occuparsi del Santuario e della parrocchia di Santa Maria della Libera. Il paese si trova sulle colline a est di Roma, minacciate da regolari terremoti. L'edificio \u00e8 un magnifico esempio di architettura barocca italiana, recentemente restaurato dopo i danni causati dal terremoto del 2016. La parrocchia ha un forte impegno per la giustizia sociale, in particolare per i detenuti. La messa e le preghiere vengono offerte ogni giorno nella chiesa e c'\u00e8 un programma regolare di devozioni a Santa Maria della Libera.    <\/p><\/div>  <div class=\"sjd-card-column sjd-column-contact\">      <h3>Contact<\/h3><p>Sanctuario Maria Santissima della Libera, Vico Santacroce 3, 67035 Pratola Peligna AQ, Italy<\/p><p>+39 0864 273146\u00a0<\/p><p><a href=\"https:\/\/www.madonnadellalibera.net\" target=\"_blank\">Visit Website<\/a><\/p><p><a href=\"mailto:madonnalibera@virgilio.it\">madonnalibera@virgilio.it<\/a><\/p>  <\/div><\/div><div class=\"sjd-location-card\">  <div class=\"sjd-card-column sjd-column-name\">      <h2>Parrocchia di Santa Francesca Cabrini (Roma)<\/h2>      <h3>Italy<\/h3>  <\/div>  <div class=\"sjd-card-column sjd-column-description\"><p>La chiesa dedicata a Santa Francesca Cabrini, fu costruita alla periferia di Roma in seguito all'Anno Santo del 1950. Fu inaugurata nel 1959. Oggi \u00e8 una vivace comunit\u00e0 di fede con un forte impegno nelle attivit\u00e0 di solidariet\u00e0. Ogni giorno vengono celebrate messe e preghiere nella chiesa. Nel 1969 \u00e8 stata una delle prime parrocchie di Roma ad accogliere il movimento neocatecumenale, che rimane una parte importante della vita parrocchiale.    <\/p><\/div>  <div class=\"sjd-card-column sjd-column-contact\">      <h3>Contact<\/h3><p>: St. Francesca Cabrini Parish, Piazza Massa Carrara 15, 00162 Rome, Italy<\/p><p>+39 06 8604503<\/p><p><a href=\"https:\/\/parrocchiacabrini.it\u00a0\" target=\"_blank\">Visit Website<\/a><\/p><p><a href=\"mailto:parrsfc@gmail.com\">parrsfc@gmail.com<\/a><\/p>  <\/div><\/div><div class=\"sjd-location-card\">  <div class=\"sjd-card-column sjd-column-name\">      <h2>Parrocchia di Madonna delle Grazie del Rivaio<\/h2>      <h3>Italy<\/h3>  <\/div>  <div class=\"sjd-card-column sjd-column-description\"><p>Il Santuario originario della Madonna delle Grazie di Rivaio risale al 1600. Nel 1964 il Santuario del Rivaio \u00e8 diventato una parrocchia a s\u00e9 stante e si trova sulle montagne tra Firenze e Perugia. L'attuale chiesa parrocchiale, a cui sono annesse altre tre chiese, \u00e8 servita da una forte squadra di fedeli laici. La parrocchia offre messe quotidiane, preghiera della Chiesa e rosario. La parrocchia \u00e8 anche il centro di un ricco programma di attivit\u00e0 sociali e spirituali.<\/p><\/div>  <div class=\"sjd-card-column sjd-column-contact\">      <h3>Contact<\/h3><p>Parrocchia Madonna delle Grazie del Vivaio, via Madonna del Rivaio 54, 52043 Castiglion Fiorentino (AR), Italy<\/p><p>+39 0575 658183<\/p><p><a href=\"https:\/\/www.rivaio.it\" target=\"_blank\">Visit Website<\/a><\/p><p><a href=\"mailto:emanueledm@hotmail.com\">emanueledm@hotmail.com<\/a><\/p>  <\/div><\/div><div class=\"sjd-location-card\">  <div class=\"sjd-card-column sjd-column-name\">      <h2>Chiesa di St Mary<\/h2>      <h3>Ireland<\/h3>  <\/div>  <div class=\"sjd-card-column sjd-column-description\"><p>Si trova a Dundalk, in Irlanda, e funge da cappella della scuola marista con messa quotidiana.<\/p><\/div>  <div class=\"sjd-card-column sjd-column-contact\">      <h3>Contact<\/h3><p>St Mary\u2019s Road, Dundalk, Co. Louth A91 A7D5, Ireland<\/p><p>+353 42 933 4019<\/p>  <\/div><\/div><div class=\"sjd-location-card\">  <div class=\"sjd-card-column sjd-column-name\">      <h2>Santuario di Nostra Signora di Lourdes (Torino)<\/h2>      <h3>Italy<\/h3>  <\/div>  <div class=\"sjd-card-column sjd-column-description\"><p>Il Santuario di Nostra Signora di Lourdes in Corso Francia (Torino) fu inaugurato il 22 ottobre 1911. L'abside della chiesa in stile romanico ha la forma della grotta di Lourdes e contiene pietre provenienti dalla roccia originale di Massabielle del santuario di Lourdes. La comunit\u00e0 marista serve il santuario ininterrottamente fino ad oggi. Offre servizi sacramentali, accompagnamento spirituale e, in collaborazione con un gruppo di fedeli laici, sostiene e accoglie i senzatetto e le persone in difficolt\u00e0. La messa e le preghiere sono celebrate ogni giorno nella chiesa.    <\/p><\/div>  <div class=\"sjd-card-column sjd-column-contact\">      <h3>Contact<\/h3><p>Nostra Signora di Lourdes Sanctuary, Corso Francia 29, 10138 Turin, Italy<\/p><p>+39 011 4472368<\/p><p><a href=\"mailto:renatofrappi@gmail.com\">renatofrappi@gmail.com<\/a><\/p>  <\/div><\/div><div class=\"sjd-location-card\">  <div class=\"sjd-card-column sjd-column-name\">      <h2>Parrocchia di San Brendan<\/h2>      <h3>Ireland<\/h3>  <\/div>  <div class=\"sjd-card-column sjd-column-description\"><p>La chiesa parrocchiale si trova nel villaggio di Coolock, un sobborgo di Dublino servito da buoni collegamenti. Nella chiesa viene celebrata una messa quotidiana. La comunit\u00e0 di fedeli \u00e8 relativamente piccola, con circa mille famiglie, ma \u00e8 frequentata anche da persone che vivono in un'area pi\u00f9 ampia. La vitalit\u00e0 della comunit\u00e0 \u00e8 testimoniata dalla grande variet\u00e0 di gruppi all'interno della parrocchia: il Consiglio Pastorale, il Comitato Finanziario, l'equipe per i battesimi, l'equipe per i funerali, il gruppo per la liturgia guidata dai laici, i ministri dell'Eucaristia, i ministri della Parola, i musicisti e i cantanti, la Societ\u00e0 di San Vincenzo de' Paoli, il gruppo per la cura del pianeta, per non parlare di tutti i gruppi che utilizzano il centro parrocchiale.   <\/p><\/div>  <div class=\"sjd-card-column sjd-column-contact\">      <h3>Contact<\/h3><p>St Brendan\u2019s Church, Coolock Village, Dublin 5 D05 XK51, Ireland<\/p><p>+353 1 848 0102<\/p><p><a href=\"https:\/\/www.stbrendanscoolock.org\" target=\"_blank\">Visit Website<\/a><\/p><p><a href=\"mailto:office@stbrendanscoolock.org\">office@stbrendanscoolock.org<\/a><\/p>  <\/div><\/div><\/div>\n<p>[\/et_pb_text][\/et_pb_column][\/et_pb_row][\/et_pb_section]<\/p>\n","protected":false},"excerpt":{"rendered":"<p>[et_pb_section fb_built=\"1&#8243; _builder_version=\"4.27.4&#8243; _module_preset=\"default\" use_background_color_gradient=\"on\" background_color_gradient_stops=\"rgba(2,48,71,0.2) 0%|rgba(2,48,71,0.4) 100%\" background_color_gradient_overlays_image=\"on\" background_image=\"https:\/\/maristeurope.eu\/wp-content\/uploads\/2025\/02\/parishes-and-churches-header.jpg\" background_enable_video_mp4=\"off\" custom_padding=\"16vw||4vw||false|false\" bottom_divider_style=\"ramp2&#8243; bottom_divider_color=\"#FFFAF2&#8243; bottom_divider_flip=\"horizontal\" hover_enabled=\"0&#8243; global_colors_info=\"{}\" title_text=\"parishes and churches header\" sticky_enabled=\"0&#8243;][et_pb_row column_structure=\"2_3,1_3&#8243; make_equal=\"on\" _builder_version=\"4.27.4&#8243; _module_preset=\"default\" background_enable_color=\"off\" custom_padding=\"0px|40px|0px|40px|true|true\" animation_style=\"fade\" animation_duration=\"1500ms\" animation_delay=\"200ms\" global_colors_info=\"{}\"][et_pb_column type=\"2_3&#8243; _builder_version=\"4.27.4&#8243; _module_preset=\"default\" custom_css_main_element=\"margin: auto;\" global_colors_info=\"{}\"][et_pb_text _builder_version=\"4.27.4&#8243; _module_preset=\"default\" header_font=\"|600||on|||||\" header_text_color=\"#FFFFFF\" header_font_size=\"4rem\" header_letter_spacing=\"4px\" header_2_text_color=\"#219EBC\" header_2_font_size=\"3.5rem\" custom_margin=\"20px||20px||true|false\" global_colors_info=\"{}\"] Parrocchie e chiese [\/et_pb_text][\/et_pb_column][et_pb_column type=\"1_3&#8243; _builder_version=\"4.27.2&#8243; _module_preset=\"default\" [&hellip;]<\/p>\n","protected":false},"author":1,"featured_media":0,"parent":2258,"menu_order":0,"comment_status":"closed","ping_status":"closed","template":"","meta":{"_et_pb_use_builder":"on","_et_pb_old_content":"","_et_gb_content_width":"","footnotes":""},"class_list":["post-3494","page","type-page","status-publish","hentry"],"yoast_head":"<!-- This site is optimized with the Yoast SEO plugin v27.5 - https:\/\/yoast.com\/product\/yoast-seo-wordpress\/ -->\n<title>Parrocchie e chiese - Marist Europe<\/title>\n<meta name=\"robots\" content=\"index, follow, max-snippet:-1, max-image-preview:large, max-video-preview:-1\" \/>\n<link rel=\"canonical\" href=\"https:\/\/maristeurope.eu\/it\/missione\/parrocchie-e-chiese\/\" \/>\n<meta property=\"og:locale\" content=\"it_IT\" \/>\n<meta property=\"og:type\" content=\"article\" \/>\n<meta property=\"og:title\" content=\"Parrocchie e chiese - Marist Europe\" \/>\n<meta property=\"og:description\" content=\"[et_pb_section fb_built=&quot;1&#8243; _builder_version=&quot;4.27.4&#8243; _module_preset=&quot;default&quot; use_background_color_gradient=&quot;on&quot; background_color_gradient_stops=&quot;rgba(2,48,71,0.2) 0%|rgba(2,48,71,0.4) 100%&quot; background_color_gradient_overlays_image=&quot;on&quot; background_image=&quot;https:\/\/maristeurope.eu\/wp-content\/uploads\/2025\/02\/parishes-and-churches-header.jpg&quot; background_enable_video_mp4=&quot;off&quot; custom_padding=&quot;16vw||4vw||false|false&quot; bottom_divider_style=&quot;ramp2&#8243; bottom_divider_color=&quot;#FFFAF2&#8243; bottom_divider_flip=&quot;horizontal&quot; hover_enabled=&quot;0&#8243; global_colors_info=&quot;{}&quot; title_text=&quot;parishes and churches header&quot; sticky_enabled=&quot;0&#8243;][et_pb_row column_structure=&quot;2_3,1_3&#8243; make_equal=&quot;on&quot; _builder_version=&quot;4.27.4&#8243; _module_preset=&quot;default&quot; background_enable_color=&quot;off&quot; custom_padding=&quot;0px|40px|0px|40px|true|true&quot; animation_style=&quot;fade&quot; animation_duration=&quot;1500ms&quot; animation_delay=&quot;200ms&quot; global_colors_info=&quot;{}&quot;][et_pb_column type=&quot;2_3&#8243; _builder_version=&quot;4.27.4&#8243; _module_preset=&quot;default&quot; custom_css_main_element=&quot;margin: auto;&quot; global_colors_info=&quot;{}&quot;][et_pb_text _builder_version=&quot;4.27.4&#8243; _module_preset=&quot;default&quot; header_font=&quot;|600||on|||||&quot; header_text_color=&quot;#FFFFFF&quot; header_font_size=&quot;4rem&quot; header_letter_spacing=&quot;4px&quot; header_2_text_color=&quot;#219EBC&quot; header_2_font_size=&quot;3.5rem&quot; custom_margin=&quot;20px||20px||true|false&quot; global_colors_info=&quot;{}&quot;] Parrocchie e chiese [\/et_pb_text][\/et_pb_column][et_pb_column type=&quot;1_3&#8243; _builder_version=&quot;4.27.2&#8243; _module_preset=&quot;default&quot; [&hellip;]\" \/>\n<meta property=\"og:url\" content=\"https:\/\/maristeurope.eu\/it\/missione\/parrocchie-e-chiese\/\" \/>\n<meta property=\"og:site_name\" content=\"Marist Europe\" \/>\n<meta property=\"article:modified_time\" content=\"2025-02-12T11:34:03+00:00\" \/>\n<meta name=\"twitter:card\" content=\"summary_large_image\" \/>\n<meta name=\"twitter:label1\" content=\"Tempo di lettura stimato\" \/>\n\t<meta name=\"twitter:data1\" content=\"7 minuto\" \/>\n<script type=\"application\/ld+json\" class=\"yoast-schema-graph\">{\"@context\":\"https:\\\/\\\/schema.org\",\"@graph\":[{\"@type\":\"WebPage\",\"@id\":\"https:\\\/\\\/maristeurope.eu\\\/it\\\/missione\\\/parrocchie-e-chiese\\\/\",\"url\":\"https:\\\/\\\/maristeurope.eu\\\/it\\\/missione\\\/parrocchie-e-chiese\\\/\",\"name\":\"Parrocchie e chiese - Marist Europe\",\"isPartOf\":{\"@id\":\"https:\\\/\\\/maristeurope.eu\\\/it\\\/#website\"},\"datePublished\":\"2024-12-19T10:21:51+00:00\",\"dateModified\":\"2025-02-12T11:34:03+00:00\",\"breadcrumb\":{\"@id\":\"https:\\\/\\\/maristeurope.eu\\\/it\\\/missione\\\/parrocchie-e-chiese\\\/#breadcrumb\"},\"inLanguage\":\"it-IT\",\"potentialAction\":[{\"@type\":\"ReadAction\",\"target\":[\"https:\\\/\\\/maristeurope.eu\\\/it\\\/missione\\\/parrocchie-e-chiese\\\/\"]}]},{\"@type\":\"BreadcrumbList\",\"@id\":\"https:\\\/\\\/maristeurope.eu\\\/it\\\/missione\\\/parrocchie-e-chiese\\\/#breadcrumb\",\"itemListElement\":[{\"@type\":\"ListItem\",\"position\":1,\"name\":\"Home\",\"item\":\"https:\\\/\\\/maristeurope.eu\\\/it\\\/maristi\\\/\"},{\"@type\":\"ListItem\",\"position\":2,\"name\":\"Missione\",\"item\":\"https:\\\/\\\/maristeurope.eu\\\/it\\\/missione\\\/\"},{\"@type\":\"ListItem\",\"position\":3,\"name\":\"Parrocchie e chiese\"}]},{\"@type\":\"WebSite\",\"@id\":\"https:\\\/\\\/maristeurope.eu\\\/it\\\/#website\",\"url\":\"https:\\\/\\\/maristeurope.eu\\\/it\\\/\",\"name\":\"Marist Europe\",\"description\":\"\",\"publisher\":{\"@id\":\"https:\\\/\\\/maristeurope.eu\\\/it\\\/#organization\"},\"potentialAction\":[{\"@type\":\"SearchAction\",\"target\":{\"@type\":\"EntryPoint\",\"urlTemplate\":\"https:\\\/\\\/maristeurope.eu\\\/it\\\/?s={search_term_string}\"},\"query-input\":{\"@type\":\"PropertyValueSpecification\",\"valueRequired\":true,\"valueName\":\"search_term_string\"}}],\"inLanguage\":\"it-IT\"},{\"@type\":\"Organization\",\"@id\":\"https:\\\/\\\/maristeurope.eu\\\/it\\\/#organization\",\"name\":\"Marist Europe\",\"url\":\"https:\\\/\\\/maristeurope.eu\\\/it\\\/\",\"logo\":{\"@type\":\"ImageObject\",\"inLanguage\":\"it-IT\",\"@id\":\"https:\\\/\\\/maristeurope.eu\\\/it\\\/#\\\/schema\\\/logo\\\/image\\\/\",\"url\":\"https:\\\/\\\/maristeurope.eu\\\/wp-content\\\/uploads\\\/2024\\\/10\\\/EU-SM-Finalogo-02.png\",\"contentUrl\":\"https:\\\/\\\/maristeurope.eu\\\/wp-content\\\/uploads\\\/2024\\\/10\\\/EU-SM-Finalogo-02.png\",\"width\":150,\"height\":156,\"caption\":\"Marist Europe\"},\"image\":{\"@id\":\"https:\\\/\\\/maristeurope.eu\\\/it\\\/#\\\/schema\\\/logo\\\/image\\\/\"}}]}<\/script>\n<!-- \/ Yoast SEO plugin. -->","yoast_head_json":{"title":"Parrocchie e chiese - Marist Europe","robots":{"index":"index","follow":"follow","max-snippet":"max-snippet:-1","max-image-preview":"max-image-preview:large","max-video-preview":"max-video-preview:-1"},"canonical":"https:\/\/maristeurope.eu\/it\/missione\/parrocchie-e-chiese\/","og_locale":"it_IT","og_type":"article","og_title":"Parrocchie e chiese - Marist Europe","og_description":"[et_pb_section fb_built=\"1&#8243; _builder_version=\"4.27.4&#8243; _module_preset=\"default\" use_background_color_gradient=\"on\" background_color_gradient_stops=\"rgba(2,48,71,0.2) 0%|rgba(2,48,71,0.4) 100%\" background_color_gradient_overlays_image=\"on\" background_image=\"https:\/\/maristeurope.eu\/wp-content\/uploads\/2025\/02\/parishes-and-churches-header.jpg\" background_enable_video_mp4=\"off\" custom_padding=\"16vw||4vw||false|false\" bottom_divider_style=\"ramp2&#8243; bottom_divider_color=\"#FFFAF2&#8243; bottom_divider_flip=\"horizontal\" hover_enabled=\"0&#8243; global_colors_info=\"{}\" title_text=\"parishes and churches header\" sticky_enabled=\"0&#8243;][et_pb_row column_structure=\"2_3,1_3&#8243; make_equal=\"on\" _builder_version=\"4.27.4&#8243; _module_preset=\"default\" background_enable_color=\"off\" custom_padding=\"0px|40px|0px|40px|true|true\" animation_style=\"fade\" animation_duration=\"1500ms\" animation_delay=\"200ms\" global_colors_info=\"{}\"][et_pb_column type=\"2_3&#8243; _builder_version=\"4.27.4&#8243; _module_preset=\"default\" custom_css_main_element=\"margin: auto;\" global_colors_info=\"{}\"][et_pb_text _builder_version=\"4.27.4&#8243; _module_preset=\"default\" header_font=\"|600||on|||||\" header_text_color=\"#FFFFFF\" header_font_size=\"4rem\" header_letter_spacing=\"4px\" header_2_text_color=\"#219EBC\" header_2_font_size=\"3.5rem\" custom_margin=\"20px||20px||true|false\" global_colors_info=\"{}\"] Parrocchie e chiese [\/et_pb_text][\/et_pb_column][et_pb_column type=\"1_3&#8243; _builder_version=\"4.27.2&#8243; _module_preset=\"default\" [&hellip;]","og_url":"https:\/\/maristeurope.eu\/it\/missione\/parrocchie-e-chiese\/","og_site_name":"Marist Europe","article_modified_time":"2025-02-12T11:34:03+00:00","twitter_card":"summary_large_image","twitter_misc":{"Tempo di lettura stimato":"7 minuto"},"schema":{"@context":"https:\/\/schema.org","@graph":[{"@type":"WebPage","@id":"https:\/\/maristeurope.eu\/it\/missione\/parrocchie-e-chiese\/","url":"https:\/\/maristeurope.eu\/it\/missione\/parrocchie-e-chiese\/","name":"Parrocchie e chiese - Marist Europe","isPartOf":{"@id":"https:\/\/maristeurope.eu\/it\/#website"},"datePublished":"2024-12-19T10:21:51+00:00","dateModified":"2025-02-12T11:34:03+00:00","breadcrumb":{"@id":"https:\/\/maristeurope.eu\/it\/missione\/parrocchie-e-chiese\/#breadcrumb"},"inLanguage":"it-IT","potentialAction":[{"@type":"ReadAction","target":["https:\/\/maristeurope.eu\/it\/missione\/parrocchie-e-chiese\/"]}]},{"@type":"BreadcrumbList","@id":"https:\/\/maristeurope.eu\/it\/missione\/parrocchie-e-chiese\/#breadcrumb","itemListElement":[{"@type":"ListItem","position":1,"name":"Home","item":"https:\/\/maristeurope.eu\/it\/maristi\/"},{"@type":"ListItem","position":2,"name":"Missione","item":"https:\/\/maristeurope.eu\/it\/missione\/"},{"@type":"ListItem","position":3,"name":"Parrocchie e chiese"}]},{"@type":"WebSite","@id":"https:\/\/maristeurope.eu\/it\/#website","url":"https:\/\/maristeurope.eu\/it\/","name":"Marist Europe","description":"","publisher":{"@id":"https:\/\/maristeurope.eu\/it\/#organization"},"potentialAction":[{"@type":"SearchAction","target":{"@type":"EntryPoint","urlTemplate":"https:\/\/maristeurope.eu\/it\/?s={search_term_string}"},"query-input":{"@type":"PropertyValueSpecification","valueRequired":true,"valueName":"search_term_string"}}],"inLanguage":"it-IT"},{"@type":"Organization","@id":"https:\/\/maristeurope.eu\/it\/#organization","name":"Marist Europe","url":"https:\/\/maristeurope.eu\/it\/","logo":{"@type":"ImageObject","inLanguage":"it-IT","@id":"https:\/\/maristeurope.eu\/it\/#\/schema\/logo\/image\/","url":"https:\/\/maristeurope.eu\/wp-content\/uploads\/2024\/10\/EU-SM-Finalogo-02.png","contentUrl":"https:\/\/maristeurope.eu\/wp-content\/uploads\/2024\/10\/EU-SM-Finalogo-02.png","width":150,"height":156,"caption":"Marist Europe"},"image":{"@id":"https:\/\/maristeurope.eu\/it\/#\/schema\/logo\/image\/"}}]}},"_links":{"self":[{"href":"https:\/\/maristeurope.eu\/it\/wp-json\/wp\/v2\/pages\/3494","targetHints":{"allow":["GET"]}}],"collection":[{"href":"https:\/\/maristeurope.eu\/it\/wp-json\/wp\/v2\/pages"}],"about":[{"href":"https:\/\/maristeurope.eu\/it\/wp-json\/wp\/v2\/types\/page"}],"author":[{"embeddable":true,"href":"https:\/\/maristeurope.eu\/it\/wp-json\/wp\/v2\/users\/1"}],"replies":[{"embeddable":true,"href":"https:\/\/maristeurope.eu\/it\/wp-json\/wp\/v2\/comments?post=3494"}],"version-history":[{"count":3,"href":"https:\/\/maristeurope.eu\/it\/wp-json\/wp\/v2\/pages\/3494\/revisions"}],"predecessor-version":[{"id":3794,"href":"https:\/\/maristeurope.eu\/it\/wp-json\/wp\/v2\/pages\/3494\/revisions\/3794"}],"up":[{"embeddable":true,"href":"https:\/\/maristeurope.eu\/it\/wp-json\/wp\/v2\/pages\/2258"}],"wp:attachment":[{"href":"https:\/\/maristeurope.eu\/it\/wp-json\/wp\/v2\/media?parent=3494"}],"curies":[{"name":"wp","href":"https:\/\/api.w.org\/{rel}","templated":true}]}}