{"id":3432,"date":"2024-12-19T11:27:23","date_gmt":"2024-12-19T10:27:23","guid":{"rendered":"https:\/\/marist.sjdigitaldemo.ovh\/chi-siamo\/padre-jean-claude-colin\/"},"modified":"2025-04-15T14:24:28","modified_gmt":"2025-04-15T12:24:28","slug":"padre-jean-claude-colin","status":"publish","type":"page","link":"https:\/\/maristeurope.eu\/it\/chi-siamo\/padre-jean-claude-colin\/","title":{"rendered":"Padre Jean-Claude Colin"},"content":{"rendered":"<p>[et_pb_section fb_built=\"1&#8243; admin_label=\"Secci\u00f3n\" _builder_version=\"4.27.4&#8243; _module_preset=\"default\" use_background_color_gradient=\"on\" background_color_gradient_stops=\"rgba(2,48,71,0.2) 0%|rgba(2,48,71,0.4) 100%\" background_color_gradient_overlays_image=\"on\" background_image=\"https:\/\/maristeurope.eu\/wp-content\/uploads\/2025\/01\/Father-Jean-Claude-Colin-header-image.jpg\" background_enable_video_mp4=\"off\" custom_padding=\"16vw||12vw||false|false\" bottom_divider_style=\"ramp2&#8243; bottom_divider_color=\"#FFFAF2&#8243; bottom_divider_flip=\"horizontal\" global_colors_info=\"{}\"][et_pb_row make_equal=\"on\" _builder_version=\"4.27.4&#8243; _module_preset=\"default\" background_enable_color=\"off\" custom_padding=\"0px|40px|0px|40px|true|true\" animation_style=\"fade\" animation_duration=\"1500ms\" animation_delay=\"200ms\" global_colors_info=\"{}\"][et_pb_column type=\"4_4&#8243; _builder_version=\"4.27.2&#8243; _module_preset=\"default\" global_colors_info=\"{}\"][et_pb_text _builder_version=\"4.27.4&#8243; _module_preset=\"default\" header_font=\"|600||on|||||\" header_text_color=\"#FFFFFF\" header_font_size=\"4rem\" header_letter_spacing=\"4px\" header_2_text_color=\"#219EBC\" header_2_font_size=\"3.5rem\" custom_margin=\"20px||20px||true|false\" global_colors_info=\"{}\"]<\/p>\n<h1>Padre Jean-Claude Colin<\/h1>\n<p>[\/et_pb_text][\/et_pb_column][\/et_pb_row][\/et_pb_section][et_pb_section fb_built=\"1&#8243; _builder_version=\"4.27.4&#8243; _module_preset=\"default\" background_color=\"#FFFAF2&#8243; background_image=\"https:\/\/maristeurope.eu\/wp-content\/uploads\/2024\/11\/Fondo-de-_DSC3323-copia-eliminado.png\" background_size=\"contain\" background_position=\"center_left\" background_blend=\"soft-light\" custom_padding=\"6vw||6vw||true|false\" locked=\"off\" global_colors_info=\"{}\"][et_pb_row column_structure=\"2_3,1_3&#8243; make_equal=\"on\" _builder_version=\"4.27.2&#8243; _module_preset=\"default\" background_enable_color=\"off\" background_enable_image=\"off\" custom_padding=\"||||false|false\" global_colors_info=\"{}\"][et_pb_column type=\"2_3&#8243; _builder_version=\"4.27.2&#8243; _module_preset=\"default\" animation_style=\"fade\" animation_duration=\"1500ms\" animation_delay=\"200ms\" custom_css_main_element=\"margin: auto auto;\" global_colors_info=\"{}\"][et_pb_text _builder_version=\"4.27.4&#8243; _module_preset=\"default\" text_text_color=\"#023047&#8243; text_font_size=\"20px\" global_colors_info=\"{}\"]<\/p>\n<p><span><strong>Padre Jean-Claude Colin<\/strong> (1790-1875) fu il fondatore della Societ\u00e0 di Maria (Maristi), un uomo dalla fede profonda e dalla tranquilla determinazione che dedic\u00f2 la sua vita a diffondere il Vangelo nello spirito di Maria. Nato all&#8217;indomani della Rivoluzione francese, un&#8217;epoca di tumulti e cambiamenti, Colin immagin\u00f2 una missione caratterizzata da <strong>umilt\u00e0, semplicit\u00e0 e compassione<\/strong>. Ispirato dal ruolo di Maria nella Chiesa primitiva, cerc\u00f2 di emulare il suo sostegno silenzioso ma incrollabile alla missione di Cristo, creando una famiglia religiosa che portasse speranza e assistenza ai pi\u00f9 emarginati. La sua eredit\u00e0 continua a ispirare i maristi di tutto il mondo a vivere la loro fede con lo stesso spirito di dedizione e servizio.   <\/span><\/p>\n<p>[\/et_pb_text][\/et_pb_column][et_pb_column type=\"1_3&#8243; _builder_version=\"4.27.2&#8243; _module_preset=\"default\" animation_style=\"slide\" animation_direction=\"right\" animation_duration=\"1500ms\" animation_delay=\"500ms\" global_colors_info=\"{}\"][et_pb_image src=\"https:\/\/maristeurope.eu\/wp-content\/uploads\/2024\/12\/JCC_icon_I_Mb.jpg\" title_text=\"JCC_icon_I_Mb\" _builder_version=\"4.27.4&#8243; _module_preset=\"default\" max_width=\"220px\" border_radii=\"on|50px|50px|50px|50px\" global_colors_info=\"{}\"][\/et_pb_image][\/et_pb_column][\/et_pb_row][\/et_pb_section][et_pb_section fb_built=\"1&#8243; prev_background_color=\"#FFFAF2&#8243; _builder_version=\"4.27.4&#8243; _module_preset=\"default\" background_color=\"#023047&#8243; background_enable_image=\"off\" background_size=\"contain\" background_blend=\"soft-light\" background_enable_pattern_style=\"on\" background_pattern_style=\"confetti\" background_pattern_color=\"rgba(0,0,0,0.05)\" custom_padding=\"6vw||12vw||false|false\" top_divider_style=\"wave2&#8243; bottom_divider_style=\"wave2&#8243; bottom_divider_color=\"#FFFAF2&#8243; bottom_divider_flip=\"horizontal\" bottom_divider_arrangement=\"above_content\" global_colors_info=\"{}\"][et_pb_row column_structure=\"1_4,3_4&#8243; make_equal=\"on\" _builder_version=\"4.27.2&#8243; _module_preset=\"default\" custom_padding=\"0px||0px||false|false\" animation_style=\"slide\" animation_duration=\"1500ms\" animation_delay=\"200ms\" global_colors_info=\"{}\"][et_pb_column type=\"1_4&#8243; _builder_version=\"4.27.2&#8243; _module_preset=\"default\" border_width_right=\"4px\" border_color_right=\"#FFB703&#8243; global_colors_info=\"{}\"][et_pb_text _builder_version=\"4.27.4&#8243; _module_preset=\"default\" text_font=\"|600|||||||\" text_text_color=\"#023047&#8243; text_font_size=\"1.2rem\" text_line_height=\"1em\" header_3_font=\"-et_global_body_font|800|||||||\" header_3_text_color=\"#FFFAF2&#8243; header_3_font_size=\"2rem\" background_color=\"#FFB703&#8243; text_orientation=\"right\" custom_margin=\"||20px||false|false\" custom_padding=\"20px|40px|20px||true|false\" border_radii=\"off|30px|||30px\" border_width_right=\"4px\" border_color_right=\"#FFB703&#8243; global_colors_info=\"{}\"]<\/p>\n<h3>1790<\/h3>\n<p>7 agosto<\/p>\n<p>[\/et_pb_text][\/et_pb_column][et_pb_column type=\"3_4&#8243; _builder_version=\"4.27.2&#8243; _module_preset=\"default\" global_colors_info=\"{}\"][et_pb_text _builder_version=\"4.27.4&#8243; _module_preset=\"default\" text_text_color=\"#FFFAF2&#8243; text_font_size=\"2rem\" custom_padding=\"20px||||false|false\" global_colors_info=\"{}\"]<\/p>\n<p><span class=\"NormalTextRun SCXW29862278 BCX0\">La nascita di <\/span><strong><span class=\"NormalTextRun SCXW29862278 BCX0\">Jean-Claude <\/span><span class=\"NormalTextRun SCXW29862278 BCX0\">Colin<\/span><\/strong><\/p>\n<p>[\/et_pb_text][et_pb_text _builder_version=\"4.27.4&#8243; _module_preset=\"default\" text_text_color=\"#023047&#8243; text_font_size=\"16px\" background_color=\"#8ECAE6&#8243; max_width=\"600px\" custom_margin=\"||40px|0px|false|false\" custom_padding=\"40px|20px|40px|20px|true|true\" animation_style=\"fade\" animation_duration=\"1500ms\" animation_delay=\"400ms\" border_radii=\"on|50px|50px|50px|50px\" global_colors_info=\"{}\"]<\/p>\n<p><span data-contrast=\"auto\">Era un ragazzo tranquillo di una piccola frazione di Barbery, situata in una foresta nella regione del Beaujolais, nella Francia centrale, mentre infuriava la Rivoluzione Francese. All&#8217;et\u00e0 di cinque anni rimase orfano, non per violenza ma per la malattia e la morte prematura dei genitori. Cresciuto dallo zio, la <strong>vita a St Bonnet le Troncy era semplice<\/strong>: serviva la messa nella chiesa parrocchiale, badava alle mucche nei campi e non si allontanava mai dalla tranquilla foresta di Barbery.  <\/span><span data-ccp-props=\"{}\"> <\/span><\/p>\n<p>[\/et_pb_text][et_pb_image src=\"https:\/\/maristeurope.eu\/wp-content\/uploads\/2024\/12\/4-NEW-0714-Barbery-forest-05.jpg\" title_text=\"4-NEW-0714-Barbery-forest-05&#8243; _builder_version=\"4.27.4&#8243; _module_preset=\"default\" width=\"50%\" animation_style=\"fade\" animation_duration=\"2000ms\" animation_delay=\"600ms\" border_radii=\"on|50px|50px|50px|50px\" global_colors_info=\"{}\"][\/et_pb_image][\/et_pb_column][\/et_pb_row][et_pb_row column_structure=\"1_4,3_4&#8243; make_equal=\"on\" _builder_version=\"4.27.2&#8243; _module_preset=\"default\" custom_padding=\"0px||0px||false|false\" animation_style=\"slide\" animation_duration=\"1500ms\" animation_delay=\"200ms\" global_colors_info=\"{}\"][et_pb_column type=\"1_4&#8243; _builder_version=\"4.27.2&#8243; _module_preset=\"default\" border_width_right=\"4px\" border_color_right=\"#FFB703&#8243; global_colors_info=\"{}\"][et_pb_text _builder_version=\"4.27.4&#8243; _module_preset=\"default\" text_font=\"|600|||||||\" text_text_color=\"#023047&#8243; text_font_size=\"1.2rem\" text_line_height=\"1em\" header_3_font=\"-et_global_body_font|800|||||||\" header_3_text_color=\"#FFFAF2&#8243; header_3_font_size=\"2rem\" background_color=\"#FFB703&#8243; text_orientation=\"right\" custom_margin=\"||20px||false|false\" custom_padding=\"20px|40px|20px||true|false\" border_radii=\"off|30px|||30px\" border_width_right=\"4px\" border_color_right=\"#FFB703&#8243; global_colors_info=\"{}\"]<\/p>\n<h3>1804<\/h3>\n<p>[\/et_pb_text][\/et_pb_column][et_pb_column type=\"3_4&#8243; _builder_version=\"4.27.2&#8243; _module_preset=\"default\" global_colors_info=\"{}\"][et_pb_text _builder_version=\"4.27.4&#8243; _module_preset=\"default\" text_text_color=\"#FFFAF2&#8243; text_font_size=\"2rem\" custom_padding=\"20px||||false|false\" global_colors_info=\"{}\"]<\/p>\n<p><span class=\"NormalTextRun SCXW90192909 BCX0\">Se<\/span><span class=\"NormalTextRun SCXW90192909 BCX0\">istruzione secondaria e anni <strong>se<\/strong><\/span><strong><span class=\"NormalTextRun SCXW90192909 BCX0\">anni di universit\u00e0<\/span><\/strong><\/p>\n<p>[\/et_pb_text][et_pb_text _builder_version=\"4.27.4&#8243; _module_preset=\"default\" text_text_color=\"#023047&#8243; text_font_size=\"16px\" background_color=\"#8ECAE6&#8243; max_width=\"600px\" custom_margin=\"||40px|0px|false|false\" custom_padding=\"40px|20px|40px|20px|true|true\" animation_style=\"fade\" animation_duration=\"1500ms\" animation_delay=\"400ms\" border_radii=\"on|50px|50px|50px|50px\" global_colors_info=\"{}\"]<\/p>\n<p><span data-contrast=\"auto\"><span data-contrast=\"auto\" xml:lang=\"EN-GB\" lang=\"EN-GB\" class=\"TextRun SCXW245251116 BCX0\"><span class=\"NormalTextRun SCXW245251116 BCX0\">All&#8217;et\u00e0 di quattordici anni Jean-Claude <strong>entr\u00f2 nel seminario minore di St. <\/strong><\/span><strong><span class=\"NormalTextRun SpellingErrorV2Themed SCXW245251116 BCX0\">Jodard<\/span><\/strong><span class=\"NormalTextRun SCXW245251116 BCX0\">, una scuola secondaria per ragazzi che si preparano al sacerdozio, sperando di trascorrere una vita di preghiera tranquilla in un ministero gentile. Nonostante   <\/span><span class=\"NormalTextRun SCXW245251116 BCX0\">alcuni problemi di salute,<\/span><span class=\"NormalTextRun SCXW245251116 BCX0\"> Jean-Claude ha affrontato gli studi senza difficolt\u00e0 ed \u00e8 stato tra i migliori studenti.<\/span><span class=\"NormalTextRun SCXW245251116 BCX0\"> <\/span><span class=\"NormalTextRun SCXW245251116 BCX0\">Alla fine dell&#8217;estate del 1813<strong> Jean-Claude part\u00ec per il seminario maggiore di Sant&#8217;Ireneo a Lione<\/strong> per gli ultimi anni di preparazione al sacerdozio.<\/span><\/span>.<\/span><span data-ccp-props=\"{}\"> <\/span><\/p>\n<p>[\/et_pb_text][\/et_pb_column][\/et_pb_row][et_pb_row column_structure=\"1_4,3_4&#8243; make_equal=\"on\" _builder_version=\"4.27.2&#8243; _module_preset=\"default\" custom_padding=\"0px||0px||false|false\" animation_style=\"slide\" animation_duration=\"1500ms\" animation_delay=\"200ms\" global_colors_info=\"{}\"][et_pb_column type=\"1_4&#8243; _builder_version=\"4.27.2&#8243; _module_preset=\"default\" border_width_right=\"4px\" border_color_right=\"#FFB703&#8243; global_colors_info=\"{}\"][et_pb_text _builder_version=\"4.27.4&#8243; _module_preset=\"default\" text_font=\"|600|||||||\" text_text_color=\"#023047&#8243; text_font_size=\"1.2rem\" text_line_height=\"1em\" header_3_font=\"-et_global_body_font|800|||||||\" header_3_text_color=\"#FFFAF2&#8243; header_3_font_size=\"2rem\" background_color=\"#FFB703&#8243; text_orientation=\"right\" custom_margin=\"||20px||false|false\" custom_padding=\"20px|40px|20px||true|false\" border_radii=\"off|30px|||30px\" border_width_right=\"4px\" border_color_right=\"#FFB703&#8243; global_colors_info=\"{}\"]<\/p>\n<h3>1816<\/h3>\n<p>[\/et_pb_text][\/et_pb_column][et_pb_column type=\"3_4&#8243; _builder_version=\"4.27.2&#8243; _module_preset=\"default\" global_colors_info=\"{}\"][et_pb_text _builder_version=\"4.27.4&#8243; _module_preset=\"default\" text_text_color=\"#FFFAF2&#8243; text_font_size=\"2rem\" custom_padding=\"20px||||false|false\" global_colors_info=\"{}\"]<\/p>\n<p><span data-contrast=\"auto\" xml:lang=\"EN-GB\" lang=\"EN-GB\" class=\"TextRun MacChromeBold SCXW246171443 BCX0\"><span class=\"NormalTextRun SCXW246171443 BCX0\">Visione e promessa: <strong>l&#8217;impegno di Fourvi\u00e8re<\/strong><\/span><\/span><\/p>\n<p>[\/et_pb_text][et_pb_text _builder_version=\"4.27.4&#8243; _module_preset=\"default\" text_text_color=\"#023047&#8243; text_font_size=\"16px\" background_color=\"#8ECAE6&#8243; max_width=\"600px\" custom_margin=\"||40px|0px|false|false\" custom_padding=\"40px|20px|40px|20px|true|true\" animation_style=\"fade\" animation_duration=\"1500ms\" animation_delay=\"400ms\" border_radii=\"on|50px|50px|50px|50px\" global_colors_info=\"{}\"]<\/p>\n<p><span data-contrast=\"auto\">In seminario incontr\u00f2 Jean-Claude Courveille, un compagno di seminario che gli parl\u00f2 di un incontro sorprendente con la Beata Vergine. <strong>Maria gli aveva parlato nel santuario della cattedrale di Le Puy e gli aveva espresso il desiderio di una congregazione religiosa che portasse il suo nome: Marist<\/strong>. Insieme a una dozzina di altri giovani, fu attratto dal progetto di una Societ\u00e0: un albero con diversi rami, che unisce sacerdoti, suore, fratelli e laici. <\/span><span data-ccp-props=\"{}\"> <\/span><\/p>\n<p><span data-contrast=\"auto\">Il 23<\/span><span data-contrast=\"auto\">rd<\/span><span data-contrast=\"auto\">  Nel mese di luglio, un giorno dopo l&#8217;ordinazione sacerdotale di alcuni di loro, i dodici aspiranti maristi salirono sulla collina di Fourvi\u00e8re, che domina Lione, fino all&#8217;antico santuario di Nostra Signora. L\u00ec il gruppo di giovani si impegn\u00f2 solennemente a fondare la Societ\u00e0 di Maria. <\/span><span data-ccp-props=\"{}\"> <\/span><\/p>\n<p>[\/et_pb_text][et_pb_image src=\"https:\/\/maristeurope.eu\/wp-content\/uploads\/2024\/12\/8-NEW-0512-Fourviere-int-2J.jpg\" title_text=\"8-NEW-0512-Fourviere-int-2J\" _builder_version=\"4.27.4&#8243; _module_preset=\"default\" width=\"50%\" animation_style=\"fade\" animation_duration=\"2000ms\" animation_delay=\"600ms\" border_radii=\"on|50px|50px|50px|50px\" global_colors_info=\"{}\"][\/et_pb_image][\/et_pb_column][\/et_pb_row][et_pb_row column_structure=\"1_4,3_4&#8243; make_equal=\"on\" _builder_version=\"4.27.2&#8243; _module_preset=\"default\" custom_padding=\"0px||0px||false|false\" animation_style=\"slide\" animation_duration=\"1500ms\" animation_delay=\"200ms\" global_colors_info=\"{}\"][et_pb_column type=\"1_4&#8243; _builder_version=\"4.27.2&#8243; _module_preset=\"default\" border_width_right=\"4px\" border_color_right=\"#FFB703&#8243; global_colors_info=\"{}\"][et_pb_text _builder_version=\"4.27.4&#8243; _module_preset=\"default\" text_font=\"|600|||||||\" text_text_color=\"#023047&#8243; text_font_size=\"1.2rem\" text_line_height=\"1em\" header_3_font=\"-et_global_body_font|800|||||||\" header_3_text_color=\"#FFFAF2&#8243; header_3_font_size=\"2rem\" background_color=\"#FFB703&#8243; text_orientation=\"right\" custom_margin=\"||20px||false|false\" custom_padding=\"20px|40px|20px||true|false\" border_radii=\"off|30px|||30px\" border_width_right=\"4px\" border_color_right=\"#FFB703&#8243; global_colors_info=\"{}\"]<\/p>\n<h3>1817-1824<\/h3>\n<p>[\/et_pb_text][\/et_pb_column][et_pb_column type=\"3_4&#8243; _builder_version=\"4.27.2&#8243; _module_preset=\"default\" global_colors_info=\"{}\"][et_pb_text _builder_version=\"4.27.4&#8243; _module_preset=\"default\" text_text_color=\"#FFFAF2&#8243; text_font_size=\"2rem\" text_line_height=\"2rem\" custom_padding=\"20px||||false|false\" global_colors_info=\"{}\"]<\/p>\n<p><span class=\"NormalTextRun SCXW21116513 BCX0\">Assaggiare Dio -<strong> la vita a <\/strong><\/span><strong><span class=\"NormalTextRun SpellingErrorV2Themed SCXW21116513 BCX0\">Cerdon<\/span><\/strong><\/p>\n<p>[\/et_pb_text][et_pb_text _builder_version=\"4.27.4&#8243; _module_preset=\"default\" text_text_color=\"#FFFAF2&#8243; text_font_size=\"16px\" background_color=\"#FB8500&#8243; max_width=\"600px\" custom_margin=\"||40px|0px|false|false\" custom_padding=\"40px|20px|40px|20px|true|true\" animation_style=\"fade\" animation_duration=\"1500ms\" animation_delay=\"400ms\" border_radii=\"on|50px|50px|50px|50px\" global_colors_info=\"{}\"]<\/p>\n<p><span data-contrast=\"auto\" xml:lang=\"EN-GB\" lang=\"EN-GB\" class=\"TextRun SCXW8827417 BCX0\"><span class=\"NormalTextRun SCXW8827417 BCX0\">Poco dopo <\/span><span class=\"NormalTextRun SCXW8827417 BCX0\">la sua<\/span><span class=\"NormalTextRun SCXW8827417 BCX0\"> Jean-Claude Colin fu inviato al villaggio di <\/span><span class=\"NormalTextRun SpellingErrorV2Themed SCXW8827417 BCX0\">Cerdon<\/span><span class=\"NormalTextRun SCXW8827417 BCX0\">per raggiungere<\/span><span class=\"NormalTextRun SCXW8827417 BCX0\"> suo fratello maggiore, don Pierre Colin<\/span><span class=\"NormalTextRun SCXW8827417 BCX0\">che era il parroco del luogo. <\/span><span class=\"NormalTextRun SCXW8827417 BCX0\">Con il passare dei mesi <\/span><span class=\"NormalTextRun ContextualSpellingAndGrammarErrorV2Themed SCXW8827417 BCX0\">di mesi<\/span><span class=\"NormalTextRun SCXW8827417 BCX0\"> <\/span><span class=\"NormalTextRun SCXW8827417 BCX0\">egli<\/span><span class=\"NormalTextRun SCXW8827417 BCX0\"> inizi\u00f2 a riflettere sempre di pi\u00f9 sul progetto marista<\/span><span class=\"NormalTextRun SCXW8827417 BCX0\"> e redasse gli elementi di<\/span><span class=\"NormalTextRun SCXW8827417 BCX0\"> una regola di vita per la <\/span><span class=\"NormalTextRun SCXW8827417 BCX0\">Societ\u00e0 dei <\/span><span class=\"NormalTextRun SCXW8827417 BCX0\">Mar<\/span><span class=\"NormalTextRun SCXW8827417 BCX0\">y. Unisciti ai fratelli Colin a   <\/span><span class=\"NormalTextRun SpellingErrorV2Themed SCXW8827417 BCX0\">Cerdon<\/span><span class=\"NormalTextRun SCXW8827417 BCX0\"> erano<\/span><span class=\"NormalTextRun SCXW8827417 BCX0\">due giovani donne<\/span><span class=\"NormalTextRun SCXW8827417 BCX0\">tra cui la <\/span><span class=\"NormalTextRun SCXW8827417 BCX0\">fondatrice<\/span><span class=\"NormalTextRun SCXW8827417 BCX0\">,<\/span><span class=\"NormalTextRun SCXW8827417 BCX0\"> Jeanne-Marie <\/span><span class=\"NormalTextRun SpellingErrorV2Themed SCXW8827417 BCX0\">Chavoin<\/span><span class=\"NormalTextRun SCXW8827417 BCX0\"> che<\/span><span class=\"NormalTextRun SCXW8827417 BCX0\"> implora<\/span><span class=\"NormalTextRun SCXW8827417 BCX0\">a<\/span><span class=\"NormalTextRun SCXW8827417 BCX0\">le Sorelle<\/span><span class=\"NormalTextRun SCXW8827417 BCX0\">&#8217;<\/span><span class=\"NormalTextRun SCXW8827417 BCX0\"> del progetto marista.<\/span><span class=\"NormalTextRun SCXW8827417 BCX0\"> <\/span><span class=\"NormalTextRun SCXW8827417 BCX0\">Nel frattempo Fr <\/span><span class=\"NormalTextRun SCXW8827417 BCX0\">Marcellino <\/span><span class=\"NormalTextRun SCXW8827417 BCX0\">Champagnat era <\/span><span class=\"NormalTextRun SCXW8827417 BCX0\">occupato <\/span><span class=\"NormalTextRun SCXW8827417 BCX0\">stabilire<\/span><span class=\"NormalTextRun SCXW8827417 BCX0\"> i <\/span><span class=\"NormalTextRun ContextualSpellingAndGrammarErrorV2Themed SCXW8827417 BCX0\">Fratelli<\/span><span class=\"NormalTextRun SCXW8827417 BCX0\"> nella sua prima parrocchia di<strong> La Valla. <\/strong><\/span> <\/span><strong><span class=\"EOP SCXW8827417 BCX0\" data-ccp-props=\"{}\"> <\/span><\/strong><\/p>\n<p>[\/et_pb_text][et_pb_image src=\"https:\/\/maristeurope.eu\/wp-content\/uploads\/2024\/12\/9-NEW-0714-Cerdon-views-21ps.jpg\" title_text=\"9-NEW-0714-Cerdon-views-21ps\" _builder_version=\"4.27.4&#8243; _module_preset=\"default\" width=\"50%\" animation_style=\"fade\" animation_duration=\"2000ms\" animation_delay=\"600ms\" border_radii=\"on|50px|50px|50px|50px\" global_colors_info=\"{}\"][\/et_pb_image][\/et_pb_column][\/et_pb_row][et_pb_row column_structure=\"1_4,3_4&#8243; make_equal=\"on\" _builder_version=\"4.27.2&#8243; _module_preset=\"default\" custom_padding=\"0px||0px||false|false\" animation_style=\"slide\" animation_duration=\"1500ms\" animation_delay=\"200ms\" global_colors_info=\"{}\"][et_pb_column type=\"1_4&#8243; _builder_version=\"4.27.2&#8243; _module_preset=\"default\" border_width_right=\"4px\" border_color_right=\"#FFB703&#8243; global_colors_info=\"{}\"][et_pb_text _builder_version=\"4.27.4&#8243; _module_preset=\"default\" text_font=\"|600|||||||\" text_text_color=\"#023047&#8243; text_font_size=\"1.2rem\" text_line_height=\"1em\" header_3_font=\"-et_global_body_font|800|||||||\" header_3_text_color=\"#FFFAF2&#8243; header_3_font_size=\"2rem\" background_color=\"#FFB703&#8243; text_orientation=\"right\" custom_margin=\"||20px||false|false\" custom_padding=\"20px|40px|20px||true|false\" border_radii=\"off|30px|||30px\" border_width_right=\"4px\" border_color_right=\"#FFB703&#8243; global_colors_info=\"{}\"]<\/p>\n<h3>1824-1835<\/h3>\n<p>[\/et_pb_text][\/et_pb_column][et_pb_column type=\"3_4&#8243; _builder_version=\"4.27.2&#8243; _module_preset=\"default\" global_colors_info=\"{}\"][et_pb_text _builder_version=\"4.27.4&#8243; _module_preset=\"default\" text_text_color=\"#FFFAF2&#8243; text_font_size=\"2rem\" text_line_height=\"1.3em\" custom_padding=\"20px||||false|false\" global_colors_info=\"{}\"]<\/p>\n<p><span class=\"NormalTextRun SCXW47134163 BCX0\">La <strong>prima comunit\u00e0 religiosa<\/strong> e <\/span><strong><span class=\"NormalTextRun SpellingErrorV2Themed SCXW47134163 BCX0\">Bugey<\/span><span class=\"NormalTextRun SCXW47134163 BCX0\"> <\/span><\/strong><span class=\"NormalTextRun SCXW47134163 BCX0\">Inizio delle<strong>missioni<\/strong> <\/span><\/p>\n<p>[\/et_pb_text][et_pb_text _builder_version=\"4.27.4&#8243; _module_preset=\"default\" text_text_color=\"#FFFAF2&#8243; text_font_size=\"16px\" background_color=\"#FB8500&#8243; max_width=\"600px\" custom_margin=\"||40px|0px|false|false\" custom_padding=\"40px|20px|40px|20px|true|true\" animation_style=\"fade\" animation_duration=\"1500ms\" animation_delay=\"400ms\" border_radii=\"on|50px|50px|50px|50px\" global_colors_info=\"{}\"]<\/p>\n<p><span data-contrast=\"auto\" lang=\"EN-GB\" class=\"TextRun SCXW17892688 BCX0\"><span class=\"NormalTextRun SCXW17892688 BCX0\">Condividere il sogno marista con il suo vescovo locale<\/span><span class=\"NormalTextRun SCXW17892688 BCX0\">,<\/span><span class=\"NormalTextRun SCXW17892688 BCX0\"> Colin incontr\u00f2 <\/span><span class=\"NormalTextRun SCXW17892688 BCX0\">scetticismo. <\/span><span class=\"NormalTextRun SCXW17892688 BCX0\">Il <\/span><span class=\"NormalTextRun SCXW17892688 BCX0\">29<\/span><\/span><span data-contrast=\"auto\" lang=\"EN-GB\" class=\"TextRun SCXW17892688 BCX0\"><span class=\"NormalTextRun Superscript SCXW17892688 BCX0\" data-fontsize=\"11\">29<\/span><\/span><span data-contrast=\"auto\" xml:lang=\"EN-GB\" lang=\"EN-GB\" class=\"TextRun SCXW17892688 BCX0\"> <span class=\"NormalTextRun SCXW17892688 BCX0\"> Ottobre<\/span><span class=\"NormalTextRun SCXW17892688 BCX0\"> 1824<\/span><span class=\"NormalTextRun SCXW17892688 BCX0\"> i fratelli Colin furono raggiunti da un altro dei dodici Fourvi\u00e8re, <\/span><span class=\"NormalTextRun SCXW17892688 BCX0\">Fr <\/span><span class=\"NormalTextRun SCXW17892688 BCX0\">Etienne <\/span><span class=\"NormalTextRun SpellingErrorV2Themed SCXW17892688 BCX0\">Declas<\/span><span class=\"NormalTextRun SCXW17892688 BCX0\">per formare la prima comunit\u00e0<\/span><span class=\"NormalTextRun SCXW17892688 BCX0\">. <\/span><span class=\"NormalTextRun SCXW17892688 BCX0\">Insieme hanno viaggiato in remote <\/span><span class=\"NormalTextRun SCXW17892688 BCX0\">comunit\u00e0 rurali<\/span><span class=\"NormalTextRun SCXW17892688 BCX0\"> comunit\u00e0 della <\/span><span class=\"NormalTextRun SpellingErrorV2Themed SCXW17892688 BCX0\">Bugey<\/span><span class=\"NormalTextRun SCXW17892688 BCX0\"> <\/span><span class=\"NormalTextRun SCXW17892688 BCX0\">montagne<\/span><span class=\"NormalTextRun SCXW17892688 BCX0\">che non erano state servite da sacerdoti dalla<\/span><span class=\"NormalTextRun SCXW17892688 BCX0\"> Rivoluzione Francese. <\/span><strong><span class=\"NormalTextRun SCXW17892688 BCX0\">La loro missione era <\/span><\/strong><span class=\"NormalTextRun SCXW17892688 BCX0\"><strong>ripristinare la fede e la speranza e portare la misericordia di Dio a un popolo trascurato<\/strong>.<\/span><span class=\"NormalTextRun SCXW17892688 BCX0\"> Nel 1825<\/span><span class=\"NormalTextRun SCXW17892688 BCX0\">i Maristi<\/span><span class=\"NormalTextRun SCXW17892688 BCX0\">s<\/span><span class=\"NormalTextRun SCXW17892688 BCX0\"> <\/span><span class=\"NormalTextRun SCXW17892688 BCX0\">si \u00e8 trasferito a<\/span><span class=\"NormalTextRun SCXW17892688 BCX0\"> Belley <\/span><span class=\"NormalTextRun SCXW17892688 BCX0\">per sostenere il seminario minore di Belley, dove P. Colin fu nominato superiore quattro anni dopo. <\/span><span class=\"NormalTextRun SCXW17892688 BCX0\">Nel 1833 <\/span><span class=\"NormalTextRun SCXW17892688 BCX0\">si rec\u00f2<\/span><span class=\"NormalTextRun SCXW17892688 BCX0\"> a Roma per supplicare <\/span><span class=\"NormalTextRun SCXW17892688 BCX0\">l&#8217;approvazione <\/span><span class=\"NormalTextRun SCXW17892688 BCX0\">l&#8217;approvazione del progetto marista<\/span><span class=\"NormalTextRun SCXW17892688 BCX0\">. <\/span> <\/span><span class=\"EOP SCXW17892688 BCX0\" data-ccp-props=\"{}\"> <\/span><\/p>\n<p>[\/et_pb_text][et_pb_image src=\"https:\/\/maristeurope.eu\/wp-content\/uploads\/2024\/11\/Colin-2.jpg\" title_text=\"Colin 2&#8243; _builder_version=\"4.27.4&#8243; _module_preset=\"default\" width=\"50%\" animation_style=\"fade\" animation_duration=\"2000ms\" animation_delay=\"600ms\" border_radii=\"on|50px|50px|50px|50px\" global_colors_info=\"{}\"][\/et_pb_image][\/et_pb_column][\/et_pb_row][et_pb_row column_structure=\"1_4,3_4&#8243; make_equal=\"on\" _builder_version=\"4.27.4&#8243; _module_preset=\"default\" custom_padding=\"0px||0px||false|false\" animation_style=\"slide\" animation_duration=\"1500ms\" animation_delay=\"200ms\" global_colors_info=\"{}\"][et_pb_column type=\"1_4&#8243; _builder_version=\"4.27.2&#8243; _module_preset=\"default\" border_width_right=\"4px\" border_color_right=\"#FFB703&#8243; global_colors_info=\"{}\"][et_pb_text _builder_version=\"4.27.4&#8243; _module_preset=\"default\" text_font=\"|600|||||||\" text_text_color=\"#023047&#8243; text_font_size=\"1.2rem\" text_line_height=\"1em\" header_3_font=\"-et_global_body_font|800|||||||\" header_3_text_color=\"#FFFAF2&#8243; header_3_font_size=\"2rem\" background_color=\"#FFB703&#8243; text_orientation=\"right\" custom_margin=\"||20px||false|false\" custom_padding=\"20px|40px|20px||true|false\" border_radii=\"off|30px|||30px\" border_width_right=\"4px\" border_color_right=\"#FFB703&#8243; global_colors_info=\"{}\"]<\/p>\n<h3>1836<\/h3>\n<p>[\/et_pb_text][\/et_pb_column][et_pb_column type=\"3_4&#8243; _builder_version=\"4.27.2&#8243; _module_preset=\"default\" global_colors_info=\"{}\"][et_pb_text _builder_version=\"4.27.4&#8243; _module_preset=\"default\" text_text_color=\"#FFFAF2&#8243; text_font_size=\"2rem\" text_line_height=\"1.3em\" custom_padding=\"20px||||false|false\" global_colors_info=\"{}\"]<\/p>\n<p><span data-contrast=\"auto\" lang=\"EN-GB\" class=\"TextRun MacChromeBold SCXW67457069 BCX0\"><span class=\"NormalTextRun SCXW67457069 BCX0\">L&#8217;approvazione della <strong>Societ\u00e0 di Maria <\/strong><\/span><\/span><span data-contrast=\"auto\" lang=\"EN-GB\" class=\"TextRun MacChromeBold SCXW67457069 BCX0\"><span class=\"NormalTextRun SCXW67457069 BCX0\">e delle missioni del Pacifico<\/span><\/span><\/p>\n<p>[\/et_pb_text][et_pb_text _builder_version=\"4.27.4&#8243; _module_preset=\"default\" text_text_color=\"#FFFAF2&#8243; text_font_size=\"16px\" background_color=\"#219EBC\" max_width=\"600px\" custom_margin=\"||40px|0px|false|false\" custom_padding=\"40px|20px|40px|20px|true|true\" animation_style=\"fade\" animation_duration=\"1500ms\" animation_delay=\"400ms\" border_radii=\"on|50px|50px|50px|50px\" global_colors_info=\"{}\"]<\/p>\n<p><span data-contrast=\"auto\" xml:lang=\"EN-GB\" lang=\"EN-GB\" class=\"TextRun SCXW180498096 BCX0\"><span class=\"NormalTextRun SCXW180498096 BCX0\">Papa Gregorio XVI cercava missionari per il Pacifico sud-occidentale - e i Maristi  <\/span><span class=\"NormalTextRun SCXW180498096 BCX0\">accett\u00f2 di accettare questa responsabilit\u00e0. Questa fu l&#8217;occasione per la Societ\u00e0 di Maria di essere <\/span><span class=\"NormalTextRun SCXW180498096 BCX0\"> <\/span><span class=\"NormalTextRun SCXW180498096 BCX0\">formalmente <\/span><span class=\"NormalTextRun SCXW180498096 BCX0\">approvato.<\/span><span class=\"NormalTextRun SCXW180498096 BCX0\"> <\/span><span class=\"NormalTextRun SCXW180498096 BCX0\">Le prime professioni dei sacerdoti e dei frati hanno avuto luogo<\/span><span class=\"NormalTextRun SCXW180498096 BCX0\">,<\/span><span class=\"NormalTextRun SCXW180498096 BCX0\"> facendo i tre voti di povert\u00e0, <\/span><span class=\"NormalTextRun SCXW180498096 BCX0\">castit\u00e0<\/span><span class=\"NormalTextRun SCXW180498096 BCX0\">  e l&#8217;obbedienza. Don Colin ha accettato di diventare il primo   <\/span><span class=\"NormalTextRun ContextualSpellingAndGrammarErrorV2Themed SCXW180498096 BCX0\">superiore generale<\/span><span class=\"NormalTextRun SCXW180498096 BCX0\">.<\/span><span class=\"NormalTextRun SCXW180498096 BCX0\"> Il primo gruppo di missionari lasci\u00f2 <\/span><span class=\"NormalTextRun SCXW180498096 BCX0\">il porto francese di Le Havre la vigilia di Natale <\/span><span class=\"NormalTextRun SCXW180498096 BCX0\">per l&#8217;Oceania. <\/span> <\/span><span class=\"EOP SCXW180498096 BCX0\" data-ccp-props=\"{}\"> <\/span><\/p>\n<p>[\/et_pb_text][et_pb_image src=\"https:\/\/maristeurope.eu\/wp-content\/uploads\/2025\/01\/Father-Colin-1836-Approval-of-SM-scaled.jpg\" title_text=\"Piume, bussole, chicchi di caff\u00e8, monete giacciono su una vecchia mappa gialla\" _builder_version=\"4.27.4&#8243; _module_preset=\"default\" width=\"50%\" animation_style=\"fade\" animation_duration=\"2000ms\" animation_delay=\"600ms\" border_radii=\"on|50px|50px|50px|50px\" global_colors_info=\"{}\"][\/et_pb_image][\/et_pb_column][\/et_pb_row][et_pb_row column_structure=\"1_4,1_2,1_4&#8243; make_equal=\"on\" _builder_version=\"4.27.2&#8243; _module_preset=\"default\" custom_padding=\"0px||0px||false|false\" animation_style=\"slide\" animation_duration=\"1500ms\" animation_delay=\"200ms\" global_colors_info=\"{}\"][et_pb_column type=\"1_4&#8243; _builder_version=\"4.27.2&#8243; _module_preset=\"default\" border_width_right=\"4px\" border_color_right=\"#FFB703&#8243; global_colors_info=\"{}\"][et_pb_text _builder_version=\"4.27.4&#8243; _module_preset=\"default\" text_font=\"|600|||||||\" text_text_color=\"#023047&#8243; text_font_size=\"1.2rem\" text_line_height=\"1em\" header_3_font=\"-et_global_body_font|800|||||||\" header_3_text_color=\"#FFFAF2&#8243; header_3_font_size=\"2rem\" background_color=\"#FFB703&#8243; text_orientation=\"right\" custom_margin=\"||20px||false|false\" custom_padding=\"20px|40px|20px||true|false\" border_radii=\"off|30px|||30px\" border_width_right=\"4px\" border_color_right=\"#FFB703&#8243; global_colors_info=\"{}\"]<\/p>\n<h3>1837-1853<\/h3>\n<p>[\/et_pb_text][\/et_pb_column][et_pb_column type=\"1_2&#8243; _builder_version=\"4.27.2&#8243; _module_preset=\"default\" global_colors_info=\"{}\"][et_pb_text _builder_version=\"4.27.4&#8243; _module_preset=\"default\" text_text_color=\"#FFFAF2&#8243; text_font_size=\"2rem\" text_line_height=\"1em\" custom_padding=\"20px||||false|false\" global_colors_info=\"{}\"]<\/p>\n<p><span data-contrast=\"auto\" xml:lang=\"EN-GB\" lang=\"EN-GB\" class=\"TextRun MacChromeBold SCXW254141434 BCX0\"><span class=\"NormalTextRun SCXW254141434 BCX0\"> <\/span><\/span><span data-contrast=\"auto\" xml:lang=\"EN-GB\" lang=\"EN-GB\" class=\"TextRun MacChromeBold SCXW254141434 BCX0\"><span class=\"NormalTextRun SCXW254141434 BCX0\">La Societ\u00e0 di Maria cresce<\/span><\/span><span class=\"EOP SCXW254141434 BCX0\" data-ccp-props=\"{}\"> <\/span><\/p>\n<p>[\/et_pb_text][et_pb_text _builder_version=\"4.27.4&#8243; _module_preset=\"default\" text_text_color=\"#FFFAF2&#8243; text_font_size=\"16px\" background_color=\"#219EBC\" max_width=\"600px\" custom_margin=\"||40px|0px|false|false\" custom_padding=\"40px|20px|40px|20px|true|true\" animation_style=\"fade\" animation_duration=\"1500ms\" animation_delay=\"400ms\" border_radii=\"on|50px|50px|50px|50px\" global_colors_info=\"{}\"]<\/p>\n<p><span data-contrast=\"auto\" xml:lang=\"EN-GB\" lang=\"EN-GB\" class=\"TextRun SCXW139070738 BCX0\"><span class=\"NormalTextRun SCXW139070738 BCX0\">Nel 1839 Jean-Claude Colin si trasfer\u00ec da Belley a Lione<\/span><span class=\"NormalTextRun SCXW139070738 BCX0\"> e <\/span><span class=\"NormalTextRun SCXW139070738 BCX0\">e guid\u00f2 la Societ\u00e0 di Maria in anni di straordinaria crescita sia in Francia che in Oceania. <\/span><span class=\"NormalTextRun SCXW139070738 BCX0\">Oceania.<\/span><span class=\"NormalTextRun SCXW139070738 BCX0\"> <\/span><span class=\"NormalTextRun SCXW139070738 BCX0\">La richiesta di altri missionari nel Pacifico non si ferm\u00f2 mai. Le vocazioni sbocciarono a <\/span><span class=\"NormalTextRun SCXW139070738 BCX0\">n<\/span><span class=\"NormalTextRun SCXW139070738 BCX0\"> I maristi erano presenti in un numero crescente di ministeri, specialmente tra i giovani e nell&#8217;educazione.<\/span><span class=\"NormalTextRun SCXW139070738 BCX0\"> giovani e nell&#8217;educazione<\/span><span class=\"NormalTextRun SCXW139070738 BCX0\">.<\/span><\/span><span class=\"EOP SCXW139070738 BCX0\" data-ccp-props=\"{}\"> <\/span><\/p>\n<p>[\/et_pb_text][\/et_pb_column][et_pb_column type=\"1_4&#8243; _builder_version=\"4.27.2&#8243; _module_preset=\"default\" global_colors_info=\"{}\"][\/et_pb_column][\/et_pb_row][et_pb_row column_structure=\"1_4,3_4&#8243; make_equal=\"on\" _builder_version=\"4.27.2&#8243; _module_preset=\"default\" custom_padding=\"0px||0px||false|false\" animation_style=\"slide\" animation_duration=\"1500ms\" animation_delay=\"200ms\" global_colors_info=\"{}\"][et_pb_column type=\"1_4&#8243; _builder_version=\"4.27.2&#8243; _module_preset=\"default\" border_width_right=\"4px\" border_color_right=\"#FFB703&#8243; global_colors_info=\"{}\"][et_pb_text _builder_version=\"4.27.4&#8243; _module_preset=\"default\" text_font=\"|600|||||||\" text_text_color=\"#023047&#8243; text_font_size=\"1.2rem\" text_line_height=\"1em\" header_3_font=\"-et_global_body_font|800|||||||\" header_3_text_color=\"#FFFAF2&#8243; header_3_font_size=\"2rem\" background_color=\"#FFB703&#8243; text_orientation=\"right\" custom_margin=\"||20px||false|false\" custom_padding=\"20px|40px|20px||true|false\" border_radii=\"off|30px|||30px\" border_width_right=\"4px\" border_color_right=\"#FFB703&#8243; global_colors_info=\"{}\"]<\/p>\n<h3>1854-1874<\/h3>\n<p>[\/et_pb_text][\/et_pb_column][et_pb_column type=\"3_4&#8243; _builder_version=\"4.27.2&#8243; _module_preset=\"default\" global_colors_info=\"{}\"][et_pb_text _builder_version=\"4.27.4&#8243; _module_preset=\"default\" text_text_color=\"#FFFAF2&#8243; text_font_size=\"2rem\" custom_padding=\"20px||||false|false\" global_colors_info=\"{}\"]<\/p>\n<p><strong><span data-contrast=\"auto\" xml:lang=\"EN-GB\" lang=\"EN-GB\" class=\"TextRun MacChromeBold SCXW190765381 BCX0\"><span class=\"NormalTextRun SCXW190765381 BCX0\">La <\/span><span class=\"NormalTextRun SpellingErrorV2Themed SCXW190765381 BCX0\">Neyli\u00e8re<\/span><span class=\"NormalTextRun SCXW190765381 BCX0\"> anni<\/span><\/span><span class=\"EOP SCXW190765381 BCX0\" data-ccp-props=\"{}\"> <\/span><\/strong><\/p>\n<p>[\/et_pb_text][et_pb_text _builder_version=\"4.27.4&#8243; _module_preset=\"default\" text_text_color=\"#023047&#8243; text_font_size=\"16px\" background_color=\"#FFB703&#8243; max_width=\"600px\" custom_margin=\"||40px|0px|false|false\" custom_padding=\"40px|20px|40px|20px|true|true\" animation_style=\"fade\" animation_duration=\"1500ms\" animation_delay=\"400ms\" border_radii=\"on|50px|50px|50px|50px\" global_colors_info=\"{}\"]<\/p>\n<p><span data-contrast=\"auto\" xml:lang=\"EN-GB\" lang=\"EN-GB\" class=\"TextRun SCXW33286199 BCX0\"><span class=\"NormalTextRun SCXW33286199 BCX0\">Padre Colin si ritir\u00f2<\/span><span class=\"NormalTextRun SCXW33286199 BCX0\">come superiore generale e si trasfer\u00ec nel<\/span><span class=\"NormalTextRun SCXW33286199 BCX0\"> ritiro rurale<\/span><span class=\"NormalTextRun SCXW33286199 BCX0\"> casa<\/span><span class=\"NormalTextRun SCXW33286199 BCX0\"> di La <\/span><span class=\"NormalTextRun SpellingErrorV2Themed SCXW33286199 BCX0\">Neyli\u00e8re<\/span><span class=\"NormalTextRun SCXW33286199 BCX0\"> vicino a Lione<\/span><span class=\"NormalTextRun SCXW33286199 BCX0\"> per lavorare o<\/span><span class=\"NormalTextRun SCXW33286199 BCX0\">n<\/span><span class=\"NormalTextRun SCXW33286199 BCX0\"> perfezionare la regola marista e <\/span><span class=\"NormalTextRun SCXW33286199 BCX0\">C<\/span><span class=\"NormalTextRun SCXW33286199 BCX0\">onstituzioni<\/span><span class=\"NormalTextRun SCXW33286199 BCX0\">. Si impegn\u00f2 per molti anni a portare a termine le Costituzioni che  <\/span><span class=\"NormalTextRun SCXW33286199 BCX0\">sono stati <\/span><span class=\"NormalTextRun SCXW33286199 BCX0\">approvato definitivamente <\/span><span class=\"NormalTextRun SCXW33286199 BCX0\">dal capitolo generale del 1872.<\/span><\/span><span class=\"EOP SCXW33286199 BCX0\" data-ccp-props=\"{}\"> <\/span><\/p>\n<p>[\/et_pb_text][et_pb_image src=\"https:\/\/maristeurope.eu\/wp-content\/uploads\/2024\/12\/26-1013-La-Neyliere-05crpps.jpg\" title_text=\"26-1013-La-Neyliere-05crpps\" _builder_version=\"4.27.4&#8243; _module_preset=\"default\" width=\"50%\" animation_style=\"fade\" animation_duration=\"2000ms\" animation_delay=\"600ms\" border_radii=\"on|50px|50px|50px|50px\" global_colors_info=\"{}\"][\/et_pb_image][\/et_pb_column][\/et_pb_row][et_pb_row column_structure=\"1_4,3_4&#8243; make_equal=\"on\" _builder_version=\"4.27.2&#8243; _module_preset=\"default\" custom_padding=\"0px||0px||false|false\" animation_style=\"slide\" animation_duration=\"1500ms\" animation_delay=\"200ms\" global_colors_info=\"{}\"][et_pb_column type=\"1_4&#8243; _builder_version=\"4.27.2&#8243; _module_preset=\"default\" border_width_right=\"4px\" border_color_right=\"#FFB703&#8243; global_colors_info=\"{}\"][et_pb_text _builder_version=\"4.27.4&#8243; _module_preset=\"default\" text_font=\"|600|||||||\" text_text_color=\"#023047&#8243; text_font_size=\"1.2rem\" text_line_height=\"1em\" header_3_font=\"-et_global_body_font|800|||||||\" header_3_text_color=\"#FFFAF2&#8243; header_3_font_size=\"2rem\" background_color=\"#FFB703&#8243; text_orientation=\"right\" custom_margin=\"||20px||false|false\" custom_padding=\"20px|40px|20px||true|false\" border_radii=\"off|30px|||30px\" border_width_right=\"4px\" border_color_right=\"#FFB703&#8243; global_colors_info=\"{}\"]<\/p>\n<h3>1875<\/h3>\n<p>[\/et_pb_text][\/et_pb_column][et_pb_column type=\"3_4&#8243; _builder_version=\"4.27.2&#8243; _module_preset=\"default\" global_colors_info=\"{}\"][et_pb_text _builder_version=\"4.27.4&#8243; _module_preset=\"default\" text_text_color=\"#FFFAF2&#8243; text_font_size=\"2rem\" custom_padding=\"20px||||false|false\" global_colors_info=\"{}\"]<\/p>\n<p><span data-contrast=\"auto\" xml:lang=\"EN-GB\" lang=\"EN-GB\" class=\"TextRun MacChromeBold SCXW218827222 BCX0\"><span class=\"NormalTextRun SCXW218827222 BCX0\">La morte di <strong>Padre Colin<\/strong><\/span><\/span><\/p>\n<p>[\/et_pb_text][et_pb_text _builder_version=\"4.27.4&#8243; _module_preset=\"default\" text_text_color=\"#023047&#8243; text_font_size=\"16px\" background_color=\"#FFB703&#8243; max_width=\"600px\" custom_margin=\"||40px|0px|false|false\" custom_padding=\"40px|20px|40px|20px|true|true\" animation_style=\"fade\" animation_duration=\"1500ms\" animation_delay=\"400ms\" border_radii=\"on|50px|50px|50px|50px\" global_colors_info=\"{}\"]<\/p>\n<p><span data-contrast=\"auto\" lang=\"EN-GB\" class=\"TextRun SCXW106300387 BCX0\"><span class=\"NormalTextRun SCXW106300387 BCX0\">Jean-Claude Colin \u00e8 morto a La <\/span><span class=\"NormalTextRun SpellingErrorV2Themed SCXW106300387 BCX0\">Neyli\u00e8re<\/span><span class=\"NormalTextRun SCXW106300387 BCX0\"> il 15<\/span><\/span><span data-contrast=\"auto\" lang=\"EN-GB\" class=\"TextRun SCXW106300387 BCX0\"><span class=\"NormalTextRun Superscript SCXW106300387 BCX0\" data-fontsize=\"11\">terzo<\/span><\/span><span data-contrast=\"auto\" lang=\"EN-GB\" class=\"TextRun SCXW106300387 BCX0\"><span class=\"NormalTextRun SCXW106300387 BCX0\"> novembre<\/span><span class=\"NormalTextRun SCXW106300387 BCX0\"> 1875 all&#8217;et\u00e0 di 85 anni.<\/span><span class=\"NormalTextRun SCXW106300387 BCX0\"> La sua eredit\u00e0 ha ispirato molte generazioni di maristi e lo fa ancora oggi. <\/span><span class=\"NormalTextRun SCXW106300387 BCX0\">I maristi continuano <\/span><span class=\"NormalTextRun SCXW106300387 BCX0\">a compiere l&#8217;opera <\/span><span class=\"NormalTextRun SCXW106300387 BCX0\">opera di Maria<\/span><span class=\"NormalTextRun SCXW106300387 BCX0\"> ed essere la sua presenza nel mondo<\/span><span class=\"NormalTextRun SCXW106300387 BCX0\">semplicemente, generosamente e con il suo spirito gentile. <\/span><\/span> <span class=\"EOP SCXW106300387 BCX0\" data-ccp-props=\"{}\"> <\/span><\/p>\n<p>[\/et_pb_text][\/et_pb_column][\/et_pb_row][\/et_pb_section][et_pb_section fb_built=\"1&#8243; _builder_version=\"4.27.4&#8243; _module_preset=\"default\" background_color=\"#FFFAF2&#8243; background_image=\"https:\/\/maristeurope.eu\/wp-content\/uploads\/2024\/11\/art-therapist-illustration-01-1.png\" background_size=\"initial\" background_position=\"center_left\" custom_padding=\"6vw||6vw||false|false\" global_colors_info=\"{}\"][et_pb_row admin_label=\"Fila\" _builder_version=\"4.27.4&#8243; _module_preset=\"default\" module_alignment=\"center\" global_colors_info=\"{}\"][et_pb_column type=\"4_4&#8243; _builder_version=\"4.27.4&#8243; _module_preset=\"default\" global_colors_info=\"{}\"][et_pb_text _builder_version=\"4.27.4&#8243; _module_preset=\"default\" header_2_font=\"-et_global_heading_font|700|||||||\" header_2_text_align=\"center\" header_2_text_color=\"#023047&#8243; header_2_font_size=\"40px\" header_2_line_height=\"1.3em\" header_5_text_align=\"center\" header_5_font_size=\"24px\" header_6_font_size=\"21px\" max_width=\"800px\" module_alignment=\"center\" global_colors_info=\"{}\"]<\/p>\n<h2>  \"Dobbiamo avere il coraggio di iniziare in piccolo e non essere ansiosi di fare grandi cose. Facciamo semplicemente quello che possiamo e <span style=\"color: #ffcc00;\">lasciamo il resto a Dio<\/span>\". <\/h2>\n<p>&nbsp;<\/p>\n<h5>- Padre Jean-Claude Colin<\/h5>\n<p>[\/et_pb_text][\/et_pb_column][\/et_pb_row][\/et_pb_section]<\/p>\n","protected":false},"excerpt":{"rendered":"<p>Padre Jean-Claude ColinPadre Jean-Claude Colin (1790-1875) fu il fondatore della Societ\u00e0 di Maria (Maristi), un uomo dalla fede profonda e dalla tranquilla determinazione che dedic\u00f2 la sua vita a diffondere il Vangelo nello spirito di Maria. Nato all&#8217;indomani della Rivoluzione francese, un&#8217;epoca di tumulti e cambiamenti, Colin immagin\u00f2 una missione caratterizzata da umilt\u00e0, semplicit\u00e0 e [&hellip;]<\/p>\n","protected":false},"author":1,"featured_media":0,"parent":2192,"menu_order":0,"comment_status":"closed","ping_status":"closed","template":"","meta":{"_et_pb_use_builder":"on","_et_pb_old_content":"","_et_gb_content_width":"","footnotes":""},"class_list":["post-3432","page","type-page","status-publish","hentry"],"yoast_head":"<!-- This site is optimized with the Yoast SEO plugin v27.5 - https:\/\/yoast.com\/product\/yoast-seo-wordpress\/ -->\n<title>Padre Jean-Claude Colin - Marist Europe<\/title>\n<meta name=\"robots\" content=\"index, follow, max-snippet:-1, max-image-preview:large, max-video-preview:-1\" \/>\n<link rel=\"canonical\" href=\"https:\/\/maristeurope.eu\/it\/chi-siamo\/padre-jean-claude-colin\/\" \/>\n<meta property=\"og:locale\" content=\"it_IT\" \/>\n<meta property=\"og:type\" content=\"article\" \/>\n<meta property=\"og:title\" content=\"Padre Jean-Claude Colin - Marist Europe\" \/>\n<meta property=\"og:description\" content=\"Padre Jean-Claude ColinPadre Jean-Claude Colin (1790-1875) fu il fondatore della Societ\u00e0 di Maria (Maristi), un uomo dalla fede profonda e dalla tranquilla determinazione che dedic\u00f2 la sua vita a diffondere il Vangelo nello spirito di Maria. Nato all&#039;indomani della Rivoluzione francese, un&#039;epoca di tumulti e cambiamenti, Colin immagin\u00f2 una missione caratterizzata da umilt\u00e0, semplicit\u00e0 e [&hellip;]\" \/>\n<meta property=\"og:url\" content=\"https:\/\/maristeurope.eu\/it\/chi-siamo\/padre-jean-claude-colin\/\" \/>\n<meta property=\"og:site_name\" content=\"Marist Europe\" \/>\n<meta property=\"article:modified_time\" content=\"2025-04-15T12:24:28+00:00\" \/>\n<meta name=\"twitter:card\" content=\"summary_large_image\" \/>\n<meta name=\"twitter:label1\" content=\"Tempo di lettura stimato\" \/>\n\t<meta name=\"twitter:data1\" content=\"19 minuto\" \/>\n<script type=\"application\/ld+json\" class=\"yoast-schema-graph\">{\"@context\":\"https:\\\/\\\/schema.org\",\"@graph\":[{\"@type\":\"WebPage\",\"@id\":\"https:\\\/\\\/maristeurope.eu\\\/it\\\/chi-siamo\\\/padre-jean-claude-colin\\\/\",\"url\":\"https:\\\/\\\/maristeurope.eu\\\/it\\\/chi-siamo\\\/padre-jean-claude-colin\\\/\",\"name\":\"Padre Jean-Claude Colin - Marist Europe\",\"isPartOf\":{\"@id\":\"https:\\\/\\\/maristeurope.eu\\\/it\\\/#website\"},\"datePublished\":\"2024-12-19T10:27:23+00:00\",\"dateModified\":\"2025-04-15T12:24:28+00:00\",\"breadcrumb\":{\"@id\":\"https:\\\/\\\/maristeurope.eu\\\/it\\\/chi-siamo\\\/padre-jean-claude-colin\\\/#breadcrumb\"},\"inLanguage\":\"it-IT\",\"potentialAction\":[{\"@type\":\"ReadAction\",\"target\":[\"https:\\\/\\\/maristeurope.eu\\\/it\\\/chi-siamo\\\/padre-jean-claude-colin\\\/\"]}]},{\"@type\":\"BreadcrumbList\",\"@id\":\"https:\\\/\\\/maristeurope.eu\\\/it\\\/chi-siamo\\\/padre-jean-claude-colin\\\/#breadcrumb\",\"itemListElement\":[{\"@type\":\"ListItem\",\"position\":1,\"name\":\"Home\",\"item\":\"https:\\\/\\\/maristeurope.eu\\\/it\\\/maristi\\\/\"},{\"@type\":\"ListItem\",\"position\":2,\"name\":\"Chi siamo\",\"item\":\"https:\\\/\\\/maristeurope.eu\\\/it\\\/chi-siamo\\\/\"},{\"@type\":\"ListItem\",\"position\":3,\"name\":\"Padre Jean-Claude Colin\"}]},{\"@type\":\"WebSite\",\"@id\":\"https:\\\/\\\/maristeurope.eu\\\/it\\\/#website\",\"url\":\"https:\\\/\\\/maristeurope.eu\\\/it\\\/\",\"name\":\"Marist Europe\",\"description\":\"\",\"publisher\":{\"@id\":\"https:\\\/\\\/maristeurope.eu\\\/it\\\/#organization\"},\"potentialAction\":[{\"@type\":\"SearchAction\",\"target\":{\"@type\":\"EntryPoint\",\"urlTemplate\":\"https:\\\/\\\/maristeurope.eu\\\/it\\\/?s={search_term_string}\"},\"query-input\":{\"@type\":\"PropertyValueSpecification\",\"valueRequired\":true,\"valueName\":\"search_term_string\"}}],\"inLanguage\":\"it-IT\"},{\"@type\":\"Organization\",\"@id\":\"https:\\\/\\\/maristeurope.eu\\\/it\\\/#organization\",\"name\":\"Marist Europe\",\"url\":\"https:\\\/\\\/maristeurope.eu\\\/it\\\/\",\"logo\":{\"@type\":\"ImageObject\",\"inLanguage\":\"it-IT\",\"@id\":\"https:\\\/\\\/maristeurope.eu\\\/it\\\/#\\\/schema\\\/logo\\\/image\\\/\",\"url\":\"https:\\\/\\\/maristeurope.eu\\\/wp-content\\\/uploads\\\/2024\\\/10\\\/EU-SM-Finalogo-02.png\",\"contentUrl\":\"https:\\\/\\\/maristeurope.eu\\\/wp-content\\\/uploads\\\/2024\\\/10\\\/EU-SM-Finalogo-02.png\",\"width\":150,\"height\":156,\"caption\":\"Marist Europe\"},\"image\":{\"@id\":\"https:\\\/\\\/maristeurope.eu\\\/it\\\/#\\\/schema\\\/logo\\\/image\\\/\"}}]}<\/script>\n<!-- \/ Yoast SEO plugin. -->","yoast_head_json":{"title":"Padre Jean-Claude Colin - Marist Europe","robots":{"index":"index","follow":"follow","max-snippet":"max-snippet:-1","max-image-preview":"max-image-preview:large","max-video-preview":"max-video-preview:-1"},"canonical":"https:\/\/maristeurope.eu\/it\/chi-siamo\/padre-jean-claude-colin\/","og_locale":"it_IT","og_type":"article","og_title":"Padre Jean-Claude Colin - Marist Europe","og_description":"Padre Jean-Claude ColinPadre Jean-Claude Colin (1790-1875) fu il fondatore della Societ\u00e0 di Maria (Maristi), un uomo dalla fede profonda e dalla tranquilla determinazione che dedic\u00f2 la sua vita a diffondere il Vangelo nello spirito di Maria. Nato all'indomani della Rivoluzione francese, un'epoca di tumulti e cambiamenti, Colin immagin\u00f2 una missione caratterizzata da umilt\u00e0, semplicit\u00e0 e [&hellip;]","og_url":"https:\/\/maristeurope.eu\/it\/chi-siamo\/padre-jean-claude-colin\/","og_site_name":"Marist Europe","article_modified_time":"2025-04-15T12:24:28+00:00","twitter_card":"summary_large_image","twitter_misc":{"Tempo di lettura stimato":"19 minuto"},"schema":{"@context":"https:\/\/schema.org","@graph":[{"@type":"WebPage","@id":"https:\/\/maristeurope.eu\/it\/chi-siamo\/padre-jean-claude-colin\/","url":"https:\/\/maristeurope.eu\/it\/chi-siamo\/padre-jean-claude-colin\/","name":"Padre Jean-Claude Colin - Marist Europe","isPartOf":{"@id":"https:\/\/maristeurope.eu\/it\/#website"},"datePublished":"2024-12-19T10:27:23+00:00","dateModified":"2025-04-15T12:24:28+00:00","breadcrumb":{"@id":"https:\/\/maristeurope.eu\/it\/chi-siamo\/padre-jean-claude-colin\/#breadcrumb"},"inLanguage":"it-IT","potentialAction":[{"@type":"ReadAction","target":["https:\/\/maristeurope.eu\/it\/chi-siamo\/padre-jean-claude-colin\/"]}]},{"@type":"BreadcrumbList","@id":"https:\/\/maristeurope.eu\/it\/chi-siamo\/padre-jean-claude-colin\/#breadcrumb","itemListElement":[{"@type":"ListItem","position":1,"name":"Home","item":"https:\/\/maristeurope.eu\/it\/maristi\/"},{"@type":"ListItem","position":2,"name":"Chi siamo","item":"https:\/\/maristeurope.eu\/it\/chi-siamo\/"},{"@type":"ListItem","position":3,"name":"Padre Jean-Claude Colin"}]},{"@type":"WebSite","@id":"https:\/\/maristeurope.eu\/it\/#website","url":"https:\/\/maristeurope.eu\/it\/","name":"Marist Europe","description":"","publisher":{"@id":"https:\/\/maristeurope.eu\/it\/#organization"},"potentialAction":[{"@type":"SearchAction","target":{"@type":"EntryPoint","urlTemplate":"https:\/\/maristeurope.eu\/it\/?s={search_term_string}"},"query-input":{"@type":"PropertyValueSpecification","valueRequired":true,"valueName":"search_term_string"}}],"inLanguage":"it-IT"},{"@type":"Organization","@id":"https:\/\/maristeurope.eu\/it\/#organization","name":"Marist Europe","url":"https:\/\/maristeurope.eu\/it\/","logo":{"@type":"ImageObject","inLanguage":"it-IT","@id":"https:\/\/maristeurope.eu\/it\/#\/schema\/logo\/image\/","url":"https:\/\/maristeurope.eu\/wp-content\/uploads\/2024\/10\/EU-SM-Finalogo-02.png","contentUrl":"https:\/\/maristeurope.eu\/wp-content\/uploads\/2024\/10\/EU-SM-Finalogo-02.png","width":150,"height":156,"caption":"Marist Europe"},"image":{"@id":"https:\/\/maristeurope.eu\/it\/#\/schema\/logo\/image\/"}}]}},"_links":{"self":[{"href":"https:\/\/maristeurope.eu\/it\/wp-json\/wp\/v2\/pages\/3432","targetHints":{"allow":["GET"]}}],"collection":[{"href":"https:\/\/maristeurope.eu\/it\/wp-json\/wp\/v2\/pages"}],"about":[{"href":"https:\/\/maristeurope.eu\/it\/wp-json\/wp\/v2\/types\/page"}],"author":[{"embeddable":true,"href":"https:\/\/maristeurope.eu\/it\/wp-json\/wp\/v2\/users\/1"}],"replies":[{"embeddable":true,"href":"https:\/\/maristeurope.eu\/it\/wp-json\/wp\/v2\/comments?post=3432"}],"version-history":[{"count":9,"href":"https:\/\/maristeurope.eu\/it\/wp-json\/wp\/v2\/pages\/3432\/revisions"}],"predecessor-version":[{"id":7007,"href":"https:\/\/maristeurope.eu\/it\/wp-json\/wp\/v2\/pages\/3432\/revisions\/7007"}],"up":[{"embeddable":true,"href":"https:\/\/maristeurope.eu\/it\/wp-json\/wp\/v2\/pages\/2192"}],"wp:attachment":[{"href":"https:\/\/maristeurope.eu\/it\/wp-json\/wp\/v2\/media?parent=3432"}],"curies":[{"name":"wp","href":"https:\/\/api.w.org\/{rel}","templated":true}]}}