{"id":3417,"date":"2024-12-19T12:39:13","date_gmt":"2024-12-19T11:39:13","guid":{"rendered":"https:\/\/marist.sjdigitaldemo.ovh\/laici-maristi\/"},"modified":"2025-04-15T14:24:02","modified_gmt":"2025-04-15T12:24:02","slug":"laici-maristi","status":"publish","type":"page","link":"https:\/\/maristeurope.eu\/it\/laici-maristi\/","title":{"rendered":"Laici maristi"},"content":{"rendered":"<p>[et_pb_section fb_built=\"1&#8243; admin_label=\"Secci\u00f3n\" _builder_version=\"4.27.4&#8243; _module_preset=\"default\" use_background_color_gradient=\"on\" background_color_gradient_stops=\"rgba(2,48,71,0.2) 0%|rgba(2,48,71,0.4) 100%\" background_color_gradient_overlays_image=\"on\" background_image=\"https:\/\/maristeurope.eu\/wp-content\/uploads\/2025\/01\/Marist-Laity-scaled.jpeg\" background_enable_video_mp4=\"off\" custom_padding=\"16vw||4vw||false|false\" bottom_divider_style=\"ramp2&#8243; bottom_divider_color=\"#FFB703&#8243; bottom_divider_flip=\"horizontal\" global_colors_info=\"{}\"][et_pb_row make_equal=\"on\" _builder_version=\"4.27.2&#8243; _module_preset=\"default\" background_enable_color=\"off\" custom_padding=\"0px|40px|0px|40px|true|true\" animation_style=\"fade\" animation_duration=\"1500ms\" animation_delay=\"200ms\" global_colors_info=\"{}\"][et_pb_column type=\"4_4&#8243; _builder_version=\"4.27.2&#8243; _module_preset=\"default\" global_colors_info=\"{}\"][et_pb_text _builder_version=\"4.27.4&#8243; _module_preset=\"default\" header_font=\"|600||on|||||\" header_text_color=\"#FFFFFF\" header_font_size=\"4rem\" header_letter_spacing=\"4px\" header_2_text_color=\"#219EBC\" header_2_font_size=\"3.5rem\" custom_margin=\"20px||20px||true|false\" global_colors_info=\"{}\"]<\/p>\n<h1>LAIT\u00c0 MARISTA  <\/h1>\n<p>[\/et_pb_text][\/et_pb_column][\/et_pb_row][\/et_pb_section][et_pb_section fb_built=\"1&#8243; admin_label=\"Secci\u00f3n\" _builder_version=\"4.27.4&#8243; _module_preset=\"default\" background_color=\"#FFB703&#8243; background_enable_image=\"off\" background_size=\"contain\" background_position=\"bottom_left\" background_blend=\"soft-light\" custom_padding=\"6vw||0px||false|false\" global_colors_info=\"{}\"][et_pb_row column_structure=\"3_5,2_5&#8243; make_equal=\"on\" admin_label=\"Fila\" _builder_version=\"4.27.2&#8243; _module_preset=\"default\" background_enable_color=\"off\" background_enable_image=\"off\" custom_padding=\"|||40px|false|false\" border_radii=\"on|50px|50px|50px|50px\" global_colors_info=\"{}\"][et_pb_column type=\"3_5&#8243; _builder_version=\"4.27.2&#8243; _module_preset=\"default\" animation_style=\"fade\" animation_duration=\"1500ms\" animation_delay=\"200ms\" custom_css_main_element=\"margin: auto auto;\" global_colors_info=\"{}\"][et_pb_text _builder_version=\"4.27.4&#8243; _module_preset=\"default\" header_2_text_color=\"#023047&#8243; header_2_font_size=\"3rem\" animation_style=\"fade\" animation_delay=\"200ms\" locked=\"off\" global_colors_info=\"{}\"]<\/p>\n<h2 style=\"text-align: center;\"><b>Maristi laici nel mondo<\/b><span style=\"font-weight: 400;\"> <\/span><\/h2>\n<p>[\/et_pb_text][et_pb_text _builder_version=\"4.27.4&#8243; _module_preset=\"default\" text_text_color=\"#FFFFFF\" text_font_size=\"20px\" background_color=\"#FB8500&#8243; custom_padding=\"40px|40px|40px|40px|true|true\" border_radii=\"on|50px|50px|50px|50px\" global_colors_info=\"{}\"]Secondo l&#8217;intuizione di Padre Colin, la vocazione del laico marista \u00e8 quella di essere come un ponte per portare la gioia del Vangelo nel cuore del mondo alla maniera di Maria. Il ramo laico \u00e8 una parte essenziale della Famiglia Marista e l&#8217;Opera di Maria in Europa continuer\u00e0 fondamentalmente attraverso la vita e la missione dei maristi laici.[\/et_pb_text][\/et_pb_column][et_pb_column type=\"2_5&#8243; _builder_version=\"4.27.2&#8243; _module_preset=\"default\" animation_style=\"slide\" animation_direction=\"right\" animation_duration=\"1500ms\" animation_delay=\"500ms\" global_colors_info=\"{}\"][et_pb_image src=\"https:\/\/maristeurope.eu\/wp-content\/uploads\/2025\/01\/marist-laity2.jpg\" title_text=\"laici maristi2&#8243; _builder_version=\"4.27.4&#8243; _module_preset=\"default\" animation_style=\"slide\" animation_direction=\"right\" animation_duration=\"1500ms\" animation_delay=\"400ms\" border_radii=\"on|50px|50px|50px|50px\" global_colors_info=\"{}\"][\/et_pb_image][\/et_pb_column][\/et_pb_row][et_pb_row _builder_version=\"4.27.4&#8243; _module_preset=\"default\" global_colors_info=\"{}\"][et_pb_column type=\"4_4&#8243; _builder_version=\"4.27.4&#8243; _module_preset=\"default\" global_colors_info=\"{}\"][et_pb_text _builder_version=\"4.27.4&#8243; _module_preset=\"default\" text_text_color=\"#023047&#8243; text_font_size=\"20px\" custom_padding=\"2vw|5vw|2vw|5vw|true|true\" global_colors_info=\"{}\"]<\/p>\n<p>Fin dall&#8217;inizio, il progetto marista prevedeva - insieme ai Padri, ai Fratelli, alle Sorelle, alle Suore Missionarie - un ramo aperto a donne e uomini laici,<strong> un&#8217;associazione a disposizione di tutte le persone<\/strong> indipendentemente dalla loro situazione, et\u00e0 o condizione. Tutti sono membri indispensabili del corpo della Societ\u00e0 di Maria, condividendo la <strong>missione comune di fare ed essere l&#8217;Opera di Maria<\/strong> nel mondo - per costruire una comunit\u00e0 di credenti con un&#8217;unica mente e un unico cuore. <\/p>\n<p>[\/et_pb_text][\/et_pb_column][\/et_pb_row][et_pb_row column_structure=\"3_5,2_5&#8243; _builder_version=\"4.27.2&#8243; _module_preset=\"default\" custom_margin=\"|auto|-31px|auto||\" global_colors_info=\"{}\"][et_pb_column type=\"3_5&#8243; _builder_version=\"4.27.2&#8243; _module_preset=\"default\" global_colors_info=\"{}\"][et_pb_text _builder_version=\"4.27.4&#8243; _module_preset=\"default\" text_text_color=\"#FFFFFF\" text_font_size=\"20px\" background_color=\"#219EBC\" custom_padding=\"40px|40px|40px|40px|true|true\" border_radii=\"on|50px|50px|50px|50px\" global_colors_info=\"{}\"]<\/p>\n<p>Esiste una <strong>serie di gruppi laici maristi e di forme di associazione<\/strong> in tutto il mondo. Riconosciamo un crescente desiderio da parte di questi gruppi di essere associati al progetto marista e di approfondire la loro comprensione del carisma marista e delle opere che ne derivano. Insieme agli altri rami, i Laici Maristi stanno costruendo il volto mariano della Chiesa. La loro identit\u00e0 cristiana \u00e8 plasmata dalla spiritualit\u00e0 e dalla missione marista e si sforzano di essere la presenza di Maria nel mondo.   <\/p>\n<p>[\/et_pb_text][\/et_pb_column][et_pb_column type=\"2_5&#8243; _builder_version=\"4.27.2&#8243; _module_preset=\"default\" global_colors_info=\"{}\"][et_pb_text _builder_version=\"4.27.4&#8243; _module_preset=\"default\" text_text_color=\"#FFFFFF\" text_font_size=\"20px\" background_color=\"#023047&#8243; custom_padding=\"40px|40px|40px|40px|true|true\" border_radii=\"on|50px|50px|50px|50px\" global_colors_info=\"{}\"]<\/p>\n<p>Nel 2007 i gruppi di laici maristi in Europa hanno istituito un gruppo di coordinamento con incontri regolari per coordinare i loro sforzi come ramo laico della Famiglia Marista.<br \/>Puoi leggere gli Statuti dei Laici Maristi Europei <strong>qui<\/strong>.<\/p>\n<p>[\/et_pb_text][\/et_pb_column][\/et_pb_row][\/et_pb_section][et_pb_section fb_built=\"1&#8243; _builder_version=\"4.27.4&#8243; _module_preset=\"default\" background_color=\"#FFFAF2&#8243; background_enable_image=\"off\" custom_padding=\"8vw||8vw||true|false\" top_divider_style=\"ramp\" top_divider_color=\"#FFB703&#8243; global_colors_info=\"{}\"][et_pb_row column_structure=\"3_5,2_5&#8243; make_equal=\"on\" _builder_version=\"4.27.2&#8243; _module_preset=\"default\" global_colors_info=\"{}\"][et_pb_column type=\"3_5&#8243; _builder_version=\"4.27.2&#8243; _module_preset=\"default\" custom_css_main_element=\"margin: auto;\" global_colors_info=\"{}\"][et_pb_text _builder_version=\"4.27.4&#8243; _module_preset=\"default\" text_text_color=\"#023047&#8243; text_font_size=\"18px\" text_line_height=\"1.6em\" animation_style=\"slide\" animation_duration=\"1500ms\" animation_delay=\"200ms\" global_colors_info=\"{}\"]<\/p>\n<p><span style=\"font-weight: 400;\"><strong>Italia<\/strong>: Paolo Serafini <\/span><a href=\"mailto:paolo.sera63@gmail.com\"><span style=\"font-weight: 400;\">paolo.sera63@gmail.com<\/span><\/a><\/p>\n<p><span style=\"font-weight: 400;\"><strong>Spagna<\/strong>: David Sanz <\/span><a href=\"mailto:dasadedi@gmail.com\"><span style=\"font-weight: 400;\">dasadedi@gmail.com<\/span><\/a><\/p>\n<p><span style=\"font-weight: 400;\"><strong>Norvegia<\/strong>: Siri-Beate Hagen <\/span><a href=\"mailto:siri.beate.hagen@gmail.com\"><span style=\"font-weight: 400;\">siri.beate.hagen@gmail.com<\/span><\/a><\/p>\n<p><span style=\"font-weight: 400;\"><strong>Irlanda<\/strong>: Eileen McCann <\/span><a href=\"mailto:eibhlinnicanna@eircom.net\"><span style=\"font-weight: 400;\">eibhlinnicanna@eircom.net<\/span><\/a><\/p>\n<p><span style=\"font-weight: 400;\"><strong>Inghilterra<\/strong>: Pat O&#8217;Connor <\/span><a href=\"mailto:patriciaoconnor44@gmail.com\"><span style=\"font-weight: 400;\">patriciaoconnor44@gmail.com<\/span><\/a><span style=\"font-weight: 400;\"> <\/span><\/p>\n<p><span style=\"font-weight: 400;\"><strong>Francia<\/strong>: <\/span><a href=\"http:\/\/www.maristeslaics.fr\/\"><span style=\"font-weight: 400;\">www.maristeslaics.fr<\/span><\/a><span style=\"font-weight: 400;\"> Maristes La\u00efcs, 104 Rue de Vaugirard, 75006 Parigi, Francia Presidente: Bernard Fenet +33 67444 7396<\/span><span style=\"font-weight: 400;\"><br \/><\/span><span style=\"font-weight: 400;\">Odile de Villenaut <\/span><a href=\"mailto:odiledevillenaut@hotmail.com\"><span style=\"font-weight: 400;\">odiledevillenaut@hotmail.com<\/span><\/a><\/p>\n<p><span style=\"font-weight: 400;\"><strong>Germania<\/strong>: P. Wilhelm Tangen   <\/span><a href=\"mailto:wtangen@gmail.com\"><span style=\"font-weight: 400;\">wtangen@gmail.com<\/span><\/a><\/p>\n<p><span style=\"font-weight: 400;\"><strong>Paesi Bassi<\/strong>: Padre Jan Hulshof <\/span><a href=\"mailto:janhulshof41@gmail.com\"><span style=\"font-weight: 400;\">janhulshof41@gmail.com<\/span><\/a><\/p>\n<p>[\/et_pb_text][\/et_pb_column][et_pb_column type=\"2_5&#8243; _builder_version=\"4.27.2&#8243; _module_preset=\"default\" global_colors_info=\"{}\"][et_pb_image src=\"https:\/\/maristeurope.eu\/wp-content\/uploads\/2024\/12\/IMG_0984.jpg\" title_text=\"IMG_0984&#8243; _builder_version=\"4.27.4&#8243; _module_preset=\"default\" animation_style=\"slide\" animation_direction=\"right\" animation_duration=\"1500ms\" animation_delay=\"400ms\" border_radii=\"on|50px|50px|50px|50px\" global_colors_info=\"{}\"][\/et_pb_image][\/et_pb_column][\/et_pb_row][\/et_pb_section]<\/p>\n","protected":false},"excerpt":{"rendered":"<p>LAIT\u00c0 MARISTA Maristi laici nel mondo Secondo l&#8217;intuizione di Padre Colin, la vocazione del laico marista \u00e8 quella di essere come un ponte per portare la gioia del Vangelo nel cuore del mondo alla maniera di Maria. Il ramo laico \u00e8 una parte essenziale della Famiglia Marista e l&#8217;Opera di Maria in Europa continuer\u00e0 fondamentalmente [&hellip;]<\/p>\n","protected":false},"author":1,"featured_media":0,"parent":0,"menu_order":0,"comment_status":"closed","ping_status":"closed","template":"","meta":{"_et_pb_use_builder":"on","_et_pb_old_content":"","_et_gb_content_width":"","footnotes":""},"class_list":["post-3417","page","type-page","status-publish","hentry"],"yoast_head":"<!-- This site is optimized with the Yoast SEO plugin v27.5 - https:\/\/yoast.com\/product\/yoast-seo-wordpress\/ -->\n<title>Laici maristi - Marist Europe<\/title>\n<meta name=\"robots\" content=\"index, follow, max-snippet:-1, max-image-preview:large, max-video-preview:-1\" \/>\n<link rel=\"canonical\" href=\"https:\/\/maristeurope.eu\/it\/laici-maristi\/\" \/>\n<meta property=\"og:locale\" content=\"it_IT\" \/>\n<meta property=\"og:type\" content=\"article\" \/>\n<meta property=\"og:title\" content=\"Laici maristi - Marist Europe\" \/>\n<meta property=\"og:description\" content=\"LAIT\u00c0 MARISTA Maristi laici nel mondo Secondo l&#039;intuizione di Padre Colin, la vocazione del laico marista \u00e8 quella di essere come un ponte per portare la gioia del Vangelo nel cuore del mondo alla maniera di Maria. Il ramo laico \u00e8 una parte essenziale della Famiglia Marista e l&#039;Opera di Maria in Europa continuer\u00e0 fondamentalmente [&hellip;]\" \/>\n<meta property=\"og:url\" content=\"https:\/\/maristeurope.eu\/it\/laici-maristi\/\" \/>\n<meta property=\"og:site_name\" content=\"Marist Europe\" \/>\n<meta property=\"article:modified_time\" content=\"2025-04-15T12:24:02+00:00\" \/>\n<meta name=\"twitter:card\" content=\"summary_large_image\" \/>\n<meta name=\"twitter:label1\" content=\"Tempo di lettura stimato\" \/>\n\t<meta name=\"twitter:data1\" content=\"6 minuto\" \/>\n<script type=\"application\/ld+json\" class=\"yoast-schema-graph\">{\"@context\":\"https:\\\/\\\/schema.org\",\"@graph\":[{\"@type\":\"WebPage\",\"@id\":\"https:\\\/\\\/maristeurope.eu\\\/it\\\/laici-maristi\\\/\",\"url\":\"https:\\\/\\\/maristeurope.eu\\\/it\\\/laici-maristi\\\/\",\"name\":\"Laici maristi - Marist Europe\",\"isPartOf\":{\"@id\":\"https:\\\/\\\/maristeurope.eu\\\/it\\\/#website\"},\"datePublished\":\"2024-12-19T11:39:13+00:00\",\"dateModified\":\"2025-04-15T12:24:02+00:00\",\"breadcrumb\":{\"@id\":\"https:\\\/\\\/maristeurope.eu\\\/it\\\/laici-maristi\\\/#breadcrumb\"},\"inLanguage\":\"it-IT\",\"potentialAction\":[{\"@type\":\"ReadAction\",\"target\":[\"https:\\\/\\\/maristeurope.eu\\\/it\\\/laici-maristi\\\/\"]}]},{\"@type\":\"BreadcrumbList\",\"@id\":\"https:\\\/\\\/maristeurope.eu\\\/it\\\/laici-maristi\\\/#breadcrumb\",\"itemListElement\":[{\"@type\":\"ListItem\",\"position\":1,\"name\":\"Home\",\"item\":\"https:\\\/\\\/maristeurope.eu\\\/it\\\/maristi\\\/\"},{\"@type\":\"ListItem\",\"position\":2,\"name\":\"Laici maristi\"}]},{\"@type\":\"WebSite\",\"@id\":\"https:\\\/\\\/maristeurope.eu\\\/it\\\/#website\",\"url\":\"https:\\\/\\\/maristeurope.eu\\\/it\\\/\",\"name\":\"Marist Europe\",\"description\":\"\",\"publisher\":{\"@id\":\"https:\\\/\\\/maristeurope.eu\\\/it\\\/#organization\"},\"potentialAction\":[{\"@type\":\"SearchAction\",\"target\":{\"@type\":\"EntryPoint\",\"urlTemplate\":\"https:\\\/\\\/maristeurope.eu\\\/it\\\/?s={search_term_string}\"},\"query-input\":{\"@type\":\"PropertyValueSpecification\",\"valueRequired\":true,\"valueName\":\"search_term_string\"}}],\"inLanguage\":\"it-IT\"},{\"@type\":\"Organization\",\"@id\":\"https:\\\/\\\/maristeurope.eu\\\/it\\\/#organization\",\"name\":\"Marist Europe\",\"url\":\"https:\\\/\\\/maristeurope.eu\\\/it\\\/\",\"logo\":{\"@type\":\"ImageObject\",\"inLanguage\":\"it-IT\",\"@id\":\"https:\\\/\\\/maristeurope.eu\\\/it\\\/#\\\/schema\\\/logo\\\/image\\\/\",\"url\":\"https:\\\/\\\/maristeurope.eu\\\/wp-content\\\/uploads\\\/2024\\\/10\\\/EU-SM-Finalogo-02.png\",\"contentUrl\":\"https:\\\/\\\/maristeurope.eu\\\/wp-content\\\/uploads\\\/2024\\\/10\\\/EU-SM-Finalogo-02.png\",\"width\":150,\"height\":156,\"caption\":\"Marist Europe\"},\"image\":{\"@id\":\"https:\\\/\\\/maristeurope.eu\\\/it\\\/#\\\/schema\\\/logo\\\/image\\\/\"}}]}<\/script>\n<!-- \/ Yoast SEO plugin. -->","yoast_head_json":{"title":"Laici maristi - Marist Europe","robots":{"index":"index","follow":"follow","max-snippet":"max-snippet:-1","max-image-preview":"max-image-preview:large","max-video-preview":"max-video-preview:-1"},"canonical":"https:\/\/maristeurope.eu\/it\/laici-maristi\/","og_locale":"it_IT","og_type":"article","og_title":"Laici maristi - Marist Europe","og_description":"LAIT\u00c0 MARISTA Maristi laici nel mondo Secondo l'intuizione di Padre Colin, la vocazione del laico marista \u00e8 quella di essere come un ponte per portare la gioia del Vangelo nel cuore del mondo alla maniera di Maria. Il ramo laico \u00e8 una parte essenziale della Famiglia Marista e l'Opera di Maria in Europa continuer\u00e0 fondamentalmente [&hellip;]","og_url":"https:\/\/maristeurope.eu\/it\/laici-maristi\/","og_site_name":"Marist Europe","article_modified_time":"2025-04-15T12:24:02+00:00","twitter_card":"summary_large_image","twitter_misc":{"Tempo di lettura stimato":"6 minuto"},"schema":{"@context":"https:\/\/schema.org","@graph":[{"@type":"WebPage","@id":"https:\/\/maristeurope.eu\/it\/laici-maristi\/","url":"https:\/\/maristeurope.eu\/it\/laici-maristi\/","name":"Laici maristi - Marist Europe","isPartOf":{"@id":"https:\/\/maristeurope.eu\/it\/#website"},"datePublished":"2024-12-19T11:39:13+00:00","dateModified":"2025-04-15T12:24:02+00:00","breadcrumb":{"@id":"https:\/\/maristeurope.eu\/it\/laici-maristi\/#breadcrumb"},"inLanguage":"it-IT","potentialAction":[{"@type":"ReadAction","target":["https:\/\/maristeurope.eu\/it\/laici-maristi\/"]}]},{"@type":"BreadcrumbList","@id":"https:\/\/maristeurope.eu\/it\/laici-maristi\/#breadcrumb","itemListElement":[{"@type":"ListItem","position":1,"name":"Home","item":"https:\/\/maristeurope.eu\/it\/maristi\/"},{"@type":"ListItem","position":2,"name":"Laici maristi"}]},{"@type":"WebSite","@id":"https:\/\/maristeurope.eu\/it\/#website","url":"https:\/\/maristeurope.eu\/it\/","name":"Marist Europe","description":"","publisher":{"@id":"https:\/\/maristeurope.eu\/it\/#organization"},"potentialAction":[{"@type":"SearchAction","target":{"@type":"EntryPoint","urlTemplate":"https:\/\/maristeurope.eu\/it\/?s={search_term_string}"},"query-input":{"@type":"PropertyValueSpecification","valueRequired":true,"valueName":"search_term_string"}}],"inLanguage":"it-IT"},{"@type":"Organization","@id":"https:\/\/maristeurope.eu\/it\/#organization","name":"Marist Europe","url":"https:\/\/maristeurope.eu\/it\/","logo":{"@type":"ImageObject","inLanguage":"it-IT","@id":"https:\/\/maristeurope.eu\/it\/#\/schema\/logo\/image\/","url":"https:\/\/maristeurope.eu\/wp-content\/uploads\/2024\/10\/EU-SM-Finalogo-02.png","contentUrl":"https:\/\/maristeurope.eu\/wp-content\/uploads\/2024\/10\/EU-SM-Finalogo-02.png","width":150,"height":156,"caption":"Marist Europe"},"image":{"@id":"https:\/\/maristeurope.eu\/it\/#\/schema\/logo\/image\/"}}]}},"_links":{"self":[{"href":"https:\/\/maristeurope.eu\/it\/wp-json\/wp\/v2\/pages\/3417","targetHints":{"allow":["GET"]}}],"collection":[{"href":"https:\/\/maristeurope.eu\/it\/wp-json\/wp\/v2\/pages"}],"about":[{"href":"https:\/\/maristeurope.eu\/it\/wp-json\/wp\/v2\/types\/page"}],"author":[{"embeddable":true,"href":"https:\/\/maristeurope.eu\/it\/wp-json\/wp\/v2\/users\/1"}],"replies":[{"embeddable":true,"href":"https:\/\/maristeurope.eu\/it\/wp-json\/wp\/v2\/comments?post=3417"}],"version-history":[{"count":7,"href":"https:\/\/maristeurope.eu\/it\/wp-json\/wp\/v2\/pages\/3417\/revisions"}],"predecessor-version":[{"id":6982,"href":"https:\/\/maristeurope.eu\/it\/wp-json\/wp\/v2\/pages\/3417\/revisions\/6982"}],"wp:attachment":[{"href":"https:\/\/maristeurope.eu\/it\/wp-json\/wp\/v2\/media?parent=3417"}],"curies":[{"name":"wp","href":"https:\/\/api.w.org\/{rel}","templated":true}]}}