{"id":2252,"date":"2024-10-07T13:31:17","date_gmt":"2024-10-07T11:31:17","guid":{"rendered":"https:\/\/marist.sjdigitaldemo.ovh\/comunita\/"},"modified":"2025-03-09T17:03:03","modified_gmt":"2025-03-09T17:03:03","slug":"comunita","status":"publish","type":"page","link":"https:\/\/maristeurope.eu\/it\/comunita\/","title":{"rendered":"Comunit\u00e0"},"content":{"rendered":"<p>[et_pb_section fb_built=\"1&#8243; admin_label=\"Secci\u00f3n\" _builder_version=\"4.27.4&#8243; _module_preset=\"default\" use_background_color_gradient=\"on\" background_color_gradient_stops=\"rgba(2,48,71,0.2) 0%|rgba(2,48,71,0.4) 100%\" background_color_gradient_overlays_image=\"on\" background_image=\"https:\/\/maristeurope.eu\/wp-content\/uploads\/2025\/01\/community-header-1.jpg\" background_position=\"top_center\" background_enable_video_mp4=\"off\" custom_padding=\"16vw||4vw||false|false\" bottom_divider_style=\"ramp2&#8243; bottom_divider_color=\"#FFFAF2&#8243; bottom_divider_flip=\"horizontal\" global_colors_info=\"{}\"][et_pb_row make_equal=\"on\" _builder_version=\"4.27.2&#8243; _module_preset=\"default\" background_enable_color=\"off\" custom_padding=\"0px|40px|0px|40px|true|true\" animation_style=\"fade\" animation_duration=\"1500ms\" animation_delay=\"200ms\" global_colors_info=\"{}\"][et_pb_column type=\"4_4&#8243; _builder_version=\"4.27.2&#8243; _module_preset=\"default\" global_colors_info=\"{}\"][et_pb_text _builder_version=\"4.27.2&#8243; _module_preset=\"default\" header_font=\"|600||on|||||\" header_text_color=\"#FFFFFF\" header_font_size=\"4rem\" header_letter_spacing=\"4px\" header_2_text_color=\"#219EBC\" header_2_font_size=\"3.5rem\" custom_margin=\"20px||20px||true|false\" global_colors_info=\"{}\"]<\/p>\n<h1>Provincia Europea<\/h1>\n<p>[\/et_pb_text][\/et_pb_column][\/et_pb_row][\/et_pb_section][et_pb_section fb_built=\"1&#8243; admin_label=\"Secci\u00f3n\" _builder_version=\"4.27.2&#8243; _module_preset=\"default\" background_color=\"#FFFAF2&#8243; background_image=\"https:\/\/maristeurope.eu\/wp-content\/uploads\/2024\/11\/Fondo-de-_DSC3323-copia-eliminado.png\" background_size=\"contain\" background_position=\"bottom_left\" background_blend=\"soft-light\" custom_padding=\"6vw||0px||false|false\" global_colors_info=\"{}\"][et_pb_row column_structure=\"2_3,1_3&#8243; make_equal=\"on\" admin_label=\"Fila\" _builder_version=\"4.27.2&#8243; _module_preset=\"default\" background_enable_color=\"off\" background_enable_image=\"off\" custom_padding=\"|||40px|false|false\" border_radii=\"on|50px|50px|50px|50px\" global_colors_info=\"{}\"][et_pb_column type=\"2_3&#8243; _builder_version=\"4.27.2&#8243; _module_preset=\"default\" animation_style=\"fade\" animation_duration=\"1500ms\" animation_delay=\"200ms\" custom_css_main_element=\"margin: auto auto;\" global_colors_info=\"{}\"][et_pb_text _builder_version=\"4.27.2&#8243; _module_preset=\"default\" text_text_color=\"#023047&#8243; text_font_size=\"20px\" global_colors_info=\"{}\"]<\/p>\n<h2>La forza dell&#8217;unit\u00e0<\/h2>\n<p>I Padri e i Fratelli Maristi della Societ\u00e0 di Maria in Europa sono un ramo della congregazione internazionale. Anche se di solito ci si riferisce ai \"Padri Maristi\", il nome ufficiale della congregazione \u00e8 Societ\u00e0 di Maria. <\/p>\n<p>[\/et_pb_text][\/et_pb_column][et_pb_column type=\"1_3&#8243; _builder_version=\"4.27.2&#8243; _module_preset=\"default\" animation_style=\"slide\" animation_direction=\"right\" animation_duration=\"1500ms\" animation_delay=\"500ms\" global_colors_info=\"{}\"][et_pb_image src=\"https:\/\/maristeurope.eu\/wp-content\/uploads\/2024\/10\/SM-Vocations-LOGO-transparent-e1728305138154.png\" title_text=\"SM Vocazioni LOGO trasparente\" _builder_version=\"4.27.2&#8243; _module_preset=\"default\" global_colors_info=\"{}\"][\/et_pb_image][\/et_pb_column][\/et_pb_row][et_pb_row column_structure=\"3_5,2_5&#8243; _builder_version=\"4.27.2&#8243; _module_preset=\"default\" custom_margin=\"|auto|-31px|auto||\" global_colors_info=\"{}\"][et_pb_column type=\"3_5&#8243; _builder_version=\"4.27.2&#8243; _module_preset=\"default\" global_colors_info=\"{}\"][et_pb_text _builder_version=\"4.27.2&#8243; _module_preset=\"default\" text_text_color=\"#FFFFFF\" text_font_size=\"20px\" background_color=\"#219EBC\" custom_padding=\"40px|40px|40px|40px|true|true\" border_radii=\"on|50px|50px|50px|50px\" global_colors_info=\"{}\"]<\/p>\n<p>La nostra <strong>Provincia Europea <\/strong>\u00e8 nata nel 2008 unendo le 7 diverse province europee, situate in 8 paesi: Francia, Irlanda, Germania, Italia, Spagna, Paesi Bassi, Norvegia e Inghilterra.<\/p>\n<p>[\/et_pb_text][\/et_pb_column][et_pb_column type=\"2_5&#8243; _builder_version=\"4.27.2&#8243; _module_preset=\"default\" global_colors_info=\"{}\"][\/et_pb_column][\/et_pb_row][\/et_pb_section][et_pb_section fb_built=\"1&#8243; _builder_version=\"4.27.4&#8243; _module_preset=\"default\" background_color=\"#FFFAF2&#8243; custom_padding=\"||6vw||false|false\" top_divider_arrangement=\"above_content\" bottom_divider_style=\"wave\" bottom_divider_color=\"#023047&#8243; bottom_divider_height=\"68px\" bottom_divider_flip=\"horizontal\" global_colors_info=\"{}\"][et_pb_row _builder_version=\"4.27.4&#8243; _module_preset=\"default\" background_enable_color=\"off\" custom_padding=\"0px||0px||false|false\" global_colors_info=\"{}\"][et_pb_column type=\"4_4&#8243; _builder_version=\"4.27.4&#8243; _module_preset=\"default\" global_colors_info=\"{}\"][et_pb_code _builder_version=\"4.27.4&#8243; _module_preset=\"default\" filter_hue_rotate=\"180deg\" filter_saturate=\"200%\" filter_brightness=\"75%\" filter_invert=\"100%\" border_radii=\"on|50px|50px|50px|50px\" global_colors_info=\"{}\"]    <div id=\"sjd-locations-map\" class=\"sjd-locations-map-container\" style=\"height: 600px; width: 100%;\"><\/div>\n    <script>\n        \/\/ Variable global con las localizaciones\n        const sjdLocations = [{\"name\":\"Dundalk Cerdon\",\"address\":\"Cerdon Marist Community, St Mary\\u2019s Road, Dundalk, Co. Louth A91 A7D5 Ireland\",\"phone\":\"+353 42 933 4019\",\"email\":\"\",\"website\":\"\",\"description\":\"<!-- wp:paragraph {\\\"translatedWithWPMLTM\\\":\\\"1\\\"} -->\\n<p>Siamo una comunit\\u00e0 di maristi in pensione, alcuni dei quali sono impegnati nel ministero pastorale e nel lavoro di cappellano nella scuola marista, il St Mary's College. Il complesso scolastico comprende la chiesa di St Mary, aperta al pubblico e nota per la sua splendida architettura in pietra, che comprende pareti in granito ben eseguite e vetrate colorate. <\\\/p>\\n<!-- \\\/wp:paragraph --><!-- wp:paragraph {\\\"translatedWithWPMLTM\\\":\\\"1\\\"} -->\\n<p>St Mary's College Dundalk: 6 Nicholas Street, Dundalk, Co. Louth A91 AD05 Irlanda <a href=\\\"http:\\\/\\\/www.maristdundalk.ie\\\">www.maristdundalk.ie<\\\/a> <\\\/p>\\n<!-- \\\/wp:paragraph -->\"},{\"name\":\"Dublino Donore Avenue\",\"address\":\"Marist Community, St. Teresa\\u2019s Parish House, 78A Donore Avenue, Dublin 8 D08 A06W, Ireland\",\"phone\":\"+353 1 454 2425\",\"email\":\"info@donoreavenueparish.ie\",\"website\":\"https:\\\/\\\/www.donoreavenueparish.ie\",\"description\":\"<!-- wp:paragraph {\\\"translatedWithWPMLTM\\\":\\\"1\\\"} -->\\n<p>La parrocchia di Santa Teresa \\u00e8 affidata alla comunit\\u00e0 marista e si trova in una zona difficile della citt\\u00e0. Siamo una parrocchia aperta e inclusiva che accoglie tutte le persone nella nostra chiesa. Ci impegniamo a esplorare nuove opportunit\\u00e0 per incoraggiare con rispetto tutti a partecipare attivamente alla vita della parrocchia. Santa Teresa aspira ad essere una chiesa viva che testimonia la propria eredit\\u00e0 spirituale attraverso la centralit\\u00e0 della preghiera e del culto e l'impegno per la giustizia sociale.   <\\\/p>\\n<!-- \\\/wp:paragraph --><!-- wp:paragraph {\\\"translatedWithWPMLTM\\\":\\\"1\\\"} -->\\n<p>La comunit\\u00e0 fornisce anche supporto al team di cappellani della Marist Catholic University School nel centro di Dublino. CUS (Catholic University School) 89 Lower Leeson Street Dublin 02 KC81 Ireland <a href=\\\"http:\\\/\\\/www.cus.ie\\\">www.cus.ie<\\\/a> <\\\/p>\\n<!-- \\\/wp:paragraph -->\"},{\"name\":\"Parrocchia di San Brendan\",\"address\":\"Coolock Village, Dublin 5 D05 XK51, Ireland\",\"phone\":\"+353 1 848 0102\",\"email\":\"office@stbrendanscoolock.org\",\"website\":\"https:\\\/\\\/www.stbrendanscoolock.org\",\"description\":\"<!-- wp:paragraph {\\\"translatedWithWPMLTM\\\":\\\"1\\\"} -->\\n<p>La parrocchia \\u00e8 affidata alla comunit\\u00e0 marista. La comunit\\u00e0 \\u00e8 relativamente piccola, con circa mille famiglie. La nostra missione recita: <em>\\\"St Brendan's \\u00e8 una parrocchia cattolica attenta e ispirata dal Vangelo, che celebra e lavora insieme per costruire una comunit\\u00e0 di giustizia, amore e pace\\\".<\\\/em> La vitalit\\u00e0 della comunit\\u00e0 \\u00e8 testimoniata dalla grande variet\\u00e0 di gruppi presenti all'interno della parrocchia: il Consiglio Pastorale, il Comitato delle Finanze, l'equipe per i battesimi, l'equipe per i funerali, il gruppo per la liturgia guidata dai laici, i ministri dell'Eucaristia, i ministri della Parola, i musicisti e i cantanti, la Societ\\u00e0 di San Vincenzo de' Paoli, il gruppo per la cura del pianeta, per non parlare di tutti i gruppi che utilizzano il centro parrocchiale.   <\\\/p>\\n<!-- \\\/wp:paragraph -->\"},{\"name\":\"Dublino Coolock\",\"address\":\"Chanel Marist Community, Coolock, Dublin 5, D05 KV62, Ireland\",\"phone\":\"+353 1 847 7133\",\"email\":\"admin@maristfathers.ie\",\"website\":\"https:\\\/\\\/www.maristfathers.ie\",\"description\":\"<!-- wp:paragraph {\\\"translatedWithWPMLTM\\\":\\\"1\\\"} -->\\n<p>Il nostro ministero consiste nell'essere una presenza marista nella chiesa locale. Lo facciamo celebrando i sacramenti nella chiesa locale di St Brendan's; fornendo un servizio di cappellania alla nostra scuola secondaria marista, il Chanel College; cappellania a due conventi locali. Ci sono otto membri che vivono nella comunit\\u00e0 e due confratelli in case di riposo locali. Il ministero del servizio d'amore reciproco nella comunit\\u00e0 \\u00e8 un apostolato primario.   <\\\/p>\\n<!-- \\\/wp:paragraph -->\"},{\"name\":\"Hulst\",\"address\":\"Paters Maristen, Zandstraat 10, 4561 SC Hulst, Nederland\",\"phone\":\"+31 114 852 459\",\"email\":\"maristenhulst@paters-maristen.nl\",\"website\":\"\",\"description\":\"Una comunit\\u00e0 di maristi in pensione, alcuni dei quali sono impegnati nel ministero pastorale a sostegno della chiesa locale.\"},{\"name\":\"Walsingham-Wells\",\"address\":\"Catholic Church of the Annunciation, Friday Market, Little Walsingham, NR22 6DB, UK\",\"phone\":\"+44 1328 713044\",\"email\":\"annunciation22@gmail.com\",\"website\":\"https:\\\/\\\/www.catholicparishofwalsingham.org\",\"description\":\"La comunit\\u00e0 \\u00e8 responsabile della cura pastorale di un'ampia parrocchia rurale con quattro chiese nella zona costiera del North Norfolk, incentrata sul villaggio di Walsingham. Cerchiamo di promuovere la visione della Chiesa del Vaticano II e il suo sviluppo nelle iniziative di Papa Francesco. \"},{\"name\":\"Hull\",\"address\":\"Marist Community, Newman House, 729 Beverley Road, Hull HU6 7ER, UK\",\"phone\":\"+44 1482 856884\",\"email\":\"\",\"website\":\"\",\"description\":\"Il nostro ministero qui \\u00e8 quello di contribuire alla vita della chiesa locale nello Spirito di Maria. Lo facciamo visitando gli anziani e i degenti, partecipando a incontri interreligiosi e a riunioni ecumeniche. Svolgiamo lavori di fornitura nelle parrocchie locali, organizziamo giornate di ritiro per i gruppi locali e lavoriamo nei centri di accoglienza per i rifugiati e i richiedenti asilo. Come parte della famiglia marista, sosteniamo e incoraggiamo i laici maristi nella loro vocazione.   \"},{\"name\":\"Sahag\\u00fan\",\"address\":\"Padres Maristas, Calle Do\\u00f1a Constanza 9, 24320 Sahag\\u00fan, Spain\",\"phone\":\"+34 987 780 851\",\"email\":\"alberguesantacruzsahagun@gmail.com\",\"website\":\"https:\\\/\\\/www.alberguesensahagun.es\",\"description\":\"Nel 2018 abbiamo intrapreso un nuovo ministero nella Provincia Europea: l'accoglienza cristiana dei pellegrini sul Cammino di Santiago. Come luogo \\u00e8 stata scelta Sahag\\u00fan, dove abbiamo affittato l'ex foresteria di un monastero benedettino, risalente al XVI secolo. Siamo una comunit\\u00e0 marista internazionale e facciamo parte delle comunit\\u00e0 <em>Omnes Gentes<\\\/em> della Societ\\u00e0 di Maria. Invitiamo religiosi e laici a partecipare alla nostra missione per un periodo di tempo come volontari.   \"},{\"name\":\"Madrid\",\"address\":\"Padres Maristas, Calle Olivos 10, 28003 Madrid, Spain\",\"phone\":\"+34 91 533 96 22\",\"email\":\"padresmaristas.esp@gmail.com\",\"website\":\"\",\"description\":\"Siamo a Madrid dal 1924. La guerra civile del 1936 pose fine alla scuola appena iniziata. La nostra missione \\u00e8 offrire ospitalit\\u00e0 ai maristi e ospitare gli uffici amministrativi in Spagna. Siamo impegnati in vari altri ministeri in base alla nostra et\\u00e0 e al nostro carisma.   \"},{\"name\":\"Le\\u00f3n Casa Sacerdotale\",\"address\":\"Padres Maristas, Casa Sacerdotal, Calle Obispo Almarcha 22, 24006 Le\\u00f3n, Spain\",\"phone\":\"+34 987 258 050\",\"email\":\"padresmaristasleon@gmail.com\",\"website\":\"\",\"description\":\"Dal 2017 viviamo insieme a sacerdoti diocesani attivi e in pensione nella Residenza per sacerdoti della diocesi di Le\\u00f3n. La comunit\\u00e0 \\u00e8 composta da maristi in pensione e alcuni di loro svolgono ancora servizi pastorali nella diocesi, compreso il lavoro con le comunit\\u00e0 di migranti. \"},{\"name\":\"Str\\u00f8mmen\",\"address\":\"Maristua, Kroken 15, NO-1466 Str\\u00f8mmen, Norway\",\"phone\":\"+47 6381 9376\",\"email\":\"maristene@katolsk.no\",\"website\":\"\",\"description\":\"La presenza marista in Norvegia risale al 1925 quando P. Jacob Mangers sm, che in seguito divenne vescovo di Oslo, arriv\\u00f2 per aiutare la piccola chiesa nella diaspora cattolica del Nord. Dal 2001, la comunit\\u00e0 ha sede a Maristua, Str\\u00f8mmen, nella periferia di Oslo. I membri sono impegnati in attivit\\u00e0 di ritiro, pastorale giovanile e parrocchiale nella zona.   \"},{\"name\":\"Londra - Notre Dame de France\",\"address\":\"5 Leicester Place, London WC2H 7BX, UK\",\"phone\":\"+44 20 7437 9363\",\"email\":\"info@ndfchurch.org\",\"website\":\"https:\\\/\\\/www.ndfchurch.org\",\"description\":\"La chiesa cattolica francofona e la cappellania nel centro di Londra, affidata alle cure pastorali delle comunit\\u00e0 mariste dal 1865. La nostra missione marista consiste nel formare una comunit\\u00e0 di fedeli impegnata nell'evangelizzazione con parole e azioni. Questo comporta la cura pastorale della comunit\\u00e0 francofona, il sostegno ai rifugiati e ai richiedenti asilo e il raggiungimento di altri nel West End di Londra, in particolare di coloro che vivono in condizioni di disagio.  \\n\\nIl <strong>Sandwich Service <\\\/strong>accoglie i senzatetto e gli altri bisognosi il sabato con panini e, cosa forse pi\\u00f9 importante, con l'opportunit\\u00e0 di chiacchierare e rilassarsi per qualche ora.\\n\\nIl <strong>Notre Dame Refugee Centre<\\\/strong><a href=\\\"http:\\\/\\\/www.notredamerc.org.uk\\\">(www.notredamerc.org.uk)<\\\/a> accoglie richiedenti asilo e rifugiati in un centro di accoglienza che offre supporto generale, uno spazio di socializzazione, consulenza in materia di immigrazione e alloggio, corsi di inglese, vestiti e articoli da toilette gratuiti.\"},{\"name\":\"Lione\",\"address\":\"12 rue Sala 69000 Lyon, France\",\"phone\":\"+33 7451 62747\",\"email\":\"accueil.lyon@maristeurope.eu\",\"website\":\"\",\"description\":\"Una comunit\\u00e0 di maristi in pensione a Lione, impegnata nell'educazione e nel ministero pastorale, compresa la cappellania per i non vedenti.\"},{\"name\":\"Tolone\",\"address\":\"22 rue Victor Clappier, 83000 Toulon, France\",\"phone\":\"+33 4 94 71 5 89\",\"email\":\"\",\"website\":\"\",\"description\":\"Con sede nel cuore di Tolone, la missione consiste in quattro ambiti distinti ma correlati (tre scuole, una vibrante comunit\\u00e0 di culto, un centro che offre una serie di laboratori, conferenze ed eventi nelle aree della spiritualit\\u00e0, della teologia, della cultura e delle questioni di interesse sociale e diverse espressioni e sostegno del laicato marista). La comunit\\u00e0 marista \\u00e8 attualmente composta da 4 sacerdoti maristi, con le varie \\u00e9quipe di laici che formano un unico variegato mondo apostolico. Il tono e l'approccio pastorale che guidano la missione sono riconosciuti dalla Chiesa locale come fedeli alla sinodalit\\u00e0 voluta da Papa Francesco. Grazie alla lunga presenza di padri e suore maristi a Tolone (170 anni) e al loro coinvolgimento nella pi\\u00f9 ampia missione della Chiesa locale, \\\"Marist\\\" \\u00e8 un nome familiare a Tolone ed \\u00e8 conosciuto e rispettato per il suo contributo distinto e diverso nella cultura cattolica della diocesi.   \\n<ul>\\n \\t<li>Il team di sacerdoti fornisce supporto e <strong>accompagnamento alle 3 scuole mariste<\\\/strong> (la Seyne, Cours Fenelon e la Cordeille - con circa 5.000 alunni iscritti), collaborando con la direzione e le equipe pastorali e con gli alunni. Contatti: Padre Bernard Thomasset T. +33 6 61 22 44 46 <\\\/li>\\n \\t<li>La <strong>comunit\\u00e0 della cappella<\\\/strong> \\u00e8 composta da 150-200 fedeli che si riuniscono regolarmente per la messa domenicale, hanno un proprio consiglio di coordinamento, gruppi liturgici, volontari per l'accoglienza e legami attivi con le agenzie diocesane, il Tempio protestante locale e altre comunit\\u00e0 religiose. Eucaristia domenicale: 10.00; Eucaristia settimanale: 12h10, dal luned\\u00ec al venerd\\u00ec; sacerdoti disponibili per l'accompagnamento e il sacramento della Riconciliazione. Ricezione: + 33 4 94 71 5 89; Padre Constant Amoussouga (sacerdote accompagnatore): +33 6 99 33 67 00; Stephane Bonjour (coordinatore del consiglio pastorale) +33 6 18 75 39 92<\\\/li>\\n \\t<li>Il <strong>centro culturale e spirituale marista<\\\/strong> offre un ricco programma di eventi, workshop, conferenze e dibattiti su temi teologici, biblici, spirituali, interreligiosi, ecumenici, culturali e sociali. <a href=\\\"http:\\\/\\\/www.centremariste.fr\\\">centremariste.fr<\\\/a> T: +33 6 44 87 30 70.\\nSacerdote accompagnatore: Padre Paul Walsh: +33 6 41 10 74 91<\\\/li>\\n \\t<li>Un certo numero di <strong>gruppi di laici<\\\/strong> si incontrano regolarmente per condividere e approfondire il loro <strong>marismo<\\\/strong>. Ciascuna delle tre scuole e il centro marista offrono programmi annuali di formazione e training marista. Contatti: Martine Putzka, delegata locale del Laicato Marista T. +33 6 60 58 11 00 <\\\/li>\\n<\\\/ul>\"},{\"name\":\"Parigi\",\"address\":\"Marist Community, 104 rue de Vaugirard, 75006 Paris, France\",\"phone\":\"+33 1801 80962\",\"email\":\"accueil.maristesparis@maristeurope.eu\",\"website\":\"\",\"description\":\"La missione della comunit\\u00e0 \\u00e8 quella di offrire ospitalit\\u00e0 ai maristi e ospita gli uffici provinciali e l'amministrazione della vita marista in Francia. 40 anni fa abbiamo fondato il \\\"Forum 104\\\", un centro culturale e spirituale per incontri e dialogo. Il Forum continua ad essere gestito da un'associazione di laici con l'aiuto degli Assunzionisti e crea legami tra persone provenienti da mondi, ambienti e comunit\\u00e0 diverse.  \"},{\"name\":\"La Neyli\\u00e8re\",\"address\":\"Notre Dame de la Neyli\\u00e8re, 828 Route de la Neyli\\u00e8re 69590 Pomeys, France\",\"phone\":\"+33 4 78484033\",\"email\":\"accueil@neyliere.fr\",\"website\":\"https:\\\/\\\/www.neyliere.fr\",\"description\":\"La nostra pensione marista dove il nostro Fondatore, Padre Colin, ha vissuto vicino a Lione dal 1854, e ora accoglie persone in cerca di ispirazione per la loro vita.\"},{\"name\":\"Torino - Corso Francia\",\"address\":\"Nostra Signora di Lourdes Sanctuary, Corso Francia 29, 10138 Turin, Italy\",\"phone\":\"+39 011 4472368\",\"email\":\"renatofrappi@gmail.com\",\"website\":\"\",\"description\":\"Il Santuario di Nostra Signora di Lourdes in Corso Francia (Torino) \\u00e8 stato inaugurato il 22 ottobre 1911. L'abside della chiesa in stile romanico ha la forma della grotta di Lourdes e contiene pietre provenienti dalla roccia originale di Massabielle del santuario di Lourdes. La comunit\\u00e0 marista serve il santuario ininterrottamente fino ad oggi. Offre servizi sacramentali, accompagnamento spirituale e, in collaborazione con un gruppo di fedeli laici, sostiene e accoglie i senzatetto e altre persone in difficolt\\u00e0.   \"},{\"name\":\"Pratola Peligna\",\"address\":\"Parish Maria Santissima della Libera, Vico Santacroce 3, 67035 Pratola Peligna AQ, Italy\",\"phone\":\"+39 0864 273146\",\"email\":\"madonnalibera@virgilio.it\",\"website\":\"\",\"description\":\"Il 14 agosto 1924 i Maristi entrarono a Pratola Peligna (Abruzzo) per occuparsi del Santuario e della parrocchia di Santa Maria della Libera. Nonostante la povert\\u00e0 della popolazione, i maristi riuscirono a rivitalizzare la vita cristiana del luogo, sia dei pellegrini del santuario che della popolazione locale. Oggi la comunit\\u00e0 si dedica al servizio della parrocchia e del santuario. Un membro della comunit\\u00e0 \\u00e8 cappellano del vicino carcere di Sulmona.   \"},{\"name\":\"Castiglion Fiorentino - Rivaio\",\"address\":\"Parish of Rivaio, 52043 Castiglion Fiorentino AR, Italy\",\"phone\":\"+39 0575 658183\",\"email\":\"emanueledm@hotmail.com\",\"website\":\"\",\"description\":\"La comunit\\u00e0 marista \\u00e8 presente a Castiglion Fiorentino (Arezzo - Toscana) dal 1909. Hanno fondato un seminario minore collegato al Santuario della Madonna delle Grazie di Rivaio, che risale al 1600. La scuola fu chiusa nel 1976. Nel 1964 il Santuario di Rivaio divenne una parrocchia a s\\u00e9 stante. Oggi la comunit\\u00e0 serve sia la parrocchia di Rivaio che diverse altre parrocchie della zona in collaborazione con un forte gruppo di fedeli laici. Alcuni di loro formano un gruppo locale di Laici Maristi, che condividono la spiritualit\\u00e0 della Societ\\u00e0 di Maria.     \"},{\"name\":\"Passau\",\"address\":\"Maristenkloster, Heiliggeistgasse 2, DE-94032 Passau, Germany\",\"phone\":\"+49 851 988528-0\",\"email\":\"Maristen.passau@gmail.com\",\"website\":\"\",\"description\":\"Nel 1978, i Maristi hanno aperto una comunit\\u00e0 a Passau per essere vicini all'universit\\u00e0 locale. I membri della comunit\\u00e0 sono responsabili della Votivkirche, un oratorio per la preghiera e l'adorazione eucaristica nella zona pedonale del centro citt\\u00e0. Come parte della loro missione, organizzano il servizio di consulenza telefonica in collaborazione con un grande team di volontari.  \"},{\"name\":\"Roma - Santa Francesca Cabrini\",\"address\":\"St. Francesca Cabrini Parish, Piazza Massa Carrara 1, 00162 Rome, Italy\",\"phone\":\"+39 06 8604542\",\"email\":\"parrsfc@gmail.com\",\"website\":\"\",\"description\":\"In preparazione all'Anno Santo 1950, i Maristi intrapresero due grandi progetti edilizi nella periferia di Roma, la scuola di San Giovanni Evangelista e la chiesa parrocchiale dedicata a Santa Francesca Cabrini. La scuola \\u00e8 stata chiusa nel 2017 e la Fondazione Marymount continua a gestirvi un progetto educativo. Oggi il terzo e il quarto piano dello stesso edificio ospitano la casa di formazione internazionale marista, la Casa di Maria. La parrocchia di Santa Francesca Cabrini, inaugurata nel 1959, \\u00e8 stata una delle prime parrocchie di Roma ad accogliere il nuovo movimento ecclesiale del Cammino Neocatecumenale nel 1969.   \"},{\"name\":\"Moncalieri - Villa Santa Maria\",\"address\":\"Villa Santa Maria, Padri Maristi Strada Cunioli Alti 7, 10024 Moncalieri TO, Italy\",\"phone\":\"+39 011 6610431\",\"email\":\"mpregno.sm@gmail.com\",\"website\":\"\",\"description\":\"Situata in una posizione pittoresca su una collina tra Torino e Moncalieri, Villa Santa Maria fu acquistata dai Maristi nel 1906 come secondo noviziato dopo l'espulsione dei religiosi dalla Francia. Dal 1922 al 1924 fu anche la sede provvisoria dell'Amministrazione Generale della Societ\\u00e0 in attesa del trasferimento a Roma. Negli anni successivi, Villa Santa Maria \\u00e8 stata un ostello universitario, un noviziato marista e una comunit\\u00e0 per i maristi italiani in formazione. Oggi la comunit\\u00e0 \\u00e8 composta da maristi in pensione e attivi, alcuni dei quali sono impegnati in parrocchie locali, cappellanie e altre attivit\\u00e0 pastorali. Offre ospitalit\\u00e0 a gruppi di spiritualit\\u00e0 e a singoli individui. L'edificio adiacente ospita una cooperativa sociale (Il Ricino) fondata da maristi e laici, che ospita e sostiene una comunit\\u00e0 di ragazze madri e i loro bambini.     \"},{\"name\":\"Meppen\",\"address\":\"Maristenkloster, Herzog-Arenberg-Stra\\u00dfe 65, DE-49716 Meppen, Germany\",\"phone\":\"+49 5931 9354-0\",\"email\":\"Maristen.meppen@ewetel.net\",\"website\":\"\",\"description\":\"Nel 1899, i Maristi si stabilirono a Meppen, una citt\\u00e0 della Germania nord-occidentale. Fondarono una scuola per educare i ragazzi dei villaggi circostanti, molti dei quali divennero missionari in Oceania. Oggi, una comunit\\u00e0 di maristi in pensione vive accanto all'antico edificio che ospita la scuola gestita dalla diocesi, il Gymnasium Marianum.  \"},{\"name\":\"F\\u00fcrstenzell\",\"address\":\"Maristenkloster, Maristenweg 7, DE-94081 F\\u00fcrstenzell, Germany\",\"phone\":\"+49 8502 9110-0\",\"email\":\"\",\"website\":\"\",\"description\":\"Dal 1931, i Maristi sono presenti a F\\u00fcrstenzell, nella Bassa Baviera. Hanno fondato una scuola in un ex monastero cistercense e per diversi decenni la casa \\u00e8 stata anche la sede dei seminaristi. Oggi la comunit\\u00e0 dei Maristi in pensione vive in un edificio pi\\u00f9 piccolo accanto all'ex residenza cistercense.  \"}];\n    <\/script>\n    [\/et_pb_code][\/et_pb_column][\/et_pb_row][\/et_pb_section][et_pb_section fb_built=\"1&#8243; _builder_version=\"4.27.2&#8243; _module_preset=\"default\" background_color=\"#023047&#8243; background_enable_image=\"off\" background_size=\"contain\" background_blend=\"soft-light\" background_enable_pattern_style=\"on\" background_pattern_style=\"confetti\" background_pattern_color=\"rgba(0,0,0,0.05)\" custom_padding=\"6vw||12vw||false|false\" bottom_divider_style=\"wave2&#8243; bottom_divider_color=\"#FFFAF2&#8243; bottom_divider_flip=\"horizontal\" bottom_divider_arrangement=\"above_content\" global_colors_info=\"{}\"][et_pb_row _builder_version=\"4.27.2&#8243; _module_preset=\"default\" custom_padding=\"||||false|false\" global_colors_info=\"{}\"][et_pb_column type=\"4_4&#8243; _builder_version=\"4.27.2&#8243; _module_preset=\"default\" global_colors_info=\"{}\"][et_pb_text _builder_version=\"4.27.2&#8243; _module_preset=\"default\" header_2_text_color=\"#8ECAE6&#8243; header_2_font_size=\"3rem\" animation_style=\"fade\" animation_delay=\"200ms\" global_colors_info=\"{}\"]<\/p>\n<h2>Comunione per la missione<\/h2>\n<p>[\/et_pb_text][\/et_pb_column][\/et_pb_row][et_pb_row column_structure=\"3_5,2_5&#8243; make_equal=\"on\" _builder_version=\"4.27.2&#8243; _module_preset=\"default\" global_colors_info=\"{}\"][et_pb_column type=\"3_5&#8243; _builder_version=\"4.27.2&#8243; _module_preset=\"default\" custom_css_main_element=\"margin: auto;\" global_colors_info=\"{}\"][et_pb_text _builder_version=\"4.27.2&#8243; _module_preset=\"default\" text_text_color=\"#FFFAF2&#8243; text_font_size=\"18px\" text_line_height=\"1.6em\" animation_style=\"slide\" animation_duration=\"1500ms\" animation_delay=\"200ms\" global_colors_info=\"{}\"]<\/p>\n<p>Il <strong>1\u00b0 giugno 2008<\/strong>, giorno della nascita della Provincia Europea, il Superiore Generale ha celebrato una Messa solenne nella Basilica di Notre-Dame de Fourvi\u00e8re, dove nel 1816 i primi aspiranti maristi espressero la loro \"sincera intenzione e la nostra ferma volont\u00e0 di dedicarci al pi\u00f9 presto alla formazione della devotissima Congregazione dei Maristi\".<\/p>\n<p>Il Superiore Provinciale Europeo ha sede a Parigi, in Francia, ed \u00e8 coadiuvato dal suo Consiglio di 4 membri. La congregazione della Societ\u00e0 di Maria<a href=\"https:\/\/www.maristsm.org\">(https:\/\/www.maristsm.org)<\/a> \u00e8 presente nei cinque continenti con oltre 600 membri in tutto il mondo. <\/p>\n<p>[\/et_pb_text][\/et_pb_column][et_pb_column type=\"2_5&#8243; _builder_version=\"4.27.2&#8243; _module_preset=\"default\" global_colors_info=\"{}\"][et_pb_image src=\"https:\/\/maristeurope.eu\/wp-content\/uploads\/2024\/11\/IMG_1011-en-tamano-mediano.jpeg\" title_text=\"IMG_1011 en tama\u00f1o mediano\" _builder_version=\"4.27.2&#8243; _module_preset=\"default\" animation_style=\"slide\" animation_direction=\"right\" animation_duration=\"1500ms\" animation_delay=\"400ms\" border_radii=\"on|50px|50px|50px|50px\" global_colors_info=\"{}\"][\/et_pb_image][\/et_pb_column][\/et_pb_row][et_pb_row _builder_version=\"4.27.2&#8243; _module_preset=\"default\" custom_padding=\"100px||100px||true|false\" global_colors_info=\"{}\"][et_pb_column type=\"4_4&#8243; _builder_version=\"4.27.2&#8243; _module_preset=\"default\" global_colors_info=\"{}\"][et_pb_text _builder_version=\"4.27.2&#8243; _module_preset=\"default\" text_font=\"||on||||||\" text_text_color=\"#FFB703&#8243; text_font_size=\"30px\" text_line_height=\"1.6em\" custom_margin=\"||||true|false\" animation_style=\"slide\" animation_duration=\"1500ms\" animation_delay=\"200ms\" global_colors_info=\"{}\"]<\/p>\n<p>\"Noi, <strong>Padri e Fratelli Maristi (della Societ\u00e0 di Maria) in Europa<\/strong>, rispondiamo alla chiamata di Ges\u00f9 a praticare e proclamare il suo Vangelo sotto il nome e la guida di Maria. Attingiamo alle nostre limitate risorse in un nuovo corpo apostolico, una <strong>comunione<\/strong> arricchita <strong>per la missione<\/strong>. Per essere pi\u00f9 strettamente uniti, lavorare in modo pi\u00f9 creativo e agire in modo pi\u00f9 solidale, formiamo <strong>un&#8217;unica provincia al di l\u00e0 dei limiti nazionali<\/strong>. Esprimiamo il nostro ruolo prezioso e unico nella Chiesa e mettiamo i nostri doni pi\u00f9 efficacemente al servizio dei popoli europei. Come unica <strong>provincia europea<\/strong> intendiamo contribuire, alla maniera di Maria, a infondere lo spirito di Ges\u00f9 nei cuori delle persone che lottano per l&#8217;unit\u00e0, la giustizia e la compassione\".    <\/p>\n<p>[\/et_pb_text][et_pb_text _builder_version=\"4.27.2&#8243; _module_preset=\"default\" text_text_color=\"#FFFAF2&#8243; text_font_size=\"18px\" text_orientation=\"right\" global_colors_info=\"{}\"]<\/p>\n<p><em>(Dichiarazione, Centro Emmaus, Swords, Irlanda, marzo 2007)<\/em><\/p>\n<p>[\/et_pb_text][\/et_pb_column][\/et_pb_row][\/et_pb_section][et_pb_section fb_built=\"1&#8243; _builder_version=\"4.27.4&#8243; _module_preset=\"default\" background_color=\"#FFFAF2&#8243; background_image=\"https:\/\/maristeurope.eu\/wp-content\/uploads\/2024\/11\/art-therapist-background-01-1.png\" background_enable_image=\"off\" background_size=\"contain\" background_position=\"center_right\" bottom_divider_color=\"#FFFAF2&#8243; global_module=\"467&#8243; saved_tabs=\"all\" global_colors_info=\"{}\"][et_pb_row column_structure=\"1_4,1_4,1_4,1_4&#8243; use_custom_gutter=\"on\" gutter_width=\"2&#8243; make_equal=\"on\" _builder_version=\"4.27.4&#8243; _module_preset=\"default\" global_colors_info=\"{}\"][et_pb_column type=\"1_4&#8243; _builder_version=\"4.27.4&#8243; _module_preset=\"default\" background_color=\"#023047&#8243; background_image=\"https:\/\/maristeurope.eu\/wp-content\/uploads\/2024\/11\/bridge-8830231_1280-en-tamano-grande.jpeg\" background_blend=\"soft-light\" custom_padding=\"80px|20px|80px|20px|true|true\" link_option_url=\"https:\/\/maristeurope.eu\/it\/comunita\/inghilterra\/\" border_radii=\"on|30px|30px|30px|30px\" global_colors_info=\"{}\" background__hover_enabled=\"on|hover\" background_blend__hover=\"screen\"][et_pb_text _builder_version=\"4.27.4&#8243; _module_preset=\"default\" text_font=\"|700||on|||||\" text_text_color=\"#FFFAF2&#8243; text_font_size=\"22px\" text_orientation=\"center\" global_colors_info=\"{}\"]<\/p>\n<p>Inghilterra<\/p>\n<p>[\/et_pb_text][\/et_pb_column][et_pb_column type=\"1_4&#8243; _builder_version=\"4.27.4&#8243; _module_preset=\"default\" background_color=\"#023047&#8243; background_image=\"https:\/\/maristeurope.eu\/wp-content\/uploads\/2024\/12\/GettyImages-526473857-scaled.webp\" background_blend=\"soft-light\" custom_padding=\"80px|20px|80px|20px|true|true\" link_option_url=\"https:\/\/maristeurope.eu\/it\/comunita\/francia\/\" border_radii=\"on|30px|30px|30px|30px\" global_colors_info=\"{}\" background__hover_enabled=\"on|hover\" background_blend__hover=\"screen\"][et_pb_text _builder_version=\"4.27.4&#8243; _module_preset=\"default\" text_font=\"|700||on|||||\" text_text_color=\"#FFFAF2&#8243; text_font_size=\"22px\" text_orientation=\"center\" global_colors_info=\"{}\"]<\/p>\n<p>Francia<\/p>\n<p>[\/et_pb_text][\/et_pb_column][et_pb_column type=\"1_4&#8243; _builder_version=\"4.27.4&#8243; _module_preset=\"default\" background_color=\"#023047&#8243; background_image=\"https:\/\/maristeurope.eu\/wp-content\/uploads\/2024\/12\/Passau2-1.jpg\" background_blend=\"soft-light\" custom_padding=\"80px|20px|80px|20px|true|true\" link_option_url=\"https:\/\/maristeurope.eu\/it\/comunita\/germania\/\" border_radii=\"on|30px|30px|30px|30px\" global_colors_info=\"{}\" background__hover_enabled=\"on|hover\" background_blend__hover=\"screen\"][et_pb_text _builder_version=\"4.27.4&#8243; _module_preset=\"default\" text_font=\"|700||on|||||\" text_text_color=\"#FFFAF2&#8243; text_font_size=\"22px\" text_orientation=\"center\" global_colors_info=\"{}\"]<\/p>\n<p>Germania<\/p>\n<p>[\/et_pb_text][\/et_pb_column][et_pb_column type=\"1_4&#8243; _builder_version=\"4.27.4&#8243; _module_preset=\"default\" background_color=\"#023047&#8243; background_image=\"https:\/\/maristeurope.eu\/wp-content\/uploads\/2024\/12\/dublin.webp\" background_blend=\"soft-light\" custom_padding=\"80px|20px|80px|20px|true|true\" link_option_url=\"https:\/\/maristeurope.eu\/it\/comunita\/irlanda\/\" border_radii=\"on|30px|30px|30px|30px\" global_colors_info=\"{}\" background__hover_enabled=\"on|hover\" background_blend__hover=\"screen\"][et_pb_text _builder_version=\"4.27.4&#8243; _module_preset=\"default\" text_font=\"|700||on|||||\" text_text_color=\"#FFFAF2&#8243; text_font_size=\"22px\" text_orientation=\"center\" global_colors_info=\"{}\"]<\/p>\n<p>Irlanda<\/p>\n<p>[\/et_pb_text][\/et_pb_column][\/et_pb_row][et_pb_row column_structure=\"1_4,1_4,1_4,1_4&#8243; use_custom_gutter=\"on\" gutter_width=\"2&#8243; make_equal=\"on\" _builder_version=\"4.27.4&#8243; _module_preset=\"default\" global_colors_info=\"{}\"][et_pb_column type=\"1_4&#8243; _builder_version=\"4.27.4&#8243; _module_preset=\"default\" background_color=\"#023047&#8243; background_image=\"https:\/\/maristeurope.eu\/wp-content\/uploads\/2024\/12\/shutterstock_1218983827.webp\" background_blend=\"soft-light\" custom_padding=\"80px|20px|80px|20px|true|true\" link_option_url=\"https:\/\/maristeurope.eu\/it\/comunita\/italia\/\" border_radii=\"on|30px|30px|30px|30px\" global_colors_info=\"{}\" background__hover_enabled=\"on|hover\" background_blend__hover=\"screen\"][et_pb_text _builder_version=\"4.27.4&#8243; _module_preset=\"default\" text_font=\"|700||on|||||\" text_text_color=\"#FFFAF2&#8243; text_font_size=\"22px\" text_orientation=\"center\" global_colors_info=\"{}\"]<\/p>\n<p>Italia<\/p>\n<p>[\/et_pb_text][\/et_pb_column][et_pb_column type=\"1_4&#8243; _builder_version=\"4.27.4&#8243; _module_preset=\"default\" background_color=\"#023047&#8243; background_image=\"https:\/\/maristeurope.eu\/wp-content\/uploads\/2024\/11\/norway-2405634_1280-en-tamano-grande.jpeg\" background_blend=\"soft-light\" custom_padding=\"80px|20px|80px|20px|true|true\" link_option_url=\"https:\/\/maristeurope.eu\/it\/comunita\/norvegia\/\" border_radii=\"on|30px|30px|30px|30px\" global_colors_info=\"{}\" background__hover_enabled=\"on|hover\" background_blend__hover=\"screen\"][et_pb_text _builder_version=\"4.27.4&#8243; _module_preset=\"default\" text_font=\"|700||on|||||\" text_text_color=\"#FFFAF2&#8243; text_font_size=\"22px\" text_orientation=\"center\" global_colors_info=\"{}\"]<\/p>\n<p>Norvegia<\/p>\n<p>[\/et_pb_text][\/et_pb_column][et_pb_column type=\"1_4&#8243; _builder_version=\"4.27.4&#8243; _module_preset=\"default\" background_color=\"#023047&#8243; background_image=\"https:\/\/maristeurope.eu\/wp-content\/uploads\/2024\/12\/istock_32842014_1578464420_231003103152_800x534.jpg\" background_blend=\"soft-light\" custom_padding=\"80px|20px|80px|20px|true|true\" link_option_url=\"https:\/\/maristeurope.eu\/it\/comunita\/spagna\/\" border_radii=\"on|30px|30px|30px|30px\" global_colors_info=\"{}\" background__hover_enabled=\"on|hover\" background_blend__hover=\"screen\"][et_pb_text _builder_version=\"4.27.4&#8243; _module_preset=\"default\" text_font=\"|700||on|||||\" text_text_color=\"#FFFAF2&#8243; text_font_size=\"22px\" text_orientation=\"center\" global_colors_info=\"{}\"]<\/p>\n<p>Spagna<\/p>\n<p>[\/et_pb_text][\/et_pb_column][et_pb_column type=\"1_4&#8243; _builder_version=\"4.27.4&#8243; _module_preset=\"default\" background_color=\"#023047&#8243; background_image=\"https:\/\/maristeurope.eu\/wp-content\/uploads\/2024\/12\/hulst_3049_l.jpg\" background_blend=\"soft-light\" custom_padding=\"80px|20px|80px|20px|true|true\" link_option_url=\"\/communities\/the-netherland\/\" border_radii=\"on|30px|30px|30px|30px\" global_colors_info=\"{}\" background__hover_enabled=\"on|hover\" background_blend__hover=\"screen\"][et_pb_text _builder_version=\"4.27.4&#8243; _module_preset=\"default\" text_font=\"|700||on|||||\" text_text_color=\"#FFFAF2&#8243; text_font_size=\"22px\" text_orientation=\"center\" global_colors_info=\"{}\"]<\/p>\n<p>Paesi Bassi<\/p>\n<p>[\/et_pb_text][\/et_pb_column][\/et_pb_row][\/et_pb_section]<\/p>\n","protected":false},"excerpt":{"rendered":"<p>[et_pb_section fb_built=\"1&#8243; admin_label=\"Secci\u00f3n\" _builder_version=\"4.27.4&#8243; _module_preset=\"default\" use_background_color_gradient=\"on\" background_color_gradient_stops=\"rgba(2,48,71,0.2) 0%|rgba(2,48,71,0.4) 100%\" background_color_gradient_overlays_image=\"on\" background_image=\"https:\/\/maristeurope.eu\/wp-content\/uploads\/2025\/01\/community-header-1.jpg\" background_position=\"top_center\" background_enable_video_mp4=\"off\" custom_padding=\"16vw||4vw||false|false\" bottom_divider_style=\"ramp2&#8243; bottom_divider_color=\"#FFFAF2&#8243; bottom_divider_flip=\"horizontal\" global_colors_info=\"{}\"][et_pb_row make_equal=\"on\" _builder_version=\"4.27.2&#8243; _module_preset=\"default\" background_enable_color=\"off\" custom_padding=\"0px|40px|0px|40px|true|true\" animation_style=\"fade\" animation_duration=\"1500ms\" animation_delay=\"200ms\" global_colors_info=\"{}\"][et_pb_column type=\"4_4&#8243; _builder_version=\"4.27.2&#8243; _module_preset=\"default\" global_colors_info=\"{}\"][et_pb_text _builder_version=\"4.27.2&#8243; _module_preset=\"default\" header_font=\"|600||on|||||\" header_text_color=\"#FFFFFF\" header_font_size=\"4rem\" header_letter_spacing=\"4px\" header_2_text_color=\"#219EBC\" header_2_font_size=\"3.5rem\" custom_margin=\"20px||20px||true|false\" global_colors_info=\"{}\"] Provincia Europea [\/et_pb_text][\/et_pb_column][\/et_pb_row][\/et_pb_section][et_pb_section fb_built=\"1&#8243; admin_label=\"Secci\u00f3n\" _builder_version=\"4.27.2&#8243; _module_preset=\"default\" background_color=\"#FFFAF2&#8243; background_image=\"https:\/\/maristeurope.eu\/wp-content\/uploads\/2024\/11\/Fondo-de-_DSC3323-copia-eliminado.png\" background_size=\"contain\" background_position=\"bottom_left\" background_blend=\"soft-light\" custom_padding=\"6vw||0px||false|false\" global_colors_info=\"{}\"][et_pb_row [&hellip;]<\/p>\n","protected":false},"author":1,"featured_media":0,"parent":0,"menu_order":0,"comment_status":"closed","ping_status":"closed","template":"","meta":{"_et_pb_use_builder":"on","_et_pb_old_content":"","_et_gb_content_width":"","footnotes":""},"class_list":["post-2252","page","type-page","status-publish","hentry"],"yoast_head":"<!-- This site is optimized with the Yoast SEO plugin v27.5 - https:\/\/yoast.com\/product\/yoast-seo-wordpress\/ -->\n<title>Comunit\u00e0 - Marist Europe<\/title>\n<meta name=\"robots\" content=\"index, follow, max-snippet:-1, max-image-preview:large, max-video-preview:-1\" \/>\n<link rel=\"canonical\" href=\"https:\/\/maristeurope.eu\/it\/comunita\/\" \/>\n<meta property=\"og:locale\" content=\"it_IT\" \/>\n<meta property=\"og:type\" content=\"article\" \/>\n<meta property=\"og:title\" content=\"Comunit\u00e0 - Marist Europe\" \/>\n<meta property=\"og:description\" content=\"[et_pb_section fb_built=&quot;1&#8243; admin_label=&quot;Secci\u00f3n&quot; _builder_version=&quot;4.27.4&#8243; _module_preset=&quot;default&quot; use_background_color_gradient=&quot;on&quot; background_color_gradient_stops=&quot;rgba(2,48,71,0.2) 0%|rgba(2,48,71,0.4) 100%&quot; background_color_gradient_overlays_image=&quot;on&quot; background_image=&quot;https:\/\/maristeurope.eu\/wp-content\/uploads\/2025\/01\/community-header-1.jpg&quot; background_position=&quot;top_center&quot; background_enable_video_mp4=&quot;off&quot; custom_padding=&quot;16vw||4vw||false|false&quot; bottom_divider_style=&quot;ramp2&#8243; bottom_divider_color=&quot;#FFFAF2&#8243; bottom_divider_flip=&quot;horizontal&quot; global_colors_info=&quot;{}&quot;][et_pb_row make_equal=&quot;on&quot; _builder_version=&quot;4.27.2&#8243; _module_preset=&quot;default&quot; background_enable_color=&quot;off&quot; custom_padding=&quot;0px|40px|0px|40px|true|true&quot; animation_style=&quot;fade&quot; animation_duration=&quot;1500ms&quot; animation_delay=&quot;200ms&quot; global_colors_info=&quot;{}&quot;][et_pb_column type=&quot;4_4&#8243; _builder_version=&quot;4.27.2&#8243; _module_preset=&quot;default&quot; global_colors_info=&quot;{}&quot;][et_pb_text _builder_version=&quot;4.27.2&#8243; _module_preset=&quot;default&quot; header_font=&quot;|600||on|||||&quot; header_text_color=&quot;#FFFFFF&quot; header_font_size=&quot;4rem&quot; header_letter_spacing=&quot;4px&quot; header_2_text_color=&quot;#219EBC&quot; header_2_font_size=&quot;3.5rem&quot; custom_margin=&quot;20px||20px||true|false&quot; global_colors_info=&quot;{}&quot;] Provincia Europea [\/et_pb_text][\/et_pb_column][\/et_pb_row][\/et_pb_section][et_pb_section fb_built=&quot;1&#8243; admin_label=&quot;Secci\u00f3n&quot; _builder_version=&quot;4.27.2&#8243; _module_preset=&quot;default&quot; background_color=&quot;#FFFAF2&#8243; background_image=&quot;https:\/\/maristeurope.eu\/wp-content\/uploads\/2024\/11\/Fondo-de-_DSC3323-copia-eliminado.png&quot; background_size=&quot;contain&quot; background_position=&quot;bottom_left&quot; background_blend=&quot;soft-light&quot; custom_padding=&quot;6vw||0px||false|false&quot; global_colors_info=&quot;{}&quot;][et_pb_row [&hellip;]\" \/>\n<meta property=\"og:url\" content=\"https:\/\/maristeurope.eu\/it\/comunita\/\" \/>\n<meta property=\"og:site_name\" content=\"Marist Europe\" \/>\n<meta property=\"article:modified_time\" content=\"2025-03-09T17:03:03+00:00\" \/>\n<meta name=\"twitter:card\" content=\"summary_large_image\" \/>\n<meta name=\"twitter:label1\" content=\"Tempo di lettura stimato\" \/>\n\t<meta name=\"twitter:data1\" content=\"10 minuto\" \/>\n<script type=\"application\/ld+json\" class=\"yoast-schema-graph\">{\"@context\":\"https:\\\/\\\/schema.org\",\"@graph\":[{\"@type\":\"WebPage\",\"@id\":\"https:\\\/\\\/maristeurope.eu\\\/it\\\/comunita\\\/\",\"url\":\"https:\\\/\\\/maristeurope.eu\\\/it\\\/comunita\\\/\",\"name\":\"Comunit\u00e0 - Marist Europe\",\"isPartOf\":{\"@id\":\"https:\\\/\\\/maristeurope.eu\\\/it\\\/#website\"},\"datePublished\":\"2024-10-07T11:31:17+00:00\",\"dateModified\":\"2025-03-09T17:03:03+00:00\",\"breadcrumb\":{\"@id\":\"https:\\\/\\\/maristeurope.eu\\\/it\\\/comunita\\\/#breadcrumb\"},\"inLanguage\":\"it-IT\",\"potentialAction\":[{\"@type\":\"ReadAction\",\"target\":[\"https:\\\/\\\/maristeurope.eu\\\/it\\\/comunita\\\/\"]}]},{\"@type\":\"BreadcrumbList\",\"@id\":\"https:\\\/\\\/maristeurope.eu\\\/it\\\/comunita\\\/#breadcrumb\",\"itemListElement\":[{\"@type\":\"ListItem\",\"position\":1,\"name\":\"Home\",\"item\":\"https:\\\/\\\/maristeurope.eu\\\/it\\\/maristi\\\/\"},{\"@type\":\"ListItem\",\"position\":2,\"name\":\"Comunit\u00e0\"}]},{\"@type\":\"WebSite\",\"@id\":\"https:\\\/\\\/maristeurope.eu\\\/it\\\/#website\",\"url\":\"https:\\\/\\\/maristeurope.eu\\\/it\\\/\",\"name\":\"Marist Europe\",\"description\":\"\",\"publisher\":{\"@id\":\"https:\\\/\\\/maristeurope.eu\\\/it\\\/#organization\"},\"potentialAction\":[{\"@type\":\"SearchAction\",\"target\":{\"@type\":\"EntryPoint\",\"urlTemplate\":\"https:\\\/\\\/maristeurope.eu\\\/it\\\/?s={search_term_string}\"},\"query-input\":{\"@type\":\"PropertyValueSpecification\",\"valueRequired\":true,\"valueName\":\"search_term_string\"}}],\"inLanguage\":\"it-IT\"},{\"@type\":\"Organization\",\"@id\":\"https:\\\/\\\/maristeurope.eu\\\/it\\\/#organization\",\"name\":\"Marist Europe\",\"url\":\"https:\\\/\\\/maristeurope.eu\\\/it\\\/\",\"logo\":{\"@type\":\"ImageObject\",\"inLanguage\":\"it-IT\",\"@id\":\"https:\\\/\\\/maristeurope.eu\\\/it\\\/#\\\/schema\\\/logo\\\/image\\\/\",\"url\":\"https:\\\/\\\/maristeurope.eu\\\/wp-content\\\/uploads\\\/2024\\\/10\\\/EU-SM-Finalogo-02.png\",\"contentUrl\":\"https:\\\/\\\/maristeurope.eu\\\/wp-content\\\/uploads\\\/2024\\\/10\\\/EU-SM-Finalogo-02.png\",\"width\":150,\"height\":156,\"caption\":\"Marist Europe\"},\"image\":{\"@id\":\"https:\\\/\\\/maristeurope.eu\\\/it\\\/#\\\/schema\\\/logo\\\/image\\\/\"}}]}<\/script>\n<!-- \/ Yoast SEO plugin. -->","yoast_head_json":{"title":"Comunit\u00e0 - Marist Europe","robots":{"index":"index","follow":"follow","max-snippet":"max-snippet:-1","max-image-preview":"max-image-preview:large","max-video-preview":"max-video-preview:-1"},"canonical":"https:\/\/maristeurope.eu\/it\/comunita\/","og_locale":"it_IT","og_type":"article","og_title":"Comunit\u00e0 - Marist Europe","og_description":"[et_pb_section fb_built=\"1&#8243; admin_label=\"Secci\u00f3n\" _builder_version=\"4.27.4&#8243; _module_preset=\"default\" use_background_color_gradient=\"on\" background_color_gradient_stops=\"rgba(2,48,71,0.2) 0%|rgba(2,48,71,0.4) 100%\" background_color_gradient_overlays_image=\"on\" background_image=\"https:\/\/maristeurope.eu\/wp-content\/uploads\/2025\/01\/community-header-1.jpg\" background_position=\"top_center\" background_enable_video_mp4=\"off\" custom_padding=\"16vw||4vw||false|false\" bottom_divider_style=\"ramp2&#8243; bottom_divider_color=\"#FFFAF2&#8243; bottom_divider_flip=\"horizontal\" global_colors_info=\"{}\"][et_pb_row make_equal=\"on\" _builder_version=\"4.27.2&#8243; _module_preset=\"default\" background_enable_color=\"off\" custom_padding=\"0px|40px|0px|40px|true|true\" animation_style=\"fade\" animation_duration=\"1500ms\" animation_delay=\"200ms\" global_colors_info=\"{}\"][et_pb_column type=\"4_4&#8243; _builder_version=\"4.27.2&#8243; _module_preset=\"default\" global_colors_info=\"{}\"][et_pb_text _builder_version=\"4.27.2&#8243; _module_preset=\"default\" header_font=\"|600||on|||||\" header_text_color=\"#FFFFFF\" header_font_size=\"4rem\" header_letter_spacing=\"4px\" header_2_text_color=\"#219EBC\" header_2_font_size=\"3.5rem\" custom_margin=\"20px||20px||true|false\" global_colors_info=\"{}\"] Provincia Europea [\/et_pb_text][\/et_pb_column][\/et_pb_row][\/et_pb_section][et_pb_section fb_built=\"1&#8243; admin_label=\"Secci\u00f3n\" _builder_version=\"4.27.2&#8243; _module_preset=\"default\" background_color=\"#FFFAF2&#8243; background_image=\"https:\/\/maristeurope.eu\/wp-content\/uploads\/2024\/11\/Fondo-de-_DSC3323-copia-eliminado.png\" background_size=\"contain\" background_position=\"bottom_left\" background_blend=\"soft-light\" custom_padding=\"6vw||0px||false|false\" global_colors_info=\"{}\"][et_pb_row [&hellip;]","og_url":"https:\/\/maristeurope.eu\/it\/comunita\/","og_site_name":"Marist Europe","article_modified_time":"2025-03-09T17:03:03+00:00","twitter_card":"summary_large_image","twitter_misc":{"Tempo di lettura stimato":"10 minuto"},"schema":{"@context":"https:\/\/schema.org","@graph":[{"@type":"WebPage","@id":"https:\/\/maristeurope.eu\/it\/comunita\/","url":"https:\/\/maristeurope.eu\/it\/comunita\/","name":"Comunit\u00e0 - Marist Europe","isPartOf":{"@id":"https:\/\/maristeurope.eu\/it\/#website"},"datePublished":"2024-10-07T11:31:17+00:00","dateModified":"2025-03-09T17:03:03+00:00","breadcrumb":{"@id":"https:\/\/maristeurope.eu\/it\/comunita\/#breadcrumb"},"inLanguage":"it-IT","potentialAction":[{"@type":"ReadAction","target":["https:\/\/maristeurope.eu\/it\/comunita\/"]}]},{"@type":"BreadcrumbList","@id":"https:\/\/maristeurope.eu\/it\/comunita\/#breadcrumb","itemListElement":[{"@type":"ListItem","position":1,"name":"Home","item":"https:\/\/maristeurope.eu\/it\/maristi\/"},{"@type":"ListItem","position":2,"name":"Comunit\u00e0"}]},{"@type":"WebSite","@id":"https:\/\/maristeurope.eu\/it\/#website","url":"https:\/\/maristeurope.eu\/it\/","name":"Marist Europe","description":"","publisher":{"@id":"https:\/\/maristeurope.eu\/it\/#organization"},"potentialAction":[{"@type":"SearchAction","target":{"@type":"EntryPoint","urlTemplate":"https:\/\/maristeurope.eu\/it\/?s={search_term_string}"},"query-input":{"@type":"PropertyValueSpecification","valueRequired":true,"valueName":"search_term_string"}}],"inLanguage":"it-IT"},{"@type":"Organization","@id":"https:\/\/maristeurope.eu\/it\/#organization","name":"Marist Europe","url":"https:\/\/maristeurope.eu\/it\/","logo":{"@type":"ImageObject","inLanguage":"it-IT","@id":"https:\/\/maristeurope.eu\/it\/#\/schema\/logo\/image\/","url":"https:\/\/maristeurope.eu\/wp-content\/uploads\/2024\/10\/EU-SM-Finalogo-02.png","contentUrl":"https:\/\/maristeurope.eu\/wp-content\/uploads\/2024\/10\/EU-SM-Finalogo-02.png","width":150,"height":156,"caption":"Marist Europe"},"image":{"@id":"https:\/\/maristeurope.eu\/it\/#\/schema\/logo\/image\/"}}]}},"_links":{"self":[{"href":"https:\/\/maristeurope.eu\/it\/wp-json\/wp\/v2\/pages\/2252","targetHints":{"allow":["GET"]}}],"collection":[{"href":"https:\/\/maristeurope.eu\/it\/wp-json\/wp\/v2\/pages"}],"about":[{"href":"https:\/\/maristeurope.eu\/it\/wp-json\/wp\/v2\/types\/page"}],"author":[{"embeddable":true,"href":"https:\/\/maristeurope.eu\/it\/wp-json\/wp\/v2\/users\/1"}],"replies":[{"embeddable":true,"href":"https:\/\/maristeurope.eu\/it\/wp-json\/wp\/v2\/comments?post=2252"}],"version-history":[{"count":16,"href":"https:\/\/maristeurope.eu\/it\/wp-json\/wp\/v2\/pages\/2252\/revisions"}],"predecessor-version":[{"id":4702,"href":"https:\/\/maristeurope.eu\/it\/wp-json\/wp\/v2\/pages\/2252\/revisions\/4702"}],"wp:attachment":[{"href":"https:\/\/maristeurope.eu\/it\/wp-json\/wp\/v2\/media?parent=2252"}],"curies":[{"name":"wp","href":"https:\/\/api.w.org\/{rel}","templated":true}]}}