{"id":3441,"date":"2024-12-19T11:27:23","date_gmt":"2024-12-19T10:27:23","guid":{"rendered":"https:\/\/marist.sjdigitaldemo.ovh\/a-propos-de-nous\/pere-jean-claude-colin\/"},"modified":"2025-04-14T17:27:56","modified_gmt":"2025-04-14T15:27:56","slug":"pere-jean-claude-colin","status":"publish","type":"page","link":"https:\/\/maristeurope.eu\/fr\/a-propos-de-nous\/pere-jean-claude-colin\/","title":{"rendered":"P\u00e8re Jean-Claude Colin"},"content":{"rendered":"<p><div class=\"et_d4_element et_pb_section et_pb_section_0 et_pb_with_background  et_pb_css_mix_blend_mode et_section_regular section_has_divider et_pb_bottom_divider et_block_section\" >\n\t\t\t\t\n\t\t\t\t\n\t\t\t\t\n\t\t\t\t\n\t\t\t\t\n\t\t\t\t\n\t\t\t\t<div class=\"et_d4_element et_pb_row et_pb_row_0 et_animated et_pb_equal_columns  et_pb_css_mix_blend_mode et_block_row\">\n\t\t\t\t<div class=\"et_d4_element et_pb_column_4_4 et_pb_column et_pb_column_0  et_pb_css_mix_blend_mode et-last-child et_block_column\">\n\t\t\t\t\n\t\t\t\t\n\t\t\t\t\n\t\t\t\t\n\t\t\t\t<div class=\"et_pb_module et_d4_element et_pb_text et_pb_text_0  et_pb_text_align_left et_pb_bg_layout_light\">\n\t\t\t\t\n\t\t\t\t\n\t\t\t\t\n\t\t\t\t\n\t\t\t\t<div class=\"et_pb_text_inner\"><h1>P\u00e8re Jean-Claude Colin<\/h1><\/div>\n\t\t\t<\/div>\n\t\t\t<\/div>\n\t\t\t\t\n\t\t\t\t\n\t\t\t\t\n\t\t\t\t\n\t\t\t<\/div>\n\t\t\t\t\n\t\t\t\t<div class=\"et_pb_bottom_inside_divider et-no-transition\"><\/div>\n\t\t\t<\/div><div class=\"et_d4_element et_pb_section et_pb_section_1 et_pb_with_background  et_pb_css_mix_blend_mode et_section_regular et_block_section\" >\n\t\t\t\t\n\t\t\t\t\n\t\t\t\t\n\t\t\t\t\n\t\t\t\t\n\t\t\t\t\n\t\t\t\t<div class=\"et_d4_element et_pb_row et_pb_row_1 et_pb_equal_columns  et_pb_css_mix_blend_mode et_block_row\">\n\t\t\t\t<div class=\"et_d4_element et_pb_column_2_3 et_pb_column et_pb_column_1 et_animated  et_pb_css_mix_blend_mode et_block_column\">\n\t\t\t\t\n\t\t\t\t\n\t\t\t\t\n\t\t\t\t\n\t\t\t\t<div class=\"et_pb_module et_d4_element et_pb_text et_pb_text_1  et_pb_text_align_left et_pb_bg_layout_light\">\n\t\t\t\t\n\t\t\t\t\n\t\t\t\t\n\t\t\t\t\n\t\t\t\t<div class=\"et_pb_text_inner\"><p><span><strong>Le P\u00e8re Jean-Claude Colin<\/strong> (1790-1875) est le fondateur de la Soci\u00e9t\u00e9 de Marie (Maristes), un homme d'une foi profonde et d'une d\u00e9termination tranquille qui a consacr\u00e9 sa vie \u00e0 la diffusion de l'\u00c9vangile dans l'esprit de Marie. N\u00e9 au lendemain de la R\u00e9volution fran\u00e7aise, p\u00e9riode de troubles et de changements, Colin envisageait une mission marqu\u00e9e par l'<strong>humilit\u00e9, la simplicit\u00e9 et la compassion<\/strong>. Inspir\u00e9 par le r\u00f4le de Marie dans l'\u00c9glise primitive, il a cherch\u00e9 \u00e0 imiter son soutien discret mais in\u00e9branlable \u00e0 la mission du Christ, en cr\u00e9ant une famille religieuse qui apporterait espoir et attention aux plus marginalis\u00e9s. Son h\u00e9ritage continue d'inspirer les Maristes du monde entier \u00e0 vivre leur foi avec le m\u00eame esprit de d\u00e9vouement et de service.   <\/span><\/p><\/div>\n\t\t\t<\/div>\n\t\t\t<\/div><div class=\"et_d4_element et_pb_column_1_3 et_pb_column et_pb_column_2 et_animated  et_pb_css_mix_blend_mode et-last-child et_block_column\">\n\t\t\t\t\n\t\t\t\t\n\t\t\t\t\n\t\t\t\t\n\t\t\t\t<div class=\"et_pb_module et_d4_element et_pb_image et_pb_image_0\">\n\t\t\t\t\n\t\t\t\t\n\t\t\t\t\n\t\t\t\t\n\t\t\t\t<span class=\"et_pb_image_wrap \"><img loading=\"lazy\" decoding=\"async\" width=\"1536\" height=\"2088\" src=\"https:\/\/maristeurope.eu\/wp-content\/uploads\/2024\/12\/JCC_icon_I_Mb.jpg\" alt=\"\" title=\"JCC_icon_I_Mb\" srcset=\"https:\/\/maristeurope.eu\/wp-content\/uploads\/2024\/12\/JCC_icon_I_Mb.jpg 1536w, https:\/\/maristeurope.eu\/wp-content\/uploads\/2024\/12\/JCC_icon_I_Mb-1280x1740.jpg 1280w, https:\/\/maristeurope.eu\/wp-content\/uploads\/2024\/12\/JCC_icon_I_Mb-980x1332.jpg 980w, https:\/\/maristeurope.eu\/wp-content\/uploads\/2024\/12\/JCC_icon_I_Mb-480x653.jpg 480w\" sizes=\"(min-width: 0px) and (max-width: 480px) 480px, (min-width: 481px) and (max-width: 980px) 980px, (min-width: 981px) and (max-width: 1280px) 1280px, (min-width: 1281px) 1536px, 100vw\" class=\"wp-image-812\" \/><\/span>\n\t\t\t<\/div>\n\t\t\t<\/div>\n\t\t\t\t\n\t\t\t\t\n\t\t\t\t\n\t\t\t\t\n\t\t\t<\/div>\n\t\t\t\t\n\t\t\t\t\n\t\t\t<\/div><div class=\"et_d4_element et_pb_section et_pb_section_2 et_pb_with_background  et_pb_css_mix_blend_mode et_section_regular section_has_divider et_pb_bottom_divider et_pb_top_divider et_block_section\" >\n\t\t\t\t<div class=\"et_pb_top_inside_divider et-no-transition\"><\/div>\n\t\t\t\t\n\t\t\t\t\n\t\t\t\t<span class=\"et_pb_background_pattern\"><\/span>\n\t\t\t\t\n\t\t\t\t\n\t\t\t\t<div class=\"et_d4_element et_pb_row et_pb_row_2 et_animated et_pb_equal_columns  et_pb_css_mix_blend_mode et_block_row\">\n\t\t\t\t<div class=\"et_pb_with_border et_pb_column_1_4 et_d4_element et_pb_column et_pb_column_3  et_pb_css_mix_blend_mode et_block_column\">\n\t\t\t\t\n\t\t\t\t\n\t\t\t\t\n\t\t\t\t\n\t\t\t\t<div class=\"et_pb_with_border et_pb_module et_d4_element et_pb_text et_pb_text_2  et_pb_text_align_right et_pb_bg_layout_light\">\n\t\t\t\t\n\t\t\t\t\n\t\t\t\t\n\t\t\t\t\n\t\t\t\t<div class=\"et_pb_text_inner\"><h3>1790<\/h3>\n<p>7 ao\u00fbt<\/p><\/div>\n\t\t\t<\/div>\n\t\t\t<\/div><div class=\"et_d4_element et_pb_column_3_4 et_pb_column et_pb_column_4  et_pb_css_mix_blend_mode et-last-child et_block_column\">\n\t\t\t\t\n\t\t\t\t\n\t\t\t\t\n\t\t\t\t\n\t\t\t\t<div class=\"et_pb_module et_d4_element et_pb_text et_pb_text_3  et_pb_text_align_left et_pb_bg_layout_light\">\n\t\t\t\t\n\t\t\t\t\n\t\t\t\t\n\t\t\t\t\n\t\t\t\t<div class=\"et_pb_text_inner\"><p><span class=\"NormalTextRun SCXW29862278 BCX0\">La naissance de <\/span><strong><span class=\"NormalTextRun SCXW29862278 BCX0\">Jean-Claude <\/span><span class=\"NormalTextRun SCXW29862278 BCX0\">Colin<\/span><\/strong><\/p><\/div>\n\t\t\t<\/div><div class=\"et_pb_module et_d4_element et_pb_text et_pb_text_4 et_animated  et_pb_text_align_left et_pb_bg_layout_light\">\n\t\t\t\t\n\t\t\t\t\n\t\t\t\t\n\t\t\t\t\n\t\t\t\t<div class=\"et_pb_text_inner\"><p><span data-contrast=\"auto\">C'\u00e9tait un gar\u00e7on tranquille d'un minuscule hameau de Barbery, situ\u00e9 au bord d'une for\u00eat dans la r\u00e9gion du Beaujolais, dans le centre de la France, alors que la R\u00e9volution fran\u00e7aise faisait rage. \u00c0 l'\u00e2ge de cinq ans, il est orphelin, non pas \u00e0 cause de la violence, mais \u00e0 cause de la maladie et de la mort pr\u00e9matur\u00e9e de ses parents. \u00c9lev\u00e9 par son oncle, il m\u00e8ne une <strong>vie simple \u00e0 St Bonnet le Troncy<\/strong>: il sert la messe dans l'\u00e9glise paroissiale, s'occupe des vaches dans les champs et ne s'\u00e9loigne jamais de la paisible for\u00eat de Barbery.  <\/span><span data-ccp-props=\"{}\"> <\/span><\/p><\/div>\n\t\t\t<\/div><div class=\"et_pb_module et_d4_element et_pb_image et_pb_image_1 et_animated et-waypoint\">\n\t\t\t\t\n\t\t\t\t\n\t\t\t\t\n\t\t\t\t\n\t\t\t\t<span class=\"et_pb_image_wrap \"><img loading=\"lazy\" decoding=\"async\" width=\"1000\" height=\"563\" src=\"https:\/\/maristeurope.eu\/wp-content\/uploads\/2024\/12\/4-NEW-0714-Barbery-forest-05.jpg\" alt=\"\" title=\"4-NEW-0714-Barbery-forest-05\" srcset=\"https:\/\/maristeurope.eu\/wp-content\/uploads\/2024\/12\/4-NEW-0714-Barbery-forest-05.jpg 1000w, https:\/\/maristeurope.eu\/wp-content\/uploads\/2024\/12\/4-NEW-0714-Barbery-forest-05-980x552.jpg 980w, https:\/\/maristeurope.eu\/wp-content\/uploads\/2024\/12\/4-NEW-0714-Barbery-forest-05-480x270.jpg 480w\" sizes=\"(min-width: 0px) and (max-width: 480px) 480px, (min-width: 481px) and (max-width: 980px) 980px, (min-width: 981px) 1000px, 100vw\" class=\"wp-image-836\" \/><\/span>\n\t\t\t<\/div>\n\t\t\t<\/div>\n\t\t\t\t\n\t\t\t\t\n\t\t\t\t\n\t\t\t\t\n\t\t\t<\/div><div class=\"et_d4_element et_pb_row et_pb_row_3 et_animated et_pb_equal_columns  et_pb_css_mix_blend_mode et_block_row\">\n\t\t\t\t<div class=\"et_pb_with_border et_pb_column_1_4 et_d4_element et_pb_column et_pb_column_5  et_pb_css_mix_blend_mode et_block_column\">\n\t\t\t\t\n\t\t\t\t\n\t\t\t\t\n\t\t\t\t\n\t\t\t\t<div class=\"et_pb_with_border et_pb_module et_d4_element et_pb_text et_pb_text_5  et_pb_text_align_right et_pb_bg_layout_light\">\n\t\t\t\t\n\t\t\t\t\n\t\t\t\t\n\t\t\t\t\n\t\t\t\t<div class=\"et_pb_text_inner\"><h3>1804<\/h3><\/div>\n\t\t\t<\/div>\n\t\t\t<\/div><div class=\"et_d4_element et_pb_column_3_4 et_pb_column et_pb_column_6  et_pb_css_mix_blend_mode et-last-child et_block_column\">\n\t\t\t\t\n\t\t\t\t\n\t\t\t\t\n\t\t\t\t\n\t\t\t\t<div class=\"et_pb_module et_d4_element et_pb_text et_pb_text_6  et_pb_text_align_left et_pb_bg_layout_light\">\n\t\t\t\t\n\t\t\t\t\n\t\t\t\t\n\t\t\t\t\n\t\t\t\t<div class=\"et_pb_text_inner\"><p><span class=\"NormalTextRun SCXW90192909 BCX0\">Ed<\/span><span class=\"NormalTextRun SCXW90192909 BCX0\">ucation secondaire et <strong>ann\u00e9es <\/strong><\/span><strong><span class=\"NormalTextRun SCXW90192909 BCX0\">au seminaire<\/span><\/strong><\/p><\/div>\n\t\t\t<\/div><div class=\"et_pb_module et_d4_element et_pb_text et_pb_text_7 et_animated  et_pb_text_align_left et_pb_bg_layout_light\">\n\t\t\t\t\n\t\t\t\t\n\t\t\t\t\n\t\t\t\t\n\t\t\t\t<div class=\"et_pb_text_inner\"><p><span data-contrast=\"auto\"><span data-contrast=\"auto\" xml:lang=\"EN-GB\" lang=\"EN-GB\" class=\"TextRun SCXW245251116 BCX0\"><span class=\"NormalTextRun SCXW245251116 BCX0\">\u00c0 l'\u00e2ge de quatorze ans, Jean-Claude <strong>entre au petit s\u00e9minaire de St. <\/strong><\/span><strong><span class=\"NormalTextRun SpellingErrorV2Themed SCXW245251116 BCX0\">Jodard. <br \/><\/span><\/strong><span class=\"NormalTextRun SCXW245251116 BCX0\">Il s'agit d'une \u00e9cole secondaire pour les gar\u00e7ons qui se pr\u00e9parent \u00e0 la pr\u00eatrise, dans l'espoir de passer une vie de pri\u00e8re tranquille dans un minist\u00e8re sans histoire. En d\u00e9pit de <\/span><span class=\"NormalTextRun SCXW245251116 BCX0\">quelques probl\u00e8mes de sant\u00e9,<\/span><span class=\"NormalTextRun SCXW245251116 BCX0\"> Jean-Claude a suivi ses \u00e9tudes sans difficult\u00e9 et s'est class\u00e9 parmi les meilleurs \u00e9l\u00e8ves.<\/span><span class=\"NormalTextRun SCXW245251116 BCX0\"> <\/span><span class=\"NormalTextRun SCXW245251116 BCX0\">A la fin de l'\u00e9t\u00e9 1813<strong>, Jean-Claude part au grand s\u00e9minaire St Ir\u00e9n\u00e9e de Lyon<\/strong> pour les derni\u00e8res ann\u00e9es de pr\u00e9paration au sacerdoce<\/span><\/span>.<\/span><span data-ccp-props=\"{}\"> <\/span><\/p><\/div>\n\t\t\t<\/div>\n\t\t\t<\/div>\n\t\t\t\t\n\t\t\t\t\n\t\t\t\t\n\t\t\t\t\n\t\t\t<\/div><div class=\"et_d4_element et_pb_row et_pb_row_4 et_animated et_pb_equal_columns  et_pb_css_mix_blend_mode et_block_row\">\n\t\t\t\t<div class=\"et_pb_with_border et_pb_column_1_4 et_d4_element et_pb_column et_pb_column_7  et_pb_css_mix_blend_mode et_block_column\">\n\t\t\t\t\n\t\t\t\t\n\t\t\t\t\n\t\t\t\t\n\t\t\t\t<div class=\"et_pb_with_border et_pb_module et_d4_element et_pb_text et_pb_text_8  et_pb_text_align_right et_pb_bg_layout_light\">\n\t\t\t\t\n\t\t\t\t\n\t\t\t\t\n\t\t\t\t\n\t\t\t\t<div class=\"et_pb_text_inner\"><h3>1816<\/h3><\/div>\n\t\t\t<\/div>\n\t\t\t<\/div><div class=\"et_d4_element et_pb_column_3_4 et_pb_column et_pb_column_8  et_pb_css_mix_blend_mode et-last-child et_block_column\">\n\t\t\t\t\n\t\t\t\t\n\t\t\t\t\n\t\t\t\t\n\t\t\t\t<div class=\"et_pb_module et_d4_element et_pb_text et_pb_text_9  et_pb_text_align_left et_pb_bg_layout_light\">\n\t\t\t\t\n\t\t\t\t\n\t\t\t\t\n\t\t\t\t\n\t\t\t\t<div class=\"et_pb_text_inner\"><p><span data-contrast=\"auto\" xml:lang=\"EN-GB\" lang=\"EN-GB\" class=\"TextRun MacChromeBold SCXW246171443 BCX0\"><span class=\"NormalTextRun SCXW246171443 BCX0\">Vision et promesse - <strong>l'engagement de Fourvi\u00e8re<\/strong><\/span><\/span><\/p><\/div>\n\t\t\t<\/div><div class=\"et_pb_module et_d4_element et_pb_text et_pb_text_10 et_animated  et_pb_text_align_left et_pb_bg_layout_light\">\n\t\t\t\t\n\t\t\t\t\n\t\t\t\t\n\t\t\t\t\n\t\t\t\t<div class=\"et_pb_text_inner\"><p><span data-contrast=\"auto\">Au s\u00e9minaire, il rencontre Jean-Claude Courveille, un camarade qui lui fait part d'une rencontre \u00e9tonnante avec la Sainte Vierge. <strong>Marie lui a parl\u00e9 au sanctuaire de la cath\u00e9drale du Puy et lui a exprim\u00e9 son d\u00e9sir d'une congr\u00e9gation religieuse portant son nom : Mariste<\/strong>. Avec une dizaine d'autres jeunes hommes, il est attir\u00e9 par ce projet de Soci\u00e9t\u00e9 : un arbre \u00e0 plusieurs branches, m\u00ealant pr\u00eatres, s\u0153urs, fr\u00e8res et la\u00efcs. <\/span><span data-ccp-props=\"{}\"> <\/span><\/p>\n<p><span data-contrast=\"auto\">Le <\/span><span data-contrast=\"auto\">23<\/span><span data-contrast=\"auto\"> juillet, au lendemain de l'ordination sacerdotale de certains d'entre eux, les douze aspirants maristes gravissent la colline de Fourvi\u00e8re, qui domine Lyon, jusqu'\u00e0 l'ancien sanctuaire de Notre-Dame. L\u00e0, le groupe s'engage solennellement \u00e0 fonder la Soci\u00e9t\u00e9 de Marie. <\/span><span data-ccp-props=\"{}\"> <\/span><\/p><\/div>\n\t\t\t<\/div><div class=\"et_pb_module et_d4_element et_pb_image et_pb_image_2 et_animated et-waypoint\">\n\t\t\t\t\n\t\t\t\t\n\t\t\t\t\n\t\t\t\t\n\t\t\t\t<span class=\"et_pb_image_wrap \"><img loading=\"lazy\" decoding=\"async\" width=\"1000\" height=\"563\" src=\"https:\/\/maristeurope.eu\/wp-content\/uploads\/2024\/12\/8-NEW-0512-Fourviere-int-2J.jpg\" alt=\"\" title=\"8-NEW-0512-Fourviere-int-2J\" srcset=\"https:\/\/maristeurope.eu\/wp-content\/uploads\/2024\/12\/8-NEW-0512-Fourviere-int-2J.jpg 1000w, https:\/\/maristeurope.eu\/wp-content\/uploads\/2024\/12\/8-NEW-0512-Fourviere-int-2J-980x552.jpg 980w, https:\/\/maristeurope.eu\/wp-content\/uploads\/2024\/12\/8-NEW-0512-Fourviere-int-2J-480x270.jpg 480w\" sizes=\"(min-width: 0px) and (max-width: 480px) 480px, (min-width: 481px) and (max-width: 980px) 980px, (min-width: 981px) 1000px, 100vw\" class=\"wp-image-858\" \/><\/span>\n\t\t\t<\/div>\n\t\t\t<\/div>\n\t\t\t\t\n\t\t\t\t\n\t\t\t\t\n\t\t\t\t\n\t\t\t<\/div><div class=\"et_d4_element et_pb_row et_pb_row_5 et_animated et_pb_equal_columns  et_pb_css_mix_blend_mode et_block_row\">\n\t\t\t\t<div class=\"et_pb_with_border et_pb_column_1_4 et_d4_element et_pb_column et_pb_column_9  et_pb_css_mix_blend_mode et_block_column\">\n\t\t\t\t\n\t\t\t\t\n\t\t\t\t\n\t\t\t\t\n\t\t\t\t<div class=\"et_pb_with_border et_pb_module et_d4_element et_pb_text et_pb_text_11  et_pb_text_align_right et_pb_bg_layout_light\">\n\t\t\t\t\n\t\t\t\t\n\t\t\t\t\n\t\t\t\t\n\t\t\t\t<div class=\"et_pb_text_inner\"><h3>1817-1824<\/h3><\/div>\n\t\t\t<\/div>\n\t\t\t<\/div><div class=\"et_d4_element et_pb_column_3_4 et_pb_column et_pb_column_10  et_pb_css_mix_blend_mode et-last-child et_block_column\">\n\t\t\t\t\n\t\t\t\t\n\t\t\t\t\n\t\t\t\t\n\t\t\t\t<div class=\"et_pb_module et_d4_element et_pb_text et_pb_text_12  et_pb_text_align_left et_pb_bg_layout_light\">\n\t\t\t\t\n\t\t\t\t\n\t\t\t\t\n\t\t\t\t\n\t\t\t\t<div class=\"et_pb_text_inner\"><p><span class=\"NormalTextRun SCXW21116513 BCX0\">Go\u00fbter Dieu -<strong> la vie \u00e0 <\/strong><\/span><strong><span class=\"NormalTextRun SpellingErrorV2Themed SCXW21116513 BCX0\">Cerdon<\/span><\/strong><\/p><\/div>\n\t\t\t<\/div><div class=\"et_pb_module et_d4_element et_pb_text et_pb_text_13 et_animated  et_pb_text_align_left et_pb_bg_layout_light\">\n\t\t\t\t\n\t\t\t\t\n\t\t\t\t\n\t\t\t\t\n\t\t\t\t<div class=\"et_pb_text_inner\"><p><span data-contrast=\"auto\" xml:lang=\"EN-GB\" lang=\"EN-GB\" class=\"TextRun SCXW8827417 BCX0\"><span class=\"NormalTextRun SCXW8827417 BCX0\">Peu de temps apr\u00e8s <\/span><span class=\"NormalTextRun SCXW8827417 BCX0\">son ordination,<\/span><span class=\"NormalTextRun SCXW8827417 BCX0\"> Jean-Claude Colin est envoy\u00e9 dans le village de <\/span><span class=\"NormalTextRun SpellingErrorV2Themed SCXW8827417 BCX0\">Cerdon <\/span><span class=\"NormalTextRun SCXW8827417 BCX0\">pour rejoindre<\/span><span class=\"NormalTextRun SCXW8827417 BCX0\"> son fr\u00e8re a\u00een\u00e9, le p\u00e8re Pierre Colin <\/span><span class=\"NormalTextRun SCXW8827417 BCX0\">qui en est le cur\u00e9. <\/span><span class=\"NormalTextRun SCXW8827417 BCX0\">Au fil des <\/span><span class=\"NormalTextRun ContextualSpellingAndGrammarErrorV2Themed SCXW8827417 BCX0\">mois<\/span><span class=\"NormalTextRun SCXW8827417 BCX0\"> <\/span><span class=\"NormalTextRun SCXW8827417 BCX0\">il<\/span><span class=\"NormalTextRun SCXW8827417 BCX0\"> r\u00e9fl\u00e9chit de plus en plus au projet mariste et \u00e9bauche des<\/span><span class=\"NormalTextRun SCXW8827417 BCX0\"> r\u00e8gles <\/span><span class=\"NormalTextRun SCXW8827417 BCX0\">de vie pour la <\/span><span class=\"NormalTextRun SCXW8827417 BCX0\">Soci\u00e9t\u00e9 <\/span><span class=\"NormalTextRun SCXW8827417 BCX0\">de Marie<\/span><span class=\"NormalTextRun SCXW8827417 BCX0\">. Les fr\u00e8res Colin sont rejoints \u00e0 <\/span><span class=\"NormalTextRun SpellingErrorV2Themed SCXW8827417 BCX0\">Cerdon<\/span><span class=\"NormalTextRun SCXW8827417 BCX0\"> par <\/span><span class=\"NormalTextRun SCXW8827417 BCX0\">deux jeunes femmes <\/span><span class=\"NormalTextRun SCXW8827417 BCX0\">dont <\/span><span class=\"NormalTextRun SCXW8827417 BCX0\">Jeanne-Marie<\/span> <span class=\"NormalTextRun SCXW8827417 BCX0\">Chavoin,<\/span><span class=\"NormalTextRun SCXW8827417 BCX0\"> la<\/span> <span class=\"NormalTextRun SpellingErrorV2Themed SCXW8827417 BCX0\">fondatrice<\/span> <span class=\"NormalTextRun SCXW8827417 BCX0\"> de<\/span><span class=\"NormalTextRun SCXW8827417 BCX0\"> la <\/span><span class=\"NormalTextRun SCXW8827417 BCX0\">branche<\/span><span class=\"NormalTextRun SCXW8827417 BCX0\"> d<\/span><span class=\"NormalTextRun SCXW8827417 BCX0\">es<\/span><span class=\"NormalTextRun SCXW8827417 BCX0\"> Soeurs du projet mariste.<\/span><span class=\"NormalTextRun SCXW8827417 BCX0\"> Dans le m\u00eame temps<\/span><span class=\"NormalTextRun SCXW8827417 BCX0\">, le P\u00e8re <\/span><span class=\"NormalTextRun SCXW8827417 BCX0\">Marcellin <\/span><span class=\"NormalTextRun SCXW8827417 BCX0\">Champagnat \u00e9tait <\/span><span class=\"NormalTextRun SCXW8827417 BCX0\">occup\u00e9 \u00e0 <\/span><span class=\"NormalTextRun SCXW8827417 BCX0\">l'\u00e9tablissement<\/span><span class=\"NormalTextRun SCXW8827417 BCX0\"> des F<\/span><span class=\"NormalTextRun ContextualSpellingAndGrammarErrorV2Themed SCXW8827417 BCX0\">r\u00e8res<\/span><span class=\"NormalTextRun SCXW8827417 BCX0\"> dans sa premi\u00e8re paroisse de<strong> La Valla <\/strong>. <\/span> <\/span><strong><span class=\"EOP SCXW8827417 BCX0\" data-ccp-props=\"{}\"> <\/span><\/strong><\/p><\/div>\n\t\t\t<\/div><div class=\"et_pb_module et_d4_element et_pb_image et_pb_image_3 et_animated et-waypoint\">\n\t\t\t\t\n\t\t\t\t\n\t\t\t\t\n\t\t\t\t\n\t\t\t\t<span class=\"et_pb_image_wrap \"><img loading=\"lazy\" decoding=\"async\" width=\"1000\" height=\"563\" src=\"https:\/\/maristeurope.eu\/wp-content\/uploads\/2024\/12\/9-NEW-0714-Cerdon-views-21ps.jpg\" alt=\"\" title=\"9-NEW-0714-Cerdon-views-21ps\" srcset=\"https:\/\/maristeurope.eu\/wp-content\/uploads\/2024\/12\/9-NEW-0714-Cerdon-views-21ps.jpg 1000w, https:\/\/maristeurope.eu\/wp-content\/uploads\/2024\/12\/9-NEW-0714-Cerdon-views-21ps-980x552.jpg 980w, https:\/\/maristeurope.eu\/wp-content\/uploads\/2024\/12\/9-NEW-0714-Cerdon-views-21ps-480x270.jpg 480w\" sizes=\"(min-width: 0px) and (max-width: 480px) 480px, (min-width: 481px) and (max-width: 980px) 980px, (min-width: 981px) 1000px, 100vw\" class=\"wp-image-859\" \/><\/span>\n\t\t\t<\/div>\n\t\t\t<\/div>\n\t\t\t\t\n\t\t\t\t\n\t\t\t\t\n\t\t\t\t\n\t\t\t<\/div><div class=\"et_d4_element et_pb_row et_pb_row_6 et_animated et_pb_equal_columns  et_pb_css_mix_blend_mode et_block_row\">\n\t\t\t\t<div class=\"et_pb_with_border et_pb_column_1_4 et_d4_element et_pb_column et_pb_column_11  et_pb_css_mix_blend_mode et_block_column\">\n\t\t\t\t\n\t\t\t\t\n\t\t\t\t\n\t\t\t\t\n\t\t\t\t<div class=\"et_pb_with_border et_pb_module et_d4_element et_pb_text et_pb_text_14  et_pb_text_align_right et_pb_bg_layout_light\">\n\t\t\t\t\n\t\t\t\t\n\t\t\t\t\n\t\t\t\t\n\t\t\t\t<div class=\"et_pb_text_inner\"><h3>1824-1835<\/h3><\/div>\n\t\t\t<\/div>\n\t\t\t<\/div><div class=\"et_d4_element et_pb_column_3_4 et_pb_column et_pb_column_12  et_pb_css_mix_blend_mode et-last-child et_block_column\">\n\t\t\t\t\n\t\t\t\t\n\t\t\t\t\n\t\t\t\t\n\t\t\t\t<div class=\"et_pb_module et_d4_element et_pb_text et_pb_text_15  et_pb_text_align_left et_pb_bg_layout_light\">\n\t\t\t\t\n\t\t\t\t\n\t\t\t\t\n\t\t\t\t\n\t\t\t\t<div class=\"et_pb_text_inner\"><p><span class=\"NormalTextRun SCXW47134163 BCX0\"><strong>Premi\u00e8re communaut\u00e9 religieuse<\/strong> \u00a0<br \/><\/span><strong><span class=\"NormalTextRun SpellingErrorV2Themed SCXW47134163 BCX0\">Bugey<\/span><\/strong><span class=\"NormalTextRun SpellingErrorV2Themed SCXW47134163 BCX0\">,<\/span><span class=\"NormalTextRun SCXW47134163 BCX0\"> d<\/span><span class=\"NormalTextRun SCXW47134163 BCX0\">\u00e9but des <strong>missions<\/strong> <\/span><\/p><\/div>\n\t\t\t<\/div><div class=\"et_pb_module et_d4_element et_pb_text et_pb_text_16 et_animated  et_pb_text_align_left et_pb_bg_layout_light\">\n\t\t\t\t\n\t\t\t\t\n\t\t\t\t\n\t\t\t\t\n\t\t\t\t<div class=\"et_pb_text_inner\"><p><span data-contrast=\"auto\" lang=\"EN-GB\" class=\"TextRun SCXW17892688 BCX0\"><span class=\"NormalTextRun SCXW17892688 BCX0\">Partageant le r\u00eave mariste avec son \u00e9v\u00eaque<\/span><span class=\"NormalTextRun SCXW17892688 BCX0\">,<\/span><span class=\"NormalTextRun SCXW17892688 BCX0\"> Colin se heurte au <\/span><span class=\"NormalTextRun SCXW17892688 BCX0\">scepticisme. <\/span><span class=\"NormalTextRun SCXW17892688 BCX0\">Le <\/span><span class=\"NormalTextRun SCXW17892688 BCX0\">2<\/span><\/span><span data-contrast=\"auto\" lang=\"EN-GB\" class=\"TextRun SCXW17892688 BCX0\"><span class=\"NormalTextRun Superscript SCXW17892688 BCX0\" data-fontsize=\"11\">9<\/span><\/span><span data-contrast=\"auto\" xml:lang=\"EN-GB\" lang=\"EN-GB\" class=\"TextRun SCXW17892688 BCX0\"> <span class=\"NormalTextRun SCXW17892688 BCX0\"> Octobre<\/span><span class=\"NormalTextRun SCXW17892688 BCX0\"> 1824<\/span><span class=\"NormalTextRun SCXW17892688 BCX0\"> les fr\u00e8res Colin sont rejoints par un autre des douze de Fourvi\u00e8re, <\/span><span class=\"NormalTextRun SCXW17892688 BCX0\">le p\u00e8re <\/span><span class=\"NormalTextRun SCXW17892688 BCX0\">Etienne <\/span><span class=\"NormalTextRun SpellingErrorV2Themed SCXW17892688 BCX0\">Declas <\/span><span class=\"NormalTextRun SCXW17892688 BCX0\">pour former la premi\u00e8re communaut\u00e9<\/span><span class=\"NormalTextRun SCXW17892688 BCX0\">. <\/span><span class=\"NormalTextRun SCXW17892688 BCX0\">Ensemble, ils se d\u00e9placent dans les communaut\u00e9s <\/span><span class=\"NormalTextRun SCXW17892688 BCX0\">rurales<\/span><span class=\"NormalTextRun SCXW17892688 BCX0\"> du <\/span><span class=\"NormalTextRun SpellingErrorV2Themed SCXW17892688 BCX0\">Bugey<\/span><span class=\"NormalTextRun SCXW17892688 BCX0\"> <\/span><span class=\"NormalTextRun SCXW17892688 BCX0\">qui <\/span><span class=\"NormalTextRun SCXW17892688 BCX0\">n'avaient plus de pr\u00eatres depuis la<\/span><span class=\"NormalTextRun SCXW17892688 BCX0\"> R\u00e9volution fran\u00e7aise. <\/span><strong><span class=\"NormalTextRun SCXW17892688 BCX0\">Leur mission est de <\/span><\/strong><span class=\"NormalTextRun SCXW17892688 BCX0\"><strong>restaurer la foi et l'esp\u00e9rance et d'apporter la mis\u00e9ricorde de Dieu \u00e0 un peuple d\u00e9laiss\u00e9<\/strong>.<\/span> <span class=\"NormalTextRun SCXW17892688 BCX0\">En 1825<\/span><span class=\"NormalTextRun SCXW17892688 BCX0\">, les Mariste<\/span><span class=\"NormalTextRun SCXW17892688 BCX0\">s<\/span><span class=\"NormalTextRun SCXW17892688 BCX0\"> <\/span><span class=\"NormalTextRun SCXW17892688 BCX0\">d\u00e9m\u00e9nagent \u00e0<\/span><span class=\"NormalTextRun SCXW17892688 BCX0\"> Belley <\/span><span class=\"NormalTextRun SCXW17892688 BCX0\">pour soutenir le petit s\u00e9minaire de la ville, o\u00f9 le p\u00e8re Colin est nomm\u00e9 sup\u00e9rieur quatre ans plus tard. <\/span><span class=\"NormalTextRun SCXW17892688 BCX0\">En 1833, <\/span><span class=\"NormalTextRun SCXW17892688 BCX0\">il se rend<\/span><span class=\"NormalTextRun SCXW17892688 BCX0\">\u00a0\u00e0 Rome pour plaider en faveur de <\/span><span class=\"NormalTextRun SCXW17892688 BCX0\">l'approbation <\/span><span class=\"NormalTextRun SCXW17892688 BCX0\">du projet mariste<\/span><span class=\"NormalTextRun SCXW17892688 BCX0\">. <\/span> <\/span><span class=\"EOP SCXW17892688 BCX0\" data-ccp-props=\"{}\"> <\/span><\/p><\/div>\n\t\t\t<\/div><div class=\"et_pb_module et_d4_element et_pb_image et_pb_image_4 et_animated et-waypoint\">\n\t\t\t\t\n\t\t\t\t\n\t\t\t\t\n\t\t\t\t\n\t\t\t\t<span class=\"et_pb_image_wrap \"><img loading=\"lazy\" decoding=\"async\" width=\"600\" height=\"717\" src=\"https:\/\/maristeurope.eu\/wp-content\/uploads\/2024\/11\/Colin-2.jpg\" alt=\"\" title=\"Colin 2\" srcset=\"https:\/\/maristeurope.eu\/wp-content\/uploads\/2024\/11\/Colin-2.jpg 600w, https:\/\/maristeurope.eu\/wp-content\/uploads\/2024\/11\/Colin-2-480x574.jpg 480w\" sizes=\"(min-width: 0px) and (max-width: 480px) 480px, (min-width: 481px) 600px, 100vw\" class=\"wp-image-423\" \/><\/span>\n\t\t\t<\/div>\n\t\t\t<\/div>\n\t\t\t\t\n\t\t\t\t\n\t\t\t\t\n\t\t\t\t\n\t\t\t<\/div><div class=\"et_d4_element et_pb_row et_pb_row_7 et_animated et_pb_equal_columns  et_pb_css_mix_blend_mode et_block_row\">\n\t\t\t\t<div class=\"et_pb_with_border et_pb_column_1_4 et_d4_element et_pb_column et_pb_column_13  et_pb_css_mix_blend_mode et_block_column\">\n\t\t\t\t\n\t\t\t\t\n\t\t\t\t\n\t\t\t\t\n\t\t\t\t<div class=\"et_pb_with_border et_pb_module et_d4_element et_pb_text et_pb_text_17  et_pb_text_align_right et_pb_bg_layout_light\">\n\t\t\t\t\n\t\t\t\t\n\t\t\t\t\n\t\t\t\t\n\t\t\t\t<div class=\"et_pb_text_inner\"><h3>1836<\/h3><\/div>\n\t\t\t<\/div>\n\t\t\t<\/div><div class=\"et_d4_element et_pb_column_3_4 et_pb_column et_pb_column_14  et_pb_css_mix_blend_mode et-last-child et_block_column\">\n\t\t\t\t\n\t\t\t\t\n\t\t\t\t\n\t\t\t\t\n\t\t\t\t<div class=\"et_pb_module et_d4_element et_pb_text et_pb_text_18  et_pb_text_align_left et_pb_bg_layout_light\">\n\t\t\t\t\n\t\t\t\t\n\t\t\t\t\n\t\t\t\t\n\t\t\t\t<div class=\"et_pb_text_inner\"><p><span data-contrast=\"auto\" lang=\"EN-GB\" class=\"TextRun MacChromeBold SCXW67457069 BCX0\"><span class=\"NormalTextRun SCXW67457069 BCX0\">L'approbation de la <strong>Soci\u00e9t\u00e9 de Marie <\/strong><\/span><\/span><span data-contrast=\"auto\" lang=\"EN-GB\" class=\"TextRun MacChromeBold SCXW67457069 BCX0\"><span class=\"NormalTextRun SCXW67457069 BCX0\">et les missions du Pacifique<\/span><\/span><\/p><\/div>\n\t\t\t<\/div><div class=\"et_pb_module et_d4_element et_pb_text et_pb_text_19 et_animated  et_pb_text_align_left et_pb_bg_layout_light\">\n\t\t\t\t\n\t\t\t\t\n\t\t\t\t\n\t\t\t\t\n\t\t\t\t<div class=\"et_pb_text_inner\"><p><span data-contrast=\"auto\" xml:lang=\"EN-GB\" lang=\"EN-GB\" class=\"TextRun SCXW180498096 BCX0\"><span class=\"NormalTextRun SCXW180498096 BCX0\">Le pape Gr\u00e9goire XVI cherchait des missionnaires pour le Pacifique sud-ouest - et les Maristes <\/span><span class=\"NormalTextRun SCXW180498096 BCX0\">ont acceptent cette responsabilit\u00e9. C'est l'occasion pour la Soci\u00e9t\u00e9 de Marie d'\u00eatre <\/span><span class=\"NormalTextRun SCXW180498096 BCX0\"> <\/span><span class=\"NormalTextRun SCXW180498096 BCX0\">officiellement <\/span><span class=\"NormalTextRun SCXW180498096 BCX0\">approuv\u00e9e.<\/span><span class=\"NormalTextRun SCXW180498096 BCX0\"> <\/span><span class=\"NormalTextRun SCXW180498096 BCX0\">Les premi\u00e8res professions des pr\u00eatres et des fr\u00e8res ont lieu<\/span><span class=\"NormalTextRun SCXW180498096 BCX0\">,<\/span><span class=\"NormalTextRun SCXW180498096 BCX0\"> sur la base des trois v\u0153ux de pauvret\u00e9, <\/span><span class=\"NormalTextRun SCXW180498096 BCX0\">chastet\u00e9<\/span><span class=\"NormalTextRun SCXW180498096 BCX0\"> et ob\u00e9issance. Le p\u00e8re Colin accepte de devenir le premier <\/span><span class=\"NormalTextRun ContextualSpellingAndGrammarErrorV2Themed SCXW180498096 BCX0\">sup\u00e9rieur g\u00e9n\u00e9ral<\/span><span class=\"NormalTextRun SCXW180498096 BCX0\">.<\/span><span class=\"NormalTextRun SCXW180498096 BCX0\"> Le premier groupe de missionnaires quitte <\/span><span class=\"NormalTextRun SCXW180498096 BCX0\">le port fran\u00e7ais du Havre la veille de No\u00ebl <\/span><span class=\"NormalTextRun SCXW180498096 BCX0\">pour l'Oc\u00e9anie. <\/span> <\/span><span class=\"EOP SCXW180498096 BCX0\" data-ccp-props=\"{}\"> <\/span><\/p><\/div>\n\t\t\t<\/div><div class=\"et_pb_module et_d4_element et_pb_image et_pb_image_5 et_animated et-waypoint\">\n\t\t\t\t\n\t\t\t\t\n\t\t\t\t\n\t\t\t\t\n\t\t\t\t<span class=\"et_pb_image_wrap \"><img loading=\"lazy\" decoding=\"async\" width=\"2560\" height=\"1707\" src=\"https:\/\/maristeurope.eu\/wp-content\/uploads\/2025\/01\/Father-Colin-1836-Approval-of-SM-scaled.jpg\" alt=\"\" title=\"Plume, boussoles, grains de caf\u00e9, pi\u00e8ces de monnaie reposent sur une vieille carte jaune.\" srcset=\"https:\/\/maristeurope.eu\/wp-content\/uploads\/2025\/01\/Father-Colin-1836-Approval-of-SM-scaled.jpg 2560w, https:\/\/maristeurope.eu\/wp-content\/uploads\/2025\/01\/Father-Colin-1836-Approval-of-SM-1280x854.jpg 1280w, https:\/\/maristeurope.eu\/wp-content\/uploads\/2025\/01\/Father-Colin-1836-Approval-of-SM-980x653.jpg 980w, https:\/\/maristeurope.eu\/wp-content\/uploads\/2025\/01\/Father-Colin-1836-Approval-of-SM-480x320.jpg 480w\" sizes=\"(min-width: 0px) and (max-width: 480px) 480px, (min-width: 481px) and (max-width: 980px) 980px, (min-width: 981px) and (max-width: 1280px) 1280px, (min-width: 1281px) 2560px, 100vw\" class=\"wp-image-1035\" \/><\/span>\n\t\t\t<\/div>\n\t\t\t<\/div>\n\t\t\t\t\n\t\t\t\t\n\t\t\t\t\n\t\t\t\t\n\t\t\t<\/div><div class=\"et_d4_element et_pb_row et_pb_row_8 et_animated et_pb_equal_columns  et_pb_css_mix_blend_mode et_block_row\">\n\t\t\t\t<div class=\"et_pb_with_border et_pb_column_1_4 et_d4_element et_pb_column et_pb_column_15  et_pb_css_mix_blend_mode et_block_column\">\n\t\t\t\t\n\t\t\t\t\n\t\t\t\t\n\t\t\t\t\n\t\t\t\t<div class=\"et_pb_with_border et_pb_module et_d4_element et_pb_text et_pb_text_20  et_pb_text_align_right et_pb_bg_layout_light\">\n\t\t\t\t\n\t\t\t\t\n\t\t\t\t\n\t\t\t\t\n\t\t\t\t<div class=\"et_pb_text_inner\"><h3>1837-1853<\/h3><\/div>\n\t\t\t<\/div>\n\t\t\t<\/div><div class=\"et_d4_element et_pb_column_1_2 et_pb_column et_pb_column_16  et_pb_css_mix_blend_mode et_block_column\">\n\t\t\t\t\n\t\t\t\t\n\t\t\t\t\n\t\t\t\t\n\t\t\t\t<div class=\"et_pb_module et_d4_element et_pb_text et_pb_text_21  et_pb_text_align_left et_pb_bg_layout_light\">\n\t\t\t\t\n\t\t\t\t\n\t\t\t\t\n\t\t\t\t\n\t\t\t\t<div class=\"et_pb_text_inner\"><p><span data-contrast=\"auto\" xml:lang=\"EN-GB\" lang=\"EN-GB\" class=\"TextRun MacChromeBold SCXW254141434 BCX0\"><span class=\"NormalTextRun SCXW254141434 BCX0\"> <\/span><\/span><span data-contrast=\"auto\" xml:lang=\"EN-GB\" lang=\"EN-GB\" class=\"TextRun MacChromeBold SCXW254141434 BCX0\"><span class=\"NormalTextRun SCXW254141434 BCX0\">La Soci\u00e9t\u00e9 de Marie grandit<\/span><\/span><span class=\"EOP SCXW254141434 BCX0\" data-ccp-props=\"{}\"> <\/span><\/p><\/div>\n\t\t\t<\/div><div class=\"et_pb_module et_d4_element et_pb_text et_pb_text_22 et_animated  et_pb_text_align_left et_pb_bg_layout_light\">\n\t\t\t\t\n\t\t\t\t\n\t\t\t\t\n\t\t\t\t\n\t\t\t\t<div class=\"et_pb_text_inner\"><p><span data-contrast=\"auto\" xml:lang=\"EN-GB\" lang=\"EN-GB\" class=\"TextRun SCXW139070738 BCX0\"><span class=\"NormalTextRun SCXW139070738 BCX0\">En 1839, Jean-Claude Colin quitte Belley pour s'installer \u00e0 Lyon<\/span><span class=\"NormalTextRun SCXW139070738 BCX0\"> d'o\u00f9 i<\/span><span class=\"NormalTextRun SCXW139070738 BCX0\">l dirige la Soci\u00e9t\u00e9 de Marie pendant des ann\u00e9es de croissance extraordinaire tant en France qu'en<\/span> <span class=\"NormalTextRun SCXW139070738 BCX0\">Oc\u00e9anie.<\/span><span class=\"NormalTextRun SCXW139070738 BCX0\"> <\/span><span class=\"NormalTextRun SCXW139070738 BCX0\">La demande de missionnaires dans le Pacifique n'a jamais cess\u00e9. Les vocations se sont multipli\u00e9es. <\/span><span class=\"NormalTextRun SCXW139070738 BCX0\">Les <\/span><span class=\"NormalTextRun SCXW139070738 BCX0\">maristes sont pr\u00e9sents dans un nombre croissant de minist\u00e8res, en particulier parmi les jeunes<\/span><span class=\"NormalTextRun SCXW139070738 BCX0\"> et dans l'\u00e9ducation<\/span><span class=\"NormalTextRun SCXW139070738 BCX0\">.<\/span><\/span><span class=\"EOP SCXW139070738 BCX0\" data-ccp-props=\"{}\"> <\/span><\/p><\/div>\n\t\t\t<\/div>\n\t\t\t<\/div><div class=\"et_d4_element et_pb_column_1_4 et_pb_column et_pb_column_17  et_pb_css_mix_blend_mode et-last-child et_block_column et_pb_column_empty\">\n\t\t\t\t\n\t\t\t\t\n\t\t\t\t\n\t\t\t\t\n\t\t\t\t\n\t\t\t<\/div>\n\t\t\t\t\n\t\t\t\t\n\t\t\t\t\n\t\t\t\t\n\t\t\t<\/div><div class=\"et_d4_element et_pb_row et_pb_row_9 et_animated et_pb_equal_columns  et_pb_css_mix_blend_mode et_block_row\">\n\t\t\t\t<div class=\"et_pb_with_border et_pb_column_1_4 et_d4_element et_pb_column et_pb_column_18  et_pb_css_mix_blend_mode et_block_column\">\n\t\t\t\t\n\t\t\t\t\n\t\t\t\t\n\t\t\t\t\n\t\t\t\t<div class=\"et_pb_with_border et_pb_module et_d4_element et_pb_text et_pb_text_23  et_pb_text_align_right et_pb_bg_layout_light\">\n\t\t\t\t\n\t\t\t\t\n\t\t\t\t\n\t\t\t\t\n\t\t\t\t<div class=\"et_pb_text_inner\"><h3>1854-1874<\/h3><\/div>\n\t\t\t<\/div>\n\t\t\t<\/div><div class=\"et_d4_element et_pb_column_3_4 et_pb_column et_pb_column_19  et_pb_css_mix_blend_mode et-last-child et_block_column\">\n\t\t\t\t\n\t\t\t\t\n\t\t\t\t\n\t\t\t\t\n\t\t\t\t<div class=\"et_pb_module et_d4_element et_pb_text et_pb_text_24  et_pb_text_align_left et_pb_bg_layout_light\">\n\t\t\t\t\n\t\t\t\t\n\t\t\t\t\n\t\t\t\t\n\t\t\t\t<div class=\"et_pb_text_inner\"><p><strong><span data-contrast=\"auto\" xml:lang=\"EN-GB\" lang=\"EN-GB\" class=\"TextRun MacChromeBold SCXW190765381 BCX0\"><span class=\"NormalTextRun SCXW190765381 BCX0\">Les <\/span><span class=\"NormalTextRun SpellingErrorV2Themed SCXW190765381 BCX0\">ann\u00e9es \u00ab<\/span><span class=\"NormalTextRun SCXW190765381 BCX0\">\u00a0Neyli\u00e8re \u00bb<\/span><\/span><\/strong><\/p><\/div>\n\t\t\t<\/div><div class=\"et_pb_module et_d4_element et_pb_text et_pb_text_25 et_animated  et_pb_text_align_left et_pb_bg_layout_light\">\n\t\t\t\t\n\t\t\t\t\n\t\t\t\t\n\t\t\t\t\n\t\t\t\t<div class=\"et_pb_text_inner\"><p><span data-contrast=\"auto\" xml:lang=\"EN-GB\" lang=\"EN-GB\" class=\"TextRun SCXW33286199 BCX0\"><span class=\"NormalTextRun SCXW33286199 BCX0\">Le p\u00e8re Colin prend sa retraite <\/span><span class=\"NormalTextRun SCXW33286199 BCX0\">comme sup\u00e9rieur g\u00e9n\u00e9ral \u00e0 <\/span><span class=\"NormalTextRun SCXW33286199 BCX0\">La <\/span><span class=\"NormalTextRun SpellingErrorV2Themed SCXW33286199 BCX0\">Neyli\u00e8re<\/span><span class=\"NormalTextRun SCXW33286199 BCX0\"> pr\u00e8s de Lyon<\/span><span class=\"NormalTextRun SCXW33286199 BCX0\"> pour travailler <\/span><span class=\"NormalTextRun SCXW33286199 BCX0\">\u00e0 <\/span><span class=\"NormalTextRun SCXW33286199 BCX0\">parfaire la r\u00e8gle mariste et les <\/span><span class=\"NormalTextRun SCXW33286199 BCX0\">C<\/span><span class=\"NormalTextRun SCXW33286199 BCX0\">onstitutions<\/span><span class=\"NormalTextRun SCXW33286199 BCX0\">. Il s'efforce pendant de nombreuses ann\u00e9es d'achever les Constitutions qui <\/span><span class=\"NormalTextRun SCXW33286199 BCX0\">seront <\/span><span class=\"NormalTextRun SCXW33286199 BCX0\">finalement approuv\u00e9es <\/span><span class=\"NormalTextRun SCXW33286199 BCX0\">par le chapitre g\u00e9n\u00e9ral de 1872.<\/span><\/span><span class=\"EOP SCXW33286199 BCX0\" data-ccp-props=\"{}\"> <\/span><\/p><\/div>\n\t\t\t<\/div><div class=\"et_pb_module et_d4_element et_pb_image et_pb_image_6 et_animated et-waypoint\">\n\t\t\t\t\n\t\t\t\t\n\t\t\t\t\n\t\t\t\t\n\t\t\t\t<span class=\"et_pb_image_wrap \"><img loading=\"lazy\" decoding=\"async\" width=\"1920\" height=\"1280\" src=\"https:\/\/maristeurope.eu\/wp-content\/uploads\/2024\/12\/26-1013-La-Neyliere-05crpps.jpg\" alt=\"\" title=\"26-1013-La-Neyliere-05crpps\" srcset=\"https:\/\/maristeurope.eu\/wp-content\/uploads\/2024\/12\/26-1013-La-Neyliere-05crpps.jpg 1920w, https:\/\/maristeurope.eu\/wp-content\/uploads\/2024\/12\/26-1013-La-Neyliere-05crpps-1280x853.jpg 1280w, https:\/\/maristeurope.eu\/wp-content\/uploads\/2024\/12\/26-1013-La-Neyliere-05crpps-980x653.jpg 980w, https:\/\/maristeurope.eu\/wp-content\/uploads\/2024\/12\/26-1013-La-Neyliere-05crpps-480x320.jpg 480w\" sizes=\"(min-width: 0px) and (max-width: 480px) 480px, (min-width: 481px) and (max-width: 980px) 980px, (min-width: 981px) and (max-width: 1280px) 1280px, (min-width: 1281px) 1920px, 100vw\" class=\"wp-image-862\" \/><\/span>\n\t\t\t<\/div>\n\t\t\t<\/div>\n\t\t\t\t\n\t\t\t\t\n\t\t\t\t\n\t\t\t\t\n\t\t\t<\/div><div class=\"et_d4_element et_pb_row et_pb_row_10 et_animated et_pb_equal_columns  et_pb_css_mix_blend_mode et_block_row\">\n\t\t\t\t<div class=\"et_pb_with_border et_pb_column_1_4 et_d4_element et_pb_column et_pb_column_20  et_pb_css_mix_blend_mode et_block_column\">\n\t\t\t\t\n\t\t\t\t\n\t\t\t\t\n\t\t\t\t\n\t\t\t\t<div class=\"et_pb_with_border et_pb_module et_d4_element et_pb_text et_pb_text_26  et_pb_text_align_right et_pb_bg_layout_light\">\n\t\t\t\t\n\t\t\t\t\n\t\t\t\t\n\t\t\t\t\n\t\t\t\t<div class=\"et_pb_text_inner\"><h3>1875<\/h3><\/div>\n\t\t\t<\/div>\n\t\t\t<\/div><div class=\"et_d4_element et_pb_column_3_4 et_pb_column et_pb_column_21  et_pb_css_mix_blend_mode et-last-child et_block_column\">\n\t\t\t\t\n\t\t\t\t\n\t\t\t\t\n\t\t\t\t\n\t\t\t\t<div class=\"et_pb_module et_d4_element et_pb_text et_pb_text_27  et_pb_text_align_left et_pb_bg_layout_light\">\n\t\t\t\t\n\t\t\t\t\n\t\t\t\t\n\t\t\t\t\n\t\t\t\t<div class=\"et_pb_text_inner\"><p><span data-contrast=\"auto\" xml:lang=\"EN-GB\" lang=\"EN-GB\" class=\"TextRun MacChromeBold SCXW218827222 BCX0\"><span class=\"NormalTextRun SCXW218827222 BCX0\">Le d\u00e9c\u00e8s du <strong>p\u00e8re Colin<\/strong><\/span><\/span><\/p><\/div>\n\t\t\t<\/div><div class=\"et_pb_module et_d4_element et_pb_text et_pb_text_28 et_animated  et_pb_text_align_left et_pb_bg_layout_light\">\n\t\t\t\t\n\t\t\t\t\n\t\t\t\t\n\t\t\t\t\n\t\t\t\t<div class=\"et_pb_text_inner\"><p><span data-contrast=\"auto\" lang=\"EN-GB\" class=\"TextRun SCXW106300387 BCX0\"><span class=\"NormalTextRun SCXW106300387 BCX0\">Jean-Claude Colin d\u00e9c\u00e8de \u00e0 La <\/span><span class=\"NormalTextRun SpellingErrorV2Themed SCXW106300387 BCX0\">Neyli\u00e8re<\/span><span class=\"NormalTextRun SCXW106300387 BCX0\"> le 15 <\/span><\/span><span data-contrast=\"auto\" lang=\"EN-GB\" class=\"TextRun SCXW106300387 BCX0\"><span class=\"NormalTextRun Superscript SCXW106300387 BCX0\" data-fontsize=\"11\">novembre<\/span><\/span><span data-contrast=\"auto\" lang=\"EN-GB\" class=\"TextRun SCXW106300387 BCX0\"> <span class=\"NormalTextRun SCXW106300387 BCX0\">1875 <\/span><span class=\"NormalTextRun SCXW106300387 BCX0\">\u00e0 l'\u00e2ge de 85 ans.<\/span><span class=\"NormalTextRun SCXW106300387 BCX0\"> Son h\u00e9ritage a inspir\u00e9 de nombreuses g\u00e9n\u00e9rations de Maristes, y compris aujourd'hui. <\/span><span class=\"NormalTextRun SCXW106300387 BCX0\">Les Maristes continuent <\/span><span class=\"NormalTextRun SCXW106300387 BCX0\">de faire l'\u0153uvre de <\/span><span class=\"NormalTextRun SCXW106300387 BCX0\">Marie<\/span><span class=\"NormalTextRun SCXW106300387 BCX0\"> et d'\u00eatre sa pr\u00e9sence dans le monde : <\/span><span class=\"NormalTextRun SCXW106300387 BCX0\">simplement, g\u00e9n\u00e9reusement et dans un esprit de douceur. <\/span><\/span> <span class=\"EOP SCXW106300387 BCX0\" data-ccp-props=\"{}\"> <\/span><\/p><\/div>\n\t\t\t<\/div>\n\t\t\t<\/div>\n\t\t\t\t\n\t\t\t\t\n\t\t\t\t\n\t\t\t\t\n\t\t\t<\/div>\n\t\t\t\t\n\t\t\t\t<div class=\"et_pb_bottom_inside_divider et-no-transition\"><\/div>\n\t\t\t<\/div><div class=\"et_d4_element et_pb_section et_pb_section_3 et_pb_with_background  et_pb_css_mix_blend_mode et_section_regular et_block_section\" >\n\t\t\t\t\n\t\t\t\t\n\t\t\t\t\n\t\t\t\t\n\t\t\t\t\n\t\t\t\t\n\t\t\t\t<div class=\"et_d4_element et_pb_row et_pb_row_11  et_pb_css_mix_blend_mode et_block_row\">\n\t\t\t\t<div class=\"et_d4_element et_pb_column_4_4 et_pb_column et_pb_column_22  et_pb_css_mix_blend_mode et-last-child et_block_column\">\n\t\t\t\t\n\t\t\t\t\n\t\t\t\t\n\t\t\t\t\n\t\t\t\t<div class=\"et_pb_module et_d4_element et_pb_text et_pb_text_29  et_pb_text_align_left et_pb_bg_layout_light\">\n\t\t\t\t\n\t\t\t\t\n\t\t\t\t\n\t\t\t\t\n\t\t\t\t<div class=\"et_pb_text_inner\"><h2>  \"Nous devons avoir le courage de commencer petit et de ne pas nous soucier de faire de grandes choses. Faisons simplement ce que nous pouvons et <span style=\"color: #ffcc00;\">laissons le reste \u00e0 Dieu<\/span>\". <\/h2>\n<p>&nbsp;<\/p>\n<h5>- P\u00e8re Jean-Claude Colin<\/h5><\/div>\n\t\t\t<\/div>\n\t\t\t<\/div>\n\t\t\t\t\n\t\t\t\t\n\t\t\t\t\n\t\t\t\t\n\t\t\t<\/div>\n\t\t\t\t\n\t\t\t\t\n\t\t\t<\/div><\/p>\n","protected":false},"excerpt":{"rendered":"","protected":false},"author":1,"featured_media":0,"parent":2202,"menu_order":0,"comment_status":"closed","ping_status":"closed","template":"","meta":{"_et_pb_use_builder":"on","_et_pb_old_content":"","_et_gb_content_width":"","footnotes":""},"class_list":["post-3441","page","type-page","status-publish","hentry"],"yoast_head":"<!-- This site is optimized with the Yoast SEO plugin v27.5 - https:\/\/yoast.com\/product\/yoast-seo-wordpress\/ -->\n<title>P\u00e8re Jean-Claude Colin - Marist Europe<\/title>\n<meta name=\"robots\" content=\"index, follow, max-snippet:-1, max-image-preview:large, max-video-preview:-1\" \/>\n<link rel=\"canonical\" href=\"https:\/\/maristeurope.eu\/fr\/a-propos-de-nous\/pere-jean-claude-colin\/\" \/>\n<meta property=\"og:locale\" content=\"fr_FR\" \/>\n<meta property=\"og:type\" content=\"article\" \/>\n<meta property=\"og:title\" content=\"P\u00e8re Jean-Claude Colin - Marist Europe\" \/>\n<meta property=\"og:url\" content=\"https:\/\/maristeurope.eu\/fr\/a-propos-de-nous\/pere-jean-claude-colin\/\" \/>\n<meta property=\"og:site_name\" content=\"Marist Europe\" \/>\n<meta property=\"article:modified_time\" content=\"2025-04-14T15:27:56+00:00\" \/>\n<meta name=\"twitter:card\" content=\"summary_large_image\" \/>\n<meta name=\"twitter:label1\" content=\"Dur\u00e9e de lecture estim\u00e9e\" \/>\n\t<meta name=\"twitter:data1\" content=\"20 minutes\" \/>\n<script type=\"application\/ld+json\" class=\"yoast-schema-graph\">{\"@context\":\"https:\\\/\\\/schema.org\",\"@graph\":[{\"@type\":\"WebPage\",\"@id\":\"https:\\\/\\\/maristeurope.eu\\\/fr\\\/a-propos-de-nous\\\/pere-jean-claude-colin\\\/\",\"url\":\"https:\\\/\\\/maristeurope.eu\\\/fr\\\/a-propos-de-nous\\\/pere-jean-claude-colin\\\/\",\"name\":\"P\u00e8re Jean-Claude Colin - Marist Europe\",\"isPartOf\":{\"@id\":\"https:\\\/\\\/maristeurope.eu\\\/fr\\\/#website\"},\"datePublished\":\"2024-12-19T10:27:23+00:00\",\"dateModified\":\"2025-04-14T15:27:56+00:00\",\"breadcrumb\":{\"@id\":\"https:\\\/\\\/maristeurope.eu\\\/fr\\\/a-propos-de-nous\\\/pere-jean-claude-colin\\\/#breadcrumb\"},\"inLanguage\":\"fr-FR\",\"potentialAction\":[{\"@type\":\"ReadAction\",\"target\":[\"https:\\\/\\\/maristeurope.eu\\\/fr\\\/a-propos-de-nous\\\/pere-jean-claude-colin\\\/\"]}]},{\"@type\":\"BreadcrumbList\",\"@id\":\"https:\\\/\\\/maristeurope.eu\\\/fr\\\/a-propos-de-nous\\\/pere-jean-claude-colin\\\/#breadcrumb\",\"itemListElement\":[{\"@type\":\"ListItem\",\"position\":1,\"name\":\"Home\",\"item\":\"https:\\\/\\\/maristeurope.eu\\\/fr\\\/maristes\\\/\"},{\"@type\":\"ListItem\",\"position\":2,\"name\":\"A propos de nous\",\"item\":\"https:\\\/\\\/maristeurope.eu\\\/fr\\\/a-propos-de-nous\\\/\"},{\"@type\":\"ListItem\",\"position\":3,\"name\":\"P\u00e8re Jean-Claude Colin\"}]},{\"@type\":\"WebSite\",\"@id\":\"https:\\\/\\\/maristeurope.eu\\\/fr\\\/#website\",\"url\":\"https:\\\/\\\/maristeurope.eu\\\/fr\\\/\",\"name\":\"Marist Europe\",\"description\":\"\",\"publisher\":{\"@id\":\"https:\\\/\\\/maristeurope.eu\\\/fr\\\/#organization\"},\"potentialAction\":[{\"@type\":\"SearchAction\",\"target\":{\"@type\":\"EntryPoint\",\"urlTemplate\":\"https:\\\/\\\/maristeurope.eu\\\/fr\\\/?s={search_term_string}\"},\"query-input\":{\"@type\":\"PropertyValueSpecification\",\"valueRequired\":true,\"valueName\":\"search_term_string\"}}],\"inLanguage\":\"fr-FR\"},{\"@type\":\"Organization\",\"@id\":\"https:\\\/\\\/maristeurope.eu\\\/fr\\\/#organization\",\"name\":\"Marist Europe\",\"url\":\"https:\\\/\\\/maristeurope.eu\\\/fr\\\/\",\"logo\":{\"@type\":\"ImageObject\",\"inLanguage\":\"fr-FR\",\"@id\":\"https:\\\/\\\/maristeurope.eu\\\/fr\\\/#\\\/schema\\\/logo\\\/image\\\/\",\"url\":\"https:\\\/\\\/maristeurope.eu\\\/wp-content\\\/uploads\\\/2024\\\/10\\\/EU-SM-Finalogo-02.png\",\"contentUrl\":\"https:\\\/\\\/maristeurope.eu\\\/wp-content\\\/uploads\\\/2024\\\/10\\\/EU-SM-Finalogo-02.png\",\"width\":150,\"height\":156,\"caption\":\"Marist Europe\"},\"image\":{\"@id\":\"https:\\\/\\\/maristeurope.eu\\\/fr\\\/#\\\/schema\\\/logo\\\/image\\\/\"}}]}<\/script>\n<!-- \/ Yoast SEO plugin. -->","yoast_head_json":{"title":"P\u00e8re Jean-Claude Colin - Marist Europe","robots":{"index":"index","follow":"follow","max-snippet":"max-snippet:-1","max-image-preview":"max-image-preview:large","max-video-preview":"max-video-preview:-1"},"canonical":"https:\/\/maristeurope.eu\/fr\/a-propos-de-nous\/pere-jean-claude-colin\/","og_locale":"fr_FR","og_type":"article","og_title":"P\u00e8re Jean-Claude Colin - Marist Europe","og_url":"https:\/\/maristeurope.eu\/fr\/a-propos-de-nous\/pere-jean-claude-colin\/","og_site_name":"Marist Europe","article_modified_time":"2025-04-14T15:27:56+00:00","twitter_card":"summary_large_image","twitter_misc":{"Dur\u00e9e de lecture estim\u00e9e":"20 minutes"},"schema":{"@context":"https:\/\/schema.org","@graph":[{"@type":"WebPage","@id":"https:\/\/maristeurope.eu\/fr\/a-propos-de-nous\/pere-jean-claude-colin\/","url":"https:\/\/maristeurope.eu\/fr\/a-propos-de-nous\/pere-jean-claude-colin\/","name":"P\u00e8re Jean-Claude Colin - Marist Europe","isPartOf":{"@id":"https:\/\/maristeurope.eu\/fr\/#website"},"datePublished":"2024-12-19T10:27:23+00:00","dateModified":"2025-04-14T15:27:56+00:00","breadcrumb":{"@id":"https:\/\/maristeurope.eu\/fr\/a-propos-de-nous\/pere-jean-claude-colin\/#breadcrumb"},"inLanguage":"fr-FR","potentialAction":[{"@type":"ReadAction","target":["https:\/\/maristeurope.eu\/fr\/a-propos-de-nous\/pere-jean-claude-colin\/"]}]},{"@type":"BreadcrumbList","@id":"https:\/\/maristeurope.eu\/fr\/a-propos-de-nous\/pere-jean-claude-colin\/#breadcrumb","itemListElement":[{"@type":"ListItem","position":1,"name":"Home","item":"https:\/\/maristeurope.eu\/fr\/maristes\/"},{"@type":"ListItem","position":2,"name":"A propos de nous","item":"https:\/\/maristeurope.eu\/fr\/a-propos-de-nous\/"},{"@type":"ListItem","position":3,"name":"P\u00e8re Jean-Claude Colin"}]},{"@type":"WebSite","@id":"https:\/\/maristeurope.eu\/fr\/#website","url":"https:\/\/maristeurope.eu\/fr\/","name":"Marist Europe","description":"","publisher":{"@id":"https:\/\/maristeurope.eu\/fr\/#organization"},"potentialAction":[{"@type":"SearchAction","target":{"@type":"EntryPoint","urlTemplate":"https:\/\/maristeurope.eu\/fr\/?s={search_term_string}"},"query-input":{"@type":"PropertyValueSpecification","valueRequired":true,"valueName":"search_term_string"}}],"inLanguage":"fr-FR"},{"@type":"Organization","@id":"https:\/\/maristeurope.eu\/fr\/#organization","name":"Marist Europe","url":"https:\/\/maristeurope.eu\/fr\/","logo":{"@type":"ImageObject","inLanguage":"fr-FR","@id":"https:\/\/maristeurope.eu\/fr\/#\/schema\/logo\/image\/","url":"https:\/\/maristeurope.eu\/wp-content\/uploads\/2024\/10\/EU-SM-Finalogo-02.png","contentUrl":"https:\/\/maristeurope.eu\/wp-content\/uploads\/2024\/10\/EU-SM-Finalogo-02.png","width":150,"height":156,"caption":"Marist Europe"},"image":{"@id":"https:\/\/maristeurope.eu\/fr\/#\/schema\/logo\/image\/"}}]}},"_links":{"self":[{"href":"https:\/\/maristeurope.eu\/fr\/wp-json\/wp\/v2\/pages\/3441","targetHints":{"allow":["GET"]}}],"collection":[{"href":"https:\/\/maristeurope.eu\/fr\/wp-json\/wp\/v2\/pages"}],"about":[{"href":"https:\/\/maristeurope.eu\/fr\/wp-json\/wp\/v2\/types\/page"}],"author":[{"embeddable":true,"href":"https:\/\/maristeurope.eu\/fr\/wp-json\/wp\/v2\/users\/1"}],"replies":[{"embeddable":true,"href":"https:\/\/maristeurope.eu\/fr\/wp-json\/wp\/v2\/comments?post=3441"}],"version-history":[{"count":44,"href":"https:\/\/maristeurope.eu\/fr\/wp-json\/wp\/v2\/pages\/3441\/revisions"}],"predecessor-version":[{"id":6907,"href":"https:\/\/maristeurope.eu\/fr\/wp-json\/wp\/v2\/pages\/3441\/revisions\/6907"}],"up":[{"embeddable":true,"href":"https:\/\/maristeurope.eu\/fr\/wp-json\/wp\/v2\/pages\/2202"}],"wp:attachment":[{"href":"https:\/\/maristeurope.eu\/fr\/wp-json\/wp\/v2\/media?parent=3441"}],"curies":[{"name":"wp","href":"https:\/\/api.w.org\/{rel}","templated":true}]}}