{"version":"1.0","provider_name":"Marist Europe","provider_url":"https:\/\/maristeurope.eu\/fr\/","title":"La gr\u00e2ce de c\u00e9l\u00e9brer l'Eucharistie - Marist Europe","type":"rich","width":600,"height":338,"html":"<blockquote class=\"wp-embedded-content\" data-secret=\"FS0ldh5tfG\"><a href=\"https:\/\/maristeurope.eu\/fr\/la-grace-de-celebrer-leucharistie\/\">La gr\u00e2ce de c\u00e9l\u00e9brer l&rsquo;Eucharistie<\/a><\/blockquote><iframe sandbox=\"allow-scripts\" security=\"restricted\" src=\"https:\/\/maristeurope.eu\/fr\/la-grace-de-celebrer-leucharistie\/embed\/#?secret=FS0ldh5tfG\" width=\"600\" height=\"338\" title=\"\u00ab\u00a0La gr\u00e2ce de c\u00e9l\u00e9brer l&rsquo;Eucharistie\u00a0\u00bb &#8212; Marist Europe\" data-secret=\"FS0ldh5tfG\" frameborder=\"0\" marginwidth=\"0\" marginheight=\"0\" scrolling=\"no\" class=\"wp-embedded-content\"><\/iframe><script type=\"text\/javascript\">\n\/* <![CDATA[ *\/\n\/*! This file is auto-generated *\/\n!function(d,l){\"use strict\";l.querySelector&&d.addEventListener&&\"undefined\"!=typeof URL&&(d.wp=d.wp||{},d.wp.receiveEmbedMessage||(d.wp.receiveEmbedMessage=function(e){var t=e.data;if((t||t.secret||t.message||t.value)&&!\/[^a-zA-Z0-9]\/.test(t.secret)){for(var s,r,n,a=l.querySelectorAll('iframe[data-secret=\"'+t.secret+'\"]'),o=l.querySelectorAll('blockquote[data-secret=\"'+t.secret+'\"]'),c=new RegExp(\"^https?:$\",\"i\"),i=0;i<o.length;i++)o[i].style.display=\"none\";for(i=0;i<a.length;i++)s=a[i],e.source===s.contentWindow&&(s.removeAttribute(\"style\"),\"height\"===t.message?(1e3<(r=parseInt(t.value,10))?r=1e3:~~r<200&&(r=200),s.height=r):\"link\"===t.message&&(r=new URL(s.getAttribute(\"src\")),n=new URL(t.value),c.test(n.protocol))&&n.host===r.host&&l.activeElement===s&&(d.top.location.href=t.value))}},d.addEventListener(\"message\",d.wp.receiveEmbedMessage,!1),l.addEventListener(\"DOMContentLoaded\",function(){for(var e,t,s=l.querySelectorAll(\"iframe.wp-embedded-content\"),r=0;r<s.length;r++)(t=(e=s[r]).getAttribute(\"data-secret\"))||(t=Math.random().toString(36).substring(2,12),e.src+=\"#?secret=\"+t,e.setAttribute(\"data-secret\",t)),e.contentWindow.postMessage({message:\"ready\",secret:t},\"*\")},!1)))}(window,document);\n\/\/# sourceURL=https:\/\/maristeurope.eu\/wp-includes\/js\/wp-embed.min.js\n\/* ]]> *\/\n<\/script>\n","thumbnail_url":"https:\/\/maristeurope.eu\/wp-content\/uploads\/2026\/04\/fran-e1775317376428.jpg","thumbnail_width":1374,"thumbnail_height":1031,"description":"Fran\u00e7ois Chauvet nous invite \u00e0 regarder au-del\u00e0 du pr\u00eatre pour voir le Seigneur. Dans ce court article, il r\u00e9fl\u00e9chit \u00e0 son parcours de 42 ans et \u00e0 la gr\u00e2ce humble de c\u00e9l\u00e9brer l'Eucharistie au milieu de la vie quotidienne - la pluie, les montagnes et les c\u0153urs des gens."}