{"id":3451,"date":"2024-12-19T11:27:23","date_gmt":"2024-12-19T10:27:23","guid":{"rendered":"https:\/\/marist.sjdigitaldemo.ovh\/sobre-nosotros\/padre-jean-claude-colin\/"},"modified":"2025-04-15T14:24:11","modified_gmt":"2025-04-15T12:24:11","slug":"padre-jean-claude-colin","status":"publish","type":"page","link":"https:\/\/maristeurope.eu\/es\/sobre-nosotros\/padre-jean-claude-colin\/","title":{"rendered":"Padre Juan-Claudio Colin"},"content":{"rendered":"<p><div class=\"et_d4_element et_pb_section et_pb_section_0 et_pb_with_background  et_pb_css_mix_blend_mode et_section_regular section_has_divider et_pb_bottom_divider et_block_section\" >\n\t\t\t\t\n\t\t\t\t\n\t\t\t\t\n\t\t\t\t\n\t\t\t\t\n\t\t\t\t\n\t\t\t\t<div class=\"et_d4_element et_pb_row et_pb_row_0 et_animated et_pb_equal_columns  et_pb_css_mix_blend_mode et_block_row\">\n\t\t\t\t<div class=\"et_d4_element et_pb_column_4_4 et_pb_column et_pb_column_0  et_pb_css_mix_blend_mode et-last-child et_block_column\">\n\t\t\t\t\n\t\t\t\t\n\t\t\t\t\n\t\t\t\t\n\t\t\t\t<div class=\"et_pb_module et_d4_element et_pb_text et_pb_text_0  et_pb_text_align_left et_pb_bg_layout_light\">\n\t\t\t\t\n\t\t\t\t\n\t\t\t\t\n\t\t\t\t\n\t\t\t\t<div class=\"et_pb_text_inner\"><h1>Padre Juan-Claudio Colin<\/h1><\/div>\n\t\t\t<\/div>\n\t\t\t<\/div>\n\t\t\t\t\n\t\t\t\t\n\t\t\t\t\n\t\t\t\t\n\t\t\t<\/div>\n\t\t\t\t\n\t\t\t\t<div class=\"et_pb_bottom_inside_divider et-no-transition\"><\/div>\n\t\t\t<\/div><div class=\"et_d4_element et_pb_section et_pb_section_1 et_pb_with_background  et_pb_css_mix_blend_mode et_section_regular et_block_section\" >\n\t\t\t\t\n\t\t\t\t\n\t\t\t\t\n\t\t\t\t\n\t\t\t\t\n\t\t\t\t\n\t\t\t\t<div class=\"et_d4_element et_pb_row et_pb_row_1 et_pb_equal_columns  et_pb_css_mix_blend_mode et_block_row\">\n\t\t\t\t<div class=\"et_d4_element et_pb_column_2_3 et_pb_column et_pb_column_1 et_animated  et_pb_css_mix_blend_mode et_block_column\">\n\t\t\t\t\n\t\t\t\t\n\t\t\t\t\n\t\t\t\t\n\t\t\t\t<div class=\"et_pb_module et_d4_element et_pb_text et_pb_text_1  et_pb_text_align_left et_pb_bg_layout_light\">\n\t\t\t\t\n\t\t\t\t\n\t\t\t\t\n\t\t\t\t\n\t\t\t\t<div class=\"et_pb_text_inner\"><p><span><strong>El padre Juan-Claudio Colin<\/strong> (1790-1875) fue el fundador de la Sociedad de Mar\u00eda (Maristas), un hombre de profunda fe y tranquila determinaci\u00f3n que dedic\u00f3 su vida a difundir el Evangelio en el esp\u00edritu de Mar\u00eda. Nacido tras la Revoluci\u00f3n Francesa, una \u00e9poca de agitaci\u00f3n y cambio, Colin imagin\u00f3 una misi\u00f3n marcada por la <strong>humildad, la sencillez y la compasi\u00f3n<\/strong>. Inspirado por el papel de Mar\u00eda en la Iglesia primitiva, trat\u00f3 de emular su apoyo silencioso pero inquebrantable a la misi\u00f3n de Cristo, creando una familia religiosa que llevara esperanza y atenci\u00f3n a los m\u00e1s marginados. Su legado sigue inspirando a los maristas de todo el mundo a vivir su fe con el mismo esp\u00edritu de dedicaci\u00f3n y servicio.   <\/span><\/p><\/div>\n\t\t\t<\/div>\n\t\t\t<\/div><div class=\"et_d4_element et_pb_column_1_3 et_pb_column et_pb_column_2 et_animated  et_pb_css_mix_blend_mode et-last-child et_block_column\">\n\t\t\t\t\n\t\t\t\t\n\t\t\t\t\n\t\t\t\t\n\t\t\t\t<div class=\"et_pb_module et_d4_element et_pb_image et_pb_image_0\">\n\t\t\t\t\n\t\t\t\t\n\t\t\t\t\n\t\t\t\t\n\t\t\t\t<span class=\"et_pb_image_wrap \"><img loading=\"lazy\" decoding=\"async\" width=\"1536\" height=\"2088\" src=\"https:\/\/maristeurope.eu\/wp-content\/uploads\/2024\/12\/JCC_icon_I_Mb.jpg\" alt=\"\" title=\"JCC_icono_I_Mb\" srcset=\"https:\/\/maristeurope.eu\/wp-content\/uploads\/2024\/12\/JCC_icon_I_Mb.jpg 1536w, https:\/\/maristeurope.eu\/wp-content\/uploads\/2024\/12\/JCC_icon_I_Mb-1280x1740.jpg 1280w, https:\/\/maristeurope.eu\/wp-content\/uploads\/2024\/12\/JCC_icon_I_Mb-980x1332.jpg 980w, https:\/\/maristeurope.eu\/wp-content\/uploads\/2024\/12\/JCC_icon_I_Mb-480x653.jpg 480w\" sizes=\"(min-width: 0px) and (max-width: 480px) 480px, (min-width: 481px) and (max-width: 980px) 980px, (min-width: 981px) and (max-width: 1280px) 1280px, (min-width: 1281px) 1536px, 100vw\" class=\"wp-image-812\" \/><\/span>\n\t\t\t<\/div>\n\t\t\t<\/div>\n\t\t\t\t\n\t\t\t\t\n\t\t\t\t\n\t\t\t\t\n\t\t\t<\/div>\n\t\t\t\t\n\t\t\t\t\n\t\t\t<\/div><div class=\"et_d4_element et_pb_section et_pb_section_2 et_pb_with_background  et_pb_css_mix_blend_mode et_section_regular section_has_divider et_pb_bottom_divider et_pb_top_divider et_block_section\" >\n\t\t\t\t<div class=\"et_pb_top_inside_divider et-no-transition\"><\/div>\n\t\t\t\t\n\t\t\t\t\n\t\t\t\t<span class=\"et_pb_background_pattern\"><\/span>\n\t\t\t\t\n\t\t\t\t\n\t\t\t\t<div class=\"et_d4_element et_pb_row et_pb_row_2 et_animated et_pb_equal_columns  et_pb_css_mix_blend_mode et_block_row\">\n\t\t\t\t<div class=\"et_pb_with_border et_pb_column_1_4 et_d4_element et_pb_column et_pb_column_3  et_pb_css_mix_blend_mode et_block_column\">\n\t\t\t\t\n\t\t\t\t\n\t\t\t\t\n\t\t\t\t\n\t\t\t\t<div class=\"et_pb_with_border et_pb_module et_d4_element et_pb_text et_pb_text_2  et_pb_text_align_right et_pb_bg_layout_light\">\n\t\t\t\t\n\t\t\t\t\n\t\t\t\t\n\t\t\t\t\n\t\t\t\t<div class=\"et_pb_text_inner\"><h3>1790<\/h3>\n<p>7 de agosto<\/p><\/div>\n\t\t\t<\/div>\n\t\t\t<\/div><div class=\"et_d4_element et_pb_column_3_4 et_pb_column et_pb_column_4  et_pb_css_mix_blend_mode et-last-child et_block_column\">\n\t\t\t\t\n\t\t\t\t\n\t\t\t\t\n\t\t\t\t\n\t\t\t\t<div class=\"et_pb_module et_d4_element et_pb_text et_pb_text_3  et_pb_text_align_left et_pb_bg_layout_light\">\n\t\t\t\t\n\t\t\t\t\n\t\t\t\t\n\t\t\t\t\n\t\t\t\t<div class=\"et_pb_text_inner\"><p><span class=\"NormalTextRun SCXW29862278 BCX0\">El nacimiento de <\/span><strong><span class=\"NormalTextRun SCXW29862278 BCX0\"> Juan-Claudio <\/span><span class=\"NormalTextRun SCXW29862278 BCX0\">Colin<\/span><\/strong><\/p><\/div>\n\t\t\t<\/div><div class=\"et_pb_module et_d4_element et_pb_text et_pb_text_4 et_animated  et_pb_text_align_left et_pb_bg_layout_light\">\n\t\t\t\t\n\t\t\t\t\n\t\t\t\t\n\t\t\t\t\n\t\t\t\t<div class=\"et_pb_text_inner\"><p><span data-contrast=\"auto\">Era un ni\u00f1o tranquilo de una peque\u00f1a aldea de Barbery, situada junto a un bosque en la regi\u00f3n de Beaujolais, en el centro de Francia, mientras arreciaba la Revoluci\u00f3n Francesa. A los cinco a\u00f1os qued\u00f3 hu\u00e9rfano, no por la violencia, sino por la enfermedad y muerte prematura de sus padres. Criado por su t\u00edo, <strong>la vida era sencilla en St Bonnet le Troncy<\/strong>: ayudar a misa en la iglesia parroquial, cuidar las vacas en el campo y nunca alejarse del tranquilo bosque de Barbery.  <\/span><span data-ccp-props=\"{}\"> <\/span><\/p><\/div>\n\t\t\t<\/div><div class=\"et_pb_module et_d4_element et_pb_image et_pb_image_1 et_animated et-waypoint\">\n\t\t\t\t\n\t\t\t\t\n\t\t\t\t\n\t\t\t\t\n\t\t\t\t<span class=\"et_pb_image_wrap \"><img loading=\"lazy\" decoding=\"async\" width=\"1000\" height=\"563\" src=\"https:\/\/maristeurope.eu\/wp-content\/uploads\/2024\/12\/4-NEW-0714-Barbery-forest-05.jpg\" alt=\"\" title=\"4-NEW-0714-Barbery-forest-05\" srcset=\"https:\/\/maristeurope.eu\/wp-content\/uploads\/2024\/12\/4-NEW-0714-Barbery-forest-05.jpg 1000w, https:\/\/maristeurope.eu\/wp-content\/uploads\/2024\/12\/4-NEW-0714-Barbery-forest-05-980x552.jpg 980w, https:\/\/maristeurope.eu\/wp-content\/uploads\/2024\/12\/4-NEW-0714-Barbery-forest-05-480x270.jpg 480w\" sizes=\"(min-width: 0px) and (max-width: 480px) 480px, (min-width: 481px) and (max-width: 980px) 980px, (min-width: 981px) 1000px, 100vw\" class=\"wp-image-836\" \/><\/span>\n\t\t\t<\/div>\n\t\t\t<\/div>\n\t\t\t\t\n\t\t\t\t\n\t\t\t\t\n\t\t\t\t\n\t\t\t<\/div><div class=\"et_d4_element et_pb_row et_pb_row_3 et_animated et_pb_equal_columns  et_pb_css_mix_blend_mode et_block_row\">\n\t\t\t\t<div class=\"et_pb_with_border et_pb_column_1_4 et_d4_element et_pb_column et_pb_column_5  et_pb_css_mix_blend_mode et_block_column\">\n\t\t\t\t\n\t\t\t\t\n\t\t\t\t\n\t\t\t\t\n\t\t\t\t<div class=\"et_pb_with_border et_pb_module et_d4_element et_pb_text et_pb_text_5  et_pb_text_align_right et_pb_bg_layout_light\">\n\t\t\t\t\n\t\t\t\t\n\t\t\t\t\n\t\t\t\t\n\t\t\t\t<div class=\"et_pb_text_inner\"><h3>1804<\/h3><\/div>\n\t\t\t<\/div>\n\t\t\t<\/div><div class=\"et_d4_element et_pb_column_3_4 et_pb_column et_pb_column_6  et_pb_css_mix_blend_mode et-last-child et_block_column\">\n\t\t\t\t\n\t\t\t\t\n\t\t\t\t\n\t\t\t\t\n\t\t\t\t<div class=\"et_pb_module et_d4_element et_pb_text et_pb_text_6  et_pb_text_align_left et_pb_bg_layout_light\">\n\t\t\t\t\n\t\t\t\t\n\t\t\t\t\n\t\t\t\t\n\t\t\t\t<div class=\"et_pb_text_inner\"><p><span class=\"NormalTextRun SCXW90192909 BCX0\">A\u00f1os de<\/span><span class=\"NormalTextRun SCXW90192909 BCX0\"> ense\u00f1anza secundaria y <strong>se<\/strong><\/span><strong><span class=\"NormalTextRun SCXW90192909 BCX0\">minarios<\/span><\/strong><\/p><\/div>\n\t\t\t<\/div><div class=\"et_pb_module et_d4_element et_pb_text et_pb_text_7 et_animated  et_pb_text_align_left et_pb_bg_layout_light\">\n\t\t\t\t\n\t\t\t\t\n\t\t\t\t\n\t\t\t\t\n\t\t\t\t<div class=\"et_pb_text_inner\"><p><span data-contrast=\"auto\"><span data-contrast=\"auto\" xml:lang=\"EN-GB\" lang=\"EN-GB\" class=\"TextRun SCXW245251116 BCX0\"><span class=\"NormalTextRun SCXW245251116 BCX0\">A los catorce a\u00f1os, Juan-Claudio <strong>ingresa en el seminario menor de St. <\/strong><\/span><strong><span class=\"NormalTextRun SpellingErrorV2Themed SCXW245251116 BCX0\">Jodard<\/span><\/strong><span class=\"NormalTextRun SCXW245251116 BCX0\">, una escuela secundaria para chicos que se preparan para el sacerdocio, con la esperanza de pasar una vida de oraci\u00f3n tranquila en un ministerio suave. A pesar de   <\/span><span class=\"NormalTextRun SCXW245251116 BCX0\">algunos problemas de salud,<\/span><span class=\"NormalTextRun SCXW245251116 BCX0\"> Juan-Claudio llev\u00f3 sus estudios sin dificultad y estuvo entre los mejores estudiantes.<\/span><span class=\"NormalTextRun SCXW245251116 BCX0\"> <\/span><span class=\"NormalTextRun SCXW245251116 BCX0\">A finales del verano de 1813,<strong> Juan-Claudio va al seminario mayor de San Ireneo de Lyon<\/strong>, para los \u00faltimos a\u00f1os de preparaci\u00f3n al sacerdocio.<\/span><\/span>.<\/span><span data-ccp-props=\"{}\"> <\/span><\/p><\/div>\n\t\t\t<\/div>\n\t\t\t<\/div>\n\t\t\t\t\n\t\t\t\t\n\t\t\t\t\n\t\t\t\t\n\t\t\t<\/div><div class=\"et_d4_element et_pb_row et_pb_row_4 et_animated et_pb_equal_columns  et_pb_css_mix_blend_mode et_block_row\">\n\t\t\t\t<div class=\"et_pb_with_border et_pb_column_1_4 et_d4_element et_pb_column et_pb_column_7  et_pb_css_mix_blend_mode et_block_column\">\n\t\t\t\t\n\t\t\t\t\n\t\t\t\t\n\t\t\t\t\n\t\t\t\t<div class=\"et_pb_with_border et_pb_module et_d4_element et_pb_text et_pb_text_8  et_pb_text_align_right et_pb_bg_layout_light\">\n\t\t\t\t\n\t\t\t\t\n\t\t\t\t\n\t\t\t\t\n\t\t\t\t<div class=\"et_pb_text_inner\"><h3>1816<\/h3><\/div>\n\t\t\t<\/div>\n\t\t\t<\/div><div class=\"et_d4_element et_pb_column_3_4 et_pb_column et_pb_column_8  et_pb_css_mix_blend_mode et-last-child et_block_column\">\n\t\t\t\t\n\t\t\t\t\n\t\t\t\t\n\t\t\t\t\n\t\t\t\t<div class=\"et_pb_module et_d4_element et_pb_text et_pb_text_9  et_pb_text_align_left et_pb_bg_layout_light\">\n\t\t\t\t\n\t\t\t\t\n\t\t\t\t\n\t\t\t\t\n\t\t\t\t<div class=\"et_pb_text_inner\"><p><span data-contrast=\"auto\" xml:lang=\"EN-GB\" lang=\"EN-GB\" class=\"TextRun MacChromeBold SCXW246171443 BCX0\"><span class=\"NormalTextRun SCXW246171443 BCX0\">Visi\u00f3n y promesa: <strong>el compromiso de Fourvi\u00e8re<\/strong><\/span><\/span><\/p><\/div>\n\t\t\t<\/div><div class=\"et_pb_module et_d4_element et_pb_text et_pb_text_10 et_animated  et_pb_text_align_left et_pb_bg_layout_light\">\n\t\t\t\t\n\t\t\t\t\n\t\t\t\t\n\t\t\t\t\n\t\t\t\t<div class=\"et_pb_text_inner\"><p><span data-contrast=\"auto\">En el seminario se encontr\u00f3 con Juan-Claudio Courveille, un compa\u00f1ero de seminario que le habl\u00f3 de un asombroso encuentro con la Sant\u00edsima Virgen. <strong>Mar\u00eda le hab\u00eda hablado en el santuario de la catedral del Puy y le hab\u00eda expresado su deseo de una congregaci\u00f3n religiosa que llevara su nombre: marista<\/strong>. Junto con otra docena de j\u00f3venes, se sinti\u00f3 atra\u00eddo por este proyecto de Sociedad: un \u00e1rbol con varias ramas, que combinara sacerdotes, hermanas, hermanos y laicos. <\/span><span data-ccp-props=\"{}\"> <\/span><\/p>\n<p><span data-contrast=\"auto\">El 23<\/span><span data-contrast=\"auto\">rd<\/span><span data-contrast=\"auto\"> de julio, un d\u00eda despu\u00e9s de que algunos de ellos fueran ordenados sacerdotes, los doce aspirantes maristas subieron a la colina de Fourvi\u00e8re, que domina Lyon, hasta el antiguo santuario de Nuestra Se\u00f1ora. All\u00ed, el grupo de j\u00f3venes se comprometi\u00f3 solemnemente a fundar la Sociedad de Mar\u00eda. <\/span><span data-ccp-props=\"{}\"> <\/span><\/p><\/div>\n\t\t\t<\/div><div class=\"et_pb_module et_d4_element et_pb_image et_pb_image_2 et_animated et-waypoint\">\n\t\t\t\t\n\t\t\t\t\n\t\t\t\t\n\t\t\t\t\n\t\t\t\t<span class=\"et_pb_image_wrap \"><img loading=\"lazy\" decoding=\"async\" width=\"1000\" height=\"563\" src=\"https:\/\/maristeurope.eu\/wp-content\/uploads\/2024\/12\/8-NEW-0512-Fourviere-int-2J.jpg\" alt=\"\" title=\"8-NEW-0512-Fourviere-int-2J\" srcset=\"https:\/\/maristeurope.eu\/wp-content\/uploads\/2024\/12\/8-NEW-0512-Fourviere-int-2J.jpg 1000w, https:\/\/maristeurope.eu\/wp-content\/uploads\/2024\/12\/8-NEW-0512-Fourviere-int-2J-980x552.jpg 980w, https:\/\/maristeurope.eu\/wp-content\/uploads\/2024\/12\/8-NEW-0512-Fourviere-int-2J-480x270.jpg 480w\" sizes=\"(min-width: 0px) and (max-width: 480px) 480px, (min-width: 481px) and (max-width: 980px) 980px, (min-width: 981px) 1000px, 100vw\" class=\"wp-image-858\" \/><\/span>\n\t\t\t<\/div>\n\t\t\t<\/div>\n\t\t\t\t\n\t\t\t\t\n\t\t\t\t\n\t\t\t\t\n\t\t\t<\/div><div class=\"et_d4_element et_pb_row et_pb_row_5 et_animated et_pb_equal_columns  et_pb_css_mix_blend_mode et_block_row\">\n\t\t\t\t<div class=\"et_pb_with_border et_pb_column_1_4 et_d4_element et_pb_column et_pb_column_9  et_pb_css_mix_blend_mode et_block_column\">\n\t\t\t\t\n\t\t\t\t\n\t\t\t\t\n\t\t\t\t\n\t\t\t\t<div class=\"et_pb_with_border et_pb_module et_d4_element et_pb_text et_pb_text_11  et_pb_text_align_right et_pb_bg_layout_light\">\n\t\t\t\t\n\t\t\t\t\n\t\t\t\t\n\t\t\t\t\n\t\t\t\t<div class=\"et_pb_text_inner\"><h3>1817-1824<\/h3><\/div>\n\t\t\t<\/div>\n\t\t\t<\/div><div class=\"et_d4_element et_pb_column_3_4 et_pb_column et_pb_column_10  et_pb_css_mix_blend_mode et-last-child et_block_column\">\n\t\t\t\t\n\t\t\t\t\n\t\t\t\t\n\t\t\t\t\n\t\t\t\t<div class=\"et_pb_module et_d4_element et_pb_text et_pb_text_12  et_pb_text_align_left et_pb_bg_layout_light\">\n\t\t\t\t\n\t\t\t\t\n\t\t\t\t\n\t\t\t\t\n\t\t\t\t<div class=\"et_pb_text_inner\"><p><span class=\"NormalTextRun SCXW21116513 BCX0\">Degustando a Dios -<strong> la vida en <\/strong><\/span><strong><span class=\"NormalTextRun SpellingErrorV2Themed SCXW21116513 BCX0\">Cerdon<\/span><\/strong><\/p><\/div>\n\t\t\t<\/div><div class=\"et_pb_module et_d4_element et_pb_text et_pb_text_13 et_animated  et_pb_text_align_left et_pb_bg_layout_light\">\n\t\t\t\t\n\t\t\t\t\n\t\t\t\t\n\t\t\t\t\n\t\t\t\t<div class=\"et_pb_text_inner\"><p><span data-contrast=\"auto\" xml:lang=\"EN-GB\" lang=\"EN-GB\" class=\"TextRun SCXW8827417 BCX0\"><span class=\"NormalTextRun SCXW8827417 BCX0\">Poco despu\u00e9s<\/span><span class=\"NormalTextRun SCXW8827417 BCX0\"> de su <\/span><span class=\"NormalTextRun SCXW8827417 BCX0\">ordenaci\u00f3n, Juan-Claudio Colin fue enviado al pueblo de<\/span><span class=\"NormalTextRun SpellingErrorV2Themed SCXW8827417 BCX0\"> Cerdon<\/span><span class=\"NormalTextRun SCXW8827417 BCX0\"> para reunirse<\/span> <span class=\"NormalTextRun SCXW8827417 BCX0\">con su hermano mayor, el padre Pedro Colin <\/span><span class=\"NormalTextRun SCXW8827417 BCX0\">que era el cura p\u00e1rroco del lugar.<\/span><span class=\"NormalTextRun SCXW8827417 BCX0\"> Con el paso de los<\/span> <span class=\"NormalTextRun ContextualSpellingAndGrammarErrorV2Themed SCXW8827417 BCX0\">meses,<\/span><span class=\"NormalTextRun SCXW8827417 BCX0\"> <\/span><span class=\"NormalTextRun SCXW8827417 BCX0\">empez\u00f3 <\/span><span class=\"NormalTextRun SCXW8827417 BCX0\">a reflexionar cada vez m\u00e1s sobre el proyecto marista<\/span><span class=\"NormalTextRun SCXW8827417 BCX0\"> y redact\u00f3 los elementos de<\/span><span class=\"NormalTextRun SCXW8827417 BCX0\"> una regla de vida para la <\/span><span class=\"NormalTextRun SCXW8827417 BCX0\">Sociedad de <\/span><span class=\"NormalTextRun SCXW8827417 BCX0\">Mar\u00eda.<\/span><span class=\"NormalTextRun SCXW8827417 BCX0\">A los hermanos Colin se unieron en  <\/span><span class=\"NormalTextRun SpellingErrorV2Themed SCXW8827417 BCX0\">Cerdon <\/span><span class=\"NormalTextRun SCXW8827417 BCX0\">dos <\/span><span class=\"NormalTextRun SCXW8827417 BCX0\">mujeres j\u00f3venes,<\/span><span class=\"NormalTextRun SCXW8827417 BCX0\"> entre<\/span><span class=\"NormalTextRun SCXW8827417 BCX0\"> ellas la fundadora<\/span><span class=\"NormalTextRun SCXW8827417 BCX0\">,<\/span><span class=\"NormalTextRun SCXW8827417 BCX0\"> Juana-Maria<\/span><span class=\"NormalTextRun SpellingErrorV2Themed SCXW8827417 BCX0\"> Chavoin,<\/span><span class=\"NormalTextRun SCXW8827417 BCX0\"> que <\/span><span class=\"NormalTextRun SCXW8827417 BCX0\">inici\u00f3 la ramade<\/span> <span class=\"NormalTextRun SCXW8827417 BCX0\">las Hermanas<\/span><span class=\"NormalTextRun SCXW8827417 BCX0\"> del <\/span><span class=\"NormalTextRun SCXW8827417 BCX0\">proyecto<\/span><span class=\"NormalTextRun SCXW8827417 BCX0\"> maristas.<\/span><span class=\"NormalTextRun SCXW8827417 BCX0\"> <\/span><span class=\"NormalTextRun SCXW8827417 BCX0\">Mientras tanto el P. <\/span><span class=\"NormalTextRun SCXW8827417 BCX0\">Marcelino <\/span><span class=\"NormalTextRun SCXW8827417 BCX0\">Champagnat se <\/span><span class=\"NormalTextRun SCXW8827417 BCX0\">ocupaba de<\/span><span class=\"NormalTextRun SCXW8827417 BCX0\">establecer<\/span><span class=\"NormalTextRun SCXW8827417 BCX0\"> la rama de los <\/span><span class=\"NormalTextRun ContextualSpellingAndGrammarErrorV2Themed SCXW8827417 BCX0\">Hermanos<\/span><span class=\"NormalTextRun SCXW8827417 BCX0\"> en su primera parroquia de<strong> La Valla. <\/strong><\/span> <\/span><strong><span class=\"EOP SCXW8827417 BCX0\" data-ccp-props=\"{}\"> <\/span><\/strong><\/p><\/div>\n\t\t\t<\/div><div class=\"et_pb_module et_d4_element et_pb_image et_pb_image_3 et_animated et-waypoint\">\n\t\t\t\t\n\t\t\t\t\n\t\t\t\t\n\t\t\t\t\n\t\t\t\t<span class=\"et_pb_image_wrap \"><img loading=\"lazy\" decoding=\"async\" width=\"1000\" height=\"563\" src=\"https:\/\/maristeurope.eu\/wp-content\/uploads\/2024\/12\/9-NEW-0714-Cerdon-views-21ps.jpg\" alt=\"\" title=\"9-NEW-0714-Cerdon-views-21ps\" srcset=\"https:\/\/maristeurope.eu\/wp-content\/uploads\/2024\/12\/9-NEW-0714-Cerdon-views-21ps.jpg 1000w, https:\/\/maristeurope.eu\/wp-content\/uploads\/2024\/12\/9-NEW-0714-Cerdon-views-21ps-980x552.jpg 980w, https:\/\/maristeurope.eu\/wp-content\/uploads\/2024\/12\/9-NEW-0714-Cerdon-views-21ps-480x270.jpg 480w\" sizes=\"(min-width: 0px) and (max-width: 480px) 480px, (min-width: 481px) and (max-width: 980px) 980px, (min-width: 981px) 1000px, 100vw\" class=\"wp-image-859\" \/><\/span>\n\t\t\t<\/div>\n\t\t\t<\/div>\n\t\t\t\t\n\t\t\t\t\n\t\t\t\t\n\t\t\t\t\n\t\t\t<\/div><div class=\"et_d4_element et_pb_row et_pb_row_6 et_animated et_pb_equal_columns  et_pb_css_mix_blend_mode et_block_row\">\n\t\t\t\t<div class=\"et_pb_with_border et_pb_column_1_4 et_d4_element et_pb_column et_pb_column_11  et_pb_css_mix_blend_mode et_block_column\">\n\t\t\t\t\n\t\t\t\t\n\t\t\t\t\n\t\t\t\t\n\t\t\t\t<div class=\"et_pb_with_border et_pb_module et_d4_element et_pb_text et_pb_text_14  et_pb_text_align_right et_pb_bg_layout_light\">\n\t\t\t\t\n\t\t\t\t\n\t\t\t\t\n\t\t\t\t\n\t\t\t\t<div class=\"et_pb_text_inner\"><h3>1824-1835<\/h3><\/div>\n\t\t\t<\/div>\n\t\t\t<\/div><div class=\"et_d4_element et_pb_column_3_4 et_pb_column et_pb_column_12  et_pb_css_mix_blend_mode et-last-child et_block_column\">\n\t\t\t\t\n\t\t\t\t\n\t\t\t\t\n\t\t\t\t\n\t\t\t\t<div class=\"et_pb_module et_d4_element et_pb_text et_pb_text_15  et_pb_text_align_left et_pb_bg_layout_light\">\n\t\t\t\t\n\t\t\t\t\n\t\t\t\t\n\t\t\t\t\n\t\t\t\t<div class=\"et_pb_text_inner\"><p><span class=\"NormalTextRun SCXW47134163 BCX0\">La <strong>Primera Comunidad Religiosa<\/strong> y <\/span><strong><span class=\"NormalTextRun SpellingErrorV2Themed SCXW47134163 BCX0\">Bugey<\/span><span class=\"NormalTextRun SCXW47134163 BCX0\"> <\/span><\/strong><span class=\"NormalTextRun SCXW47134163 BCX0\">Comienzan las<strong>misiones<\/strong> <\/span><\/p><\/div>\n\t\t\t<\/div><div class=\"et_pb_module et_d4_element et_pb_text et_pb_text_16 et_animated  et_pb_text_align_left et_pb_bg_layout_light\">\n\t\t\t\t\n\t\t\t\t\n\t\t\t\t\n\t\t\t\t\n\t\t\t\t<div class=\"et_pb_text_inner\"><p><span data-contrast=\"auto\" lang=\"EN-GB\" class=\"TextRun SCXW17892688 BCX0\"><span class=\"NormalTextRun SCXW17892688 BCX0\">Compartiendo el sue\u00f1o marista con su obispo local<\/span><span class=\"NormalTextRun SCXW17892688 BCX0\">,<\/span><span class=\"NormalTextRun SCXW17892688 BCX0\"> Colin se encontr\u00f3 con <\/span><span class=\"NormalTextRun SCXW17892688 BCX0\">escepticismo. <\/span><span class=\"NormalTextRun SCXW17892688 BCX0\">En <\/span><span class=\"NormalTextRun SCXW17892688 BCX0\">29<\/span><\/span><span data-contrast=\"auto\" lang=\"EN-GB\" class=\"TextRun SCXW17892688 BCX0\"><span class=\"NormalTextRun Superscript SCXW17892688 BCX0\" data-fontsize=\"11\">de<\/span><\/span><span data-contrast=\"auto\" xml:lang=\"EN-GB\" lang=\"EN-GB\" class=\"TextRun SCXW17892688 BCX0\"> <span class=\"NormalTextRun SCXW17892688 BCX0\"> Octubre<\/span><span class=\"NormalTextRun SCXW17892688 BCX0\"> 1824<\/span><span class=\"NormalTextRun SCXW17892688 BCX0\"> a los hermanos Colin se les uni\u00f3 otro de los doce de Fourvi\u00e8re, <\/span><span class=\"NormalTextRun SCXW17892688 BCX0\">el padre <\/span><span class=\"NormalTextRun SCXW17892688 BCX0\">Etienne <\/span><span class=\"NormalTextRun SpellingErrorV2Themed SCXW17892688 BCX0\">Declas<\/span><span class=\"NormalTextRun SCXW17892688 BCX0\">para formar la primera comunidad<\/span><span class=\"NormalTextRun SCXW17892688 BCX0\">. <\/span><span class=\"NormalTextRun SCXW17892688 BCX0\">Juntos viajaron a zonas <\/span><span class=\"NormalTextRun SCXW17892688 BCX0\">rurales<\/span><span class=\"NormalTextRun SCXW17892688 BCX0\"> comunidades rurales del <\/span><span class=\"NormalTextRun SpellingErrorV2Themed SCXW17892688 BCX0\">Bugey<\/span><span class=\"NormalTextRun SCXW17892688 BCX0\"> <\/span><span class=\"NormalTextRun SCXW17892688 BCX0\">monta\u00f1as<\/span><span class=\"NormalTextRun SCXW17892688 BCX0\">que no hab\u00edan sido atendidas por sacerdotes desde la<\/span><span class=\"NormalTextRun SCXW17892688 BCX0\"> Revoluci\u00f3n Francesa. <\/span><strong><span class=\"NormalTextRun SCXW17892688 BCX0\">Su misi\u00f3n era <\/span><\/strong><span class=\"NormalTextRun SCXW17892688 BCX0\"><strong>restaurar la fe y la esperanza y llevar la misericordia de Dios a un pueblo abandonado<\/strong>.<\/span><span class=\"NormalTextRun SCXW17892688 BCX0\"> En 1825<\/span><span class=\"NormalTextRun SCXW17892688 BCX0\">os maristas<\/span><span class=\"NormalTextRun SCXW17892688 BCX0\">s<\/span><span class=\"NormalTextRun SCXW17892688 BCX0\"> <\/span><span class=\"NormalTextRun SCXW17892688 BCX0\">trasladado a<\/span><span class=\"NormalTextRun SCXW17892688 BCX0\"> Belley <\/span><span class=\"NormalTextRun SCXW17892688 BCX0\">para sostener all\u00ed el seminario menor, donde el P. Colin fue nombrado superior cuatro a\u00f1os m\u00e1s tarde. <\/span><span class=\"NormalTextRun SCXW17892688 BCX0\">En 1833 <\/span><span class=\"NormalTextRun SCXW17892688 BCX0\">viaj\u00f3<\/span><span class=\"NormalTextRun SCXW17892688 BCX0\"> a Roma para abogar por <\/span><span class=\"NormalTextRun SCXW17892688 BCX0\">la <\/span><span class=\"NormalTextRun SCXW17892688 BCX0\">aprobaci\u00f3n del proyecto marista<\/span><span class=\"NormalTextRun SCXW17892688 BCX0\">. <\/span> <\/span><span class=\"EOP SCXW17892688 BCX0\" data-ccp-props=\"{}\"> <\/span><\/p><\/div>\n\t\t\t<\/div><div class=\"et_pb_module et_d4_element et_pb_image et_pb_image_4 et_animated et-waypoint\">\n\t\t\t\t\n\t\t\t\t\n\t\t\t\t\n\t\t\t\t\n\t\t\t\t<span class=\"et_pb_image_wrap \"><img loading=\"lazy\" decoding=\"async\" width=\"600\" height=\"717\" src=\"https:\/\/maristeurope.eu\/wp-content\/uploads\/2024\/11\/Colin-2.jpg\" alt=\"\" title=\"Colin 2\" srcset=\"https:\/\/maristeurope.eu\/wp-content\/uploads\/2024\/11\/Colin-2.jpg 600w, https:\/\/maristeurope.eu\/wp-content\/uploads\/2024\/11\/Colin-2-480x574.jpg 480w\" sizes=\"(min-width: 0px) and (max-width: 480px) 480px, (min-width: 481px) 600px, 100vw\" class=\"wp-image-423\" \/><\/span>\n\t\t\t<\/div>\n\t\t\t<\/div>\n\t\t\t\t\n\t\t\t\t\n\t\t\t\t\n\t\t\t\t\n\t\t\t<\/div><div class=\"et_d4_element et_pb_row et_pb_row_7 et_animated et_pb_equal_columns  et_pb_css_mix_blend_mode et_block_row\">\n\t\t\t\t<div class=\"et_pb_with_border et_pb_column_1_4 et_d4_element et_pb_column et_pb_column_13  et_pb_css_mix_blend_mode et_block_column\">\n\t\t\t\t\n\t\t\t\t\n\t\t\t\t\n\t\t\t\t\n\t\t\t\t<div class=\"et_pb_with_border et_pb_module et_d4_element et_pb_text et_pb_text_17  et_pb_text_align_right et_pb_bg_layout_light\">\n\t\t\t\t\n\t\t\t\t\n\t\t\t\t\n\t\t\t\t\n\t\t\t\t<div class=\"et_pb_text_inner\"><h3>1836<\/h3><\/div>\n\t\t\t<\/div>\n\t\t\t<\/div><div class=\"et_d4_element et_pb_column_3_4 et_pb_column et_pb_column_14  et_pb_css_mix_blend_mode et-last-child et_block_column\">\n\t\t\t\t\n\t\t\t\t\n\t\t\t\t\n\t\t\t\t\n\t\t\t\t<div class=\"et_pb_module et_d4_element et_pb_text et_pb_text_18  et_pb_text_align_left et_pb_bg_layout_light\">\n\t\t\t\t\n\t\t\t\t\n\t\t\t\t\n\t\t\t\t\n\t\t\t\t<div class=\"et_pb_text_inner\"><p><span data-contrast=\"auto\" lang=\"EN-GB\" class=\"TextRun MacChromeBold SCXW67457069 BCX0\"><span class=\"NormalTextRun SCXW67457069 BCX0\">La aprobaci\u00f3n de la <strong>Sociedad de Mar\u00eda <\/strong><\/span><\/span><span data-contrast=\"auto\" lang=\"EN-GB\" class=\"TextRun MacChromeBold SCXW67457069 BCX0\"><span class=\"NormalTextRun SCXW67457069 BCX0\">y las misiones del Pac\u00edfico<\/span><\/span><\/p><\/div>\n\t\t\t<\/div><div class=\"et_pb_module et_d4_element et_pb_text et_pb_text_19 et_animated  et_pb_text_align_left et_pb_bg_layout_light\">\n\t\t\t\t\n\t\t\t\t\n\t\t\t\t\n\t\t\t\t\n\t\t\t\t<div class=\"et_pb_text_inner\"><p><span data-contrast=\"auto\" xml:lang=\"EN-GB\" lang=\"EN-GB\" class=\"TextRun SCXW180498096 BCX0\"><span class=\"NormalTextRun SCXW180498096 BCX0\">El Papa Gregorio XVI buscaba misioneros para el suroeste del Pac\u00edfico - y los Maristas  <\/span><span class=\"NormalTextRun SCXW180498096 BCX0\">acept\u00f3 esta responsabilidad. Esta fue la oportunidad para que la Sociedad de Mar\u00eda se <\/span><span class=\"NormalTextRun SCXW180498096 BCX0\"> <\/span><span class=\"NormalTextRun SCXW180498096 BCX0\">formalmente <\/span><span class=\"NormalTextRun SCXW180498096 BCX0\">aprobado.<\/span><span class=\"NormalTextRun SCXW180498096 BCX0\"> <\/span><span class=\"NormalTextRun SCXW180498096 BCX0\">Las primeras profesiones de los sacerdotes y hermanos tuvieron lugar<\/span><span class=\"NormalTextRun SCXW180498096 BCX0\">,<\/span><span class=\"NormalTextRun SCXW180498096 BCX0\"> haciendo los tres votos de pobreza <\/span><span class=\"NormalTextRun SCXW180498096 BCX0\">castidad<\/span><span class=\"NormalTextRun SCXW180498096 BCX0\">  y la obediencia. El padre Colin acept\u00f3 convertirse en el primer   <\/span><span class=\"NormalTextRun ContextualSpellingAndGrammarErrorV2Themed SCXW180498096 BCX0\">superior general<\/span><span class=\"NormalTextRun SCXW180498096 BCX0\">.<\/span><span class=\"NormalTextRun SCXW180498096 BCX0\"> El primer grupo de misioneros parti\u00f3 <\/span><span class=\"NormalTextRun SCXW180498096 BCX0\">el puerto franc\u00e9s de El Havre en Nochebuena <\/span><span class=\"NormalTextRun SCXW180498096 BCX0\">hacia Ocean\u00eda. <\/span> <\/span><span class=\"EOP SCXW180498096 BCX0\" data-ccp-props=\"{}\"> <\/span><\/p><\/div>\n\t\t\t<\/div><div class=\"et_pb_module et_d4_element et_pb_image et_pb_image_5 et_animated et-waypoint\">\n\t\t\t\t\n\t\t\t\t\n\t\t\t\t\n\t\t\t\t\n\t\t\t\t<span class=\"et_pb_image_wrap \"><img loading=\"lazy\" decoding=\"async\" width=\"2560\" height=\"1707\" src=\"https:\/\/maristeurope.eu\/wp-content\/uploads\/2025\/01\/Father-Colin-1836-Approval-of-SM-scaled.jpg\" alt=\"\" title=\"Plumas, br\u00fajulas, granos de caf\u00e9 y monedas yacen sobre un viejo mapa amarillo\" srcset=\"https:\/\/maristeurope.eu\/wp-content\/uploads\/2025\/01\/Father-Colin-1836-Approval-of-SM-scaled.jpg 2560w, https:\/\/maristeurope.eu\/wp-content\/uploads\/2025\/01\/Father-Colin-1836-Approval-of-SM-1280x854.jpg 1280w, https:\/\/maristeurope.eu\/wp-content\/uploads\/2025\/01\/Father-Colin-1836-Approval-of-SM-980x653.jpg 980w, https:\/\/maristeurope.eu\/wp-content\/uploads\/2025\/01\/Father-Colin-1836-Approval-of-SM-480x320.jpg 480w\" sizes=\"(min-width: 0px) and (max-width: 480px) 480px, (min-width: 481px) and (max-width: 980px) 980px, (min-width: 981px) and (max-width: 1280px) 1280px, (min-width: 1281px) 2560px, 100vw\" class=\"wp-image-1035\" \/><\/span>\n\t\t\t<\/div>\n\t\t\t<\/div>\n\t\t\t\t\n\t\t\t\t\n\t\t\t\t\n\t\t\t\t\n\t\t\t<\/div><div class=\"et_d4_element et_pb_row et_pb_row_8 et_animated et_pb_equal_columns  et_pb_css_mix_blend_mode et_block_row\">\n\t\t\t\t<div class=\"et_pb_with_border et_pb_column_1_4 et_d4_element et_pb_column et_pb_column_15  et_pb_css_mix_blend_mode et_block_column\">\n\t\t\t\t\n\t\t\t\t\n\t\t\t\t\n\t\t\t\t\n\t\t\t\t<div class=\"et_pb_with_border et_pb_module et_d4_element et_pb_text et_pb_text_20  et_pb_text_align_right et_pb_bg_layout_light\">\n\t\t\t\t\n\t\t\t\t\n\t\t\t\t\n\t\t\t\t\n\t\t\t\t<div class=\"et_pb_text_inner\"><h3>1837-1853<\/h3><\/div>\n\t\t\t<\/div>\n\t\t\t<\/div><div class=\"et_d4_element et_pb_column_1_2 et_pb_column et_pb_column_16  et_pb_css_mix_blend_mode et_block_column\">\n\t\t\t\t\n\t\t\t\t\n\t\t\t\t\n\t\t\t\t\n\t\t\t\t<div class=\"et_pb_module et_d4_element et_pb_text et_pb_text_21  et_pb_text_align_left et_pb_bg_layout_light\">\n\t\t\t\t\n\t\t\t\t\n\t\t\t\t\n\t\t\t\t\n\t\t\t\t<div class=\"et_pb_text_inner\"><p><span data-contrast=\"auto\" xml:lang=\"EN-GB\" lang=\"EN-GB\" class=\"TextRun MacChromeBold SCXW254141434 BCX0\"><span class=\"NormalTextRun SCXW254141434 BCX0\"> <\/span><\/span><span data-contrast=\"auto\" xml:lang=\"EN-GB\" lang=\"EN-GB\" class=\"TextRun MacChromeBold SCXW254141434 BCX0\"><span class=\"NormalTextRun SCXW254141434 BCX0\">La Sociedad de Mar\u00eda crece<\/span><\/span><span class=\"EOP SCXW254141434 BCX0\" data-ccp-props=\"{}\"> <\/span><\/p><\/div>\n\t\t\t<\/div><div class=\"et_pb_module et_d4_element et_pb_text et_pb_text_22 et_animated  et_pb_text_align_left et_pb_bg_layout_light\">\n\t\t\t\t\n\t\t\t\t\n\t\t\t\t\n\t\t\t\t\n\t\t\t\t<div class=\"et_pb_text_inner\"><p><span data-contrast=\"auto\" xml:lang=\"EN-GB\" lang=\"EN-GB\" class=\"TextRun SCXW139070738 BCX0\"><span class=\"NormalTextRun SCXW139070738 BCX0\">En 1839 Jean-Claude Colin se traslad\u00f3 de Belley a Lyon<\/span><span class=\"NormalTextRun SCXW139070738 BCX0\"> y <\/span><span class=\"NormalTextRun SCXW139070738 BCX0\">condujo a la Sociedad de Mar\u00eda a trav\u00e9s de a\u00f1os de extraordinario crecimiento tanto en Francia como en <\/span><span class=\"NormalTextRun SCXW139070738 BCX0\">Ocean\u00eda.<\/span><span class=\"NormalTextRun SCXW139070738 BCX0\"> <\/span><span class=\"NormalTextRun SCXW139070738 BCX0\">La demanda de m\u00e1s misioneros en el Pac\u00edfico nunca ces\u00f3. Las vocaciones florecieron a <\/span><span class=\"NormalTextRun SCXW139070738 BCX0\">nd<\/span><span class=\"NormalTextRun SCXW139070738 BCX0\"> Los maristas se encontraban en un n\u00famero cada vez mayor de ministerios, especialmente entre los j\u00f3venes<\/span><span class=\"NormalTextRun SCXW139070738 BCX0\"> j\u00f3venes y en la educaci\u00f3n<\/span><span class=\"NormalTextRun SCXW139070738 BCX0\">.<\/span><\/span><span class=\"EOP SCXW139070738 BCX0\" data-ccp-props=\"{}\"> <\/span><\/p><\/div>\n\t\t\t<\/div>\n\t\t\t<\/div><div class=\"et_d4_element et_pb_column_1_4 et_pb_column et_pb_column_17  et_pb_css_mix_blend_mode et-last-child et_block_column et_pb_column_empty\">\n\t\t\t\t\n\t\t\t\t\n\t\t\t\t\n\t\t\t\t\n\t\t\t\t\n\t\t\t<\/div>\n\t\t\t\t\n\t\t\t\t\n\t\t\t\t\n\t\t\t\t\n\t\t\t<\/div><div class=\"et_d4_element et_pb_row et_pb_row_9 et_animated et_pb_equal_columns  et_pb_css_mix_blend_mode et_block_row\">\n\t\t\t\t<div class=\"et_pb_with_border et_pb_column_1_4 et_d4_element et_pb_column et_pb_column_18  et_pb_css_mix_blend_mode et_block_column\">\n\t\t\t\t\n\t\t\t\t\n\t\t\t\t\n\t\t\t\t\n\t\t\t\t<div class=\"et_pb_with_border et_pb_module et_d4_element et_pb_text et_pb_text_23  et_pb_text_align_right et_pb_bg_layout_light\">\n\t\t\t\t\n\t\t\t\t\n\t\t\t\t\n\t\t\t\t\n\t\t\t\t<div class=\"et_pb_text_inner\"><h3>1854-1874<\/h3><\/div>\n\t\t\t<\/div>\n\t\t\t<\/div><div class=\"et_d4_element et_pb_column_3_4 et_pb_column et_pb_column_19  et_pb_css_mix_blend_mode et-last-child et_block_column\">\n\t\t\t\t\n\t\t\t\t\n\t\t\t\t\n\t\t\t\t\n\t\t\t\t<div class=\"et_pb_module et_d4_element et_pb_text et_pb_text_24  et_pb_text_align_left et_pb_bg_layout_light\">\n\t\t\t\t\n\t\t\t\t\n\t\t\t\t\n\t\t\t\t\n\t\t\t\t<div class=\"et_pb_text_inner\"><p><strong><span data-contrast=\"auto\" xml:lang=\"EN-GB\" lang=\"EN-GB\" class=\"TextRun MacChromeBold SCXW190765381 BCX0\"><span class=\"NormalTextRun SCXW190765381 BCX0\">La <\/span><span class=\"NormalTextRun SpellingErrorV2Themed SCXW190765381 BCX0\">Neyli\u00e8re<\/span><span class=\"NormalTextRun SCXW190765381 BCX0\"> a\u00f1os<\/span><\/span><span class=\"EOP SCXW190765381 BCX0\" data-ccp-props=\"{}\"> <\/span><\/strong><\/p><\/div>\n\t\t\t<\/div><div class=\"et_pb_module et_d4_element et_pb_text et_pb_text_25 et_animated  et_pb_text_align_left et_pb_bg_layout_light\">\n\t\t\t\t\n\t\t\t\t\n\t\t\t\t\n\t\t\t\t\n\t\t\t\t<div class=\"et_pb_text_inner\"><p><span data-contrast=\"auto\" xml:lang=\"EN-GB\" lang=\"EN-GB\" class=\"TextRun SCXW33286199 BCX0\"><span class=\"NormalTextRun SCXW33286199 BCX0\">El padre Colin se retir\u00f3<\/span><span class=\"NormalTextRun SCXW33286199 BCX0\">d como superior general y se traslad\u00f3 al<\/span><span class=\"NormalTextRun SCXW33286199 BCX0\"> retiro rural<\/span><span class=\"NormalTextRun SCXW33286199 BCX0\"> casa<\/span><span class=\"NormalTextRun SCXW33286199 BCX0\"> de La <\/span><span class=\"NormalTextRun SpellingErrorV2Themed SCXW33286199 BCX0\">Neyli\u00e8re<\/span><span class=\"NormalTextRun SCXW33286199 BCX0\"> cerca de Lyon<\/span><span class=\"NormalTextRun SCXW33286199 BCX0\"> para trabajar<\/span><span class=\"NormalTextRun SCXW33286199 BCX0\">n<\/span><span class=\"NormalTextRun SCXW33286199 BCX0\"> perfeccionar la regla marista y <\/span><span class=\"NormalTextRun SCXW33286199 BCX0\">C<\/span><span class=\"NormalTextRun SCXW33286199 BCX0\">onstituciones<\/span><span class=\"NormalTextRun SCXW33286199 BCX0\">. Trabaj\u00f3 durante muchos a\u00f1os para completar las Constituciones que  <\/span><span class=\"NormalTextRun SCXW33286199 BCX0\">fueron <\/span><span class=\"NormalTextRun SCXW33286199 BCX0\">finalmente aprobadas <\/span><span class=\"NormalTextRun SCXW33286199 BCX0\">por el cap\u00edtulo general de 1872.<\/span><\/span><span class=\"EOP SCXW33286199 BCX0\" data-ccp-props=\"{}\"> <\/span><\/p><\/div>\n\t\t\t<\/div><div class=\"et_pb_module et_d4_element et_pb_image et_pb_image_6 et_animated et-waypoint\">\n\t\t\t\t\n\t\t\t\t\n\t\t\t\t\n\t\t\t\t\n\t\t\t\t<span class=\"et_pb_image_wrap \"><img loading=\"lazy\" decoding=\"async\" width=\"1920\" height=\"1280\" src=\"https:\/\/maristeurope.eu\/wp-content\/uploads\/2024\/12\/26-1013-La-Neyliere-05crpps.jpg\" alt=\"\" title=\"26-1013-La-Neyliere-05crpps\" srcset=\"https:\/\/maristeurope.eu\/wp-content\/uploads\/2024\/12\/26-1013-La-Neyliere-05crpps.jpg 1920w, https:\/\/maristeurope.eu\/wp-content\/uploads\/2024\/12\/26-1013-La-Neyliere-05crpps-1280x853.jpg 1280w, https:\/\/maristeurope.eu\/wp-content\/uploads\/2024\/12\/26-1013-La-Neyliere-05crpps-980x653.jpg 980w, https:\/\/maristeurope.eu\/wp-content\/uploads\/2024\/12\/26-1013-La-Neyliere-05crpps-480x320.jpg 480w\" sizes=\"(min-width: 0px) and (max-width: 480px) 480px, (min-width: 481px) and (max-width: 980px) 980px, (min-width: 981px) and (max-width: 1280px) 1280px, (min-width: 1281px) 1920px, 100vw\" class=\"wp-image-862\" \/><\/span>\n\t\t\t<\/div>\n\t\t\t<\/div>\n\t\t\t\t\n\t\t\t\t\n\t\t\t\t\n\t\t\t\t\n\t\t\t<\/div><div class=\"et_d4_element et_pb_row et_pb_row_10 et_animated et_pb_equal_columns  et_pb_css_mix_blend_mode et_block_row\">\n\t\t\t\t<div class=\"et_pb_with_border et_pb_column_1_4 et_d4_element et_pb_column et_pb_column_20  et_pb_css_mix_blend_mode et_block_column\">\n\t\t\t\t\n\t\t\t\t\n\t\t\t\t\n\t\t\t\t\n\t\t\t\t<div class=\"et_pb_with_border et_pb_module et_d4_element et_pb_text et_pb_text_26  et_pb_text_align_right et_pb_bg_layout_light\">\n\t\t\t\t\n\t\t\t\t\n\t\t\t\t\n\t\t\t\t\n\t\t\t\t<div class=\"et_pb_text_inner\"><h3>1875<\/h3><\/div>\n\t\t\t<\/div>\n\t\t\t<\/div><div class=\"et_d4_element et_pb_column_3_4 et_pb_column et_pb_column_21  et_pb_css_mix_blend_mode et-last-child et_block_column\">\n\t\t\t\t\n\t\t\t\t\n\t\t\t\t\n\t\t\t\t\n\t\t\t\t<div class=\"et_pb_module et_d4_element et_pb_text et_pb_text_27  et_pb_text_align_left et_pb_bg_layout_light\">\n\t\t\t\t\n\t\t\t\t\n\t\t\t\t\n\t\t\t\t\n\t\t\t\t<div class=\"et_pb_text_inner\"><p><span data-contrast=\"auto\" xml:lang=\"EN-GB\" lang=\"EN-GB\" class=\"TextRun MacChromeBold SCXW218827222 BCX0\"><span class=\"NormalTextRun SCXW218827222 BCX0\">La muerte <strong>del P. Colin<\/strong><\/span><\/span><\/p><\/div>\n\t\t\t<\/div><div class=\"et_pb_module et_d4_element et_pb_text et_pb_text_28 et_animated  et_pb_text_align_left et_pb_bg_layout_light\">\n\t\t\t\t\n\t\t\t\t\n\t\t\t\t\n\t\t\t\t\n\t\t\t\t<div class=\"et_pb_text_inner\"><p><span data-contrast=\"auto\" lang=\"EN-GB\" class=\"TextRun SCXW106300387 BCX0\"><span class=\"NormalTextRun SCXW106300387 BCX0\">Jean-Claude Colin muri\u00f3 en La <\/span><span class=\"NormalTextRun SpellingErrorV2Themed SCXW106300387 BCX0\">Neyli\u00e8re<\/span><span class=\"NormalTextRun SCXW106300387 BCX0\"> el 15<\/span><\/span><span data-contrast=\"auto\" lang=\"EN-GB\" class=\"TextRun SCXW106300387 BCX0\"><span class=\"NormalTextRun Superscript SCXW106300387 BCX0\" data-fontsize=\"11\">el<\/span><\/span><span data-contrast=\"auto\" lang=\"EN-GB\" class=\"TextRun SCXW106300387 BCX0\"><span class=\"NormalTextRun SCXW106300387 BCX0\"> noviembre de<\/span><span class=\"NormalTextRun SCXW106300387 BCX0\"> 1875 a la edad de 85 a\u00f1os.<\/span><span class=\"NormalTextRun SCXW106300387 BCX0\"> Su legado inspir\u00f3 a muchas generaciones de maristas y sigue haci\u00e9ndolo hoy. <\/span><span class=\"NormalTextRun SCXW106300387 BCX0\">Los maristas siguen <\/span><span class=\"NormalTextRun SCXW106300387 BCX0\">realizando la <\/span><span class=\"NormalTextRun SCXW106300387 BCX0\">obra de Mar\u00eda<\/span><span class=\"NormalTextRun SCXW106300387 BCX0\"> y siendo su presencia en el mundo<\/span><span class=\"NormalTextRun SCXW106300387 BCX0\">con sencillez, generosidad y con su esp\u00edritu bondadoso. <\/span><\/span> <span class=\"EOP SCXW106300387 BCX0\" data-ccp-props=\"{}\"> <\/span><\/p><\/div>\n\t\t\t<\/div>\n\t\t\t<\/div>\n\t\t\t\t\n\t\t\t\t\n\t\t\t\t\n\t\t\t\t\n\t\t\t<\/div>\n\t\t\t\t\n\t\t\t\t<div class=\"et_pb_bottom_inside_divider et-no-transition\"><\/div>\n\t\t\t<\/div><div class=\"et_d4_element et_pb_section et_pb_section_3 et_pb_with_background  et_pb_css_mix_blend_mode et_section_regular et_block_section\" >\n\t\t\t\t\n\t\t\t\t\n\t\t\t\t\n\t\t\t\t\n\t\t\t\t\n\t\t\t\t\n\t\t\t\t<div class=\"et_d4_element et_pb_row et_pb_row_11  et_pb_css_mix_blend_mode et_block_row\">\n\t\t\t\t<div class=\"et_d4_element et_pb_column_4_4 et_pb_column et_pb_column_22  et_pb_css_mix_blend_mode et-last-child et_block_column\">\n\t\t\t\t\n\t\t\t\t\n\t\t\t\t\n\t\t\t\t\n\t\t\t\t<div class=\"et_pb_module et_d4_element et_pb_text et_pb_text_29  et_pb_text_align_left et_pb_bg_layout_light\">\n\t\t\t\t\n\t\t\t\t\n\t\t\t\t\n\t\t\t\t\n\t\t\t\t<div class=\"et_pb_text_inner\"><h2>  \"Debemos tener el valor de empezar poco a poco y no estar ansiosos por hacer grandes cosas. Hagamos simplemente lo que podamos y <span style=\"color: #ffcc00;\">dejemos el resto a Dios\" .<\/span> <\/h2>\n<p>&nbsp;<\/p>\n<h5>- Padre Jean-Claude Colin<\/h5><\/div>\n\t\t\t<\/div>\n\t\t\t<\/div>\n\t\t\t\t\n\t\t\t\t\n\t\t\t\t\n\t\t\t\t\n\t\t\t<\/div>\n\t\t\t\t\n\t\t\t\t\n\t\t\t<\/div><\/p>\n","protected":false},"excerpt":{"rendered":"","protected":false},"author":1,"featured_media":0,"parent":2213,"menu_order":0,"comment_status":"closed","ping_status":"closed","template":"","meta":{"_et_pb_use_builder":"on","_et_pb_old_content":"","_et_gb_content_width":"","footnotes":""},"class_list":["post-3451","page","type-page","status-publish","hentry"],"yoast_head":"<!-- This site is optimized with the Yoast SEO plugin v27.5 - https:\/\/yoast.com\/product\/yoast-seo-wordpress\/ -->\n<title>Padre Juan-Claudio Colin - Marist Europe<\/title>\n<meta name=\"robots\" content=\"index, follow, max-snippet:-1, max-image-preview:large, max-video-preview:-1\" \/>\n<link rel=\"canonical\" href=\"https:\/\/maristeurope.eu\/es\/sobre-nosotros\/padre-jean-claude-colin\/\" \/>\n<meta property=\"og:locale\" content=\"es_ES\" \/>\n<meta property=\"og:type\" content=\"article\" \/>\n<meta property=\"og:title\" content=\"Padre Juan-Claudio Colin - Marist Europe\" \/>\n<meta property=\"og:url\" content=\"https:\/\/maristeurope.eu\/es\/sobre-nosotros\/padre-jean-claude-colin\/\" \/>\n<meta property=\"og:site_name\" content=\"Marist Europe\" \/>\n<meta property=\"article:modified_time\" content=\"2025-04-15T12:24:11+00:00\" \/>\n<meta name=\"twitter:card\" content=\"summary_large_image\" \/>\n<meta name=\"twitter:label1\" content=\"Tiempo de lectura\" \/>\n\t<meta name=\"twitter:data1\" content=\"20 minuto\" \/>\n<script type=\"application\/ld+json\" class=\"yoast-schema-graph\">{\"@context\":\"https:\\\/\\\/schema.org\",\"@graph\":[{\"@type\":\"WebPage\",\"@id\":\"https:\\\/\\\/maristeurope.eu\\\/es\\\/sobre-nosotros\\\/padre-jean-claude-colin\\\/\",\"url\":\"https:\\\/\\\/maristeurope.eu\\\/es\\\/sobre-nosotros\\\/padre-jean-claude-colin\\\/\",\"name\":\"Padre Juan-Claudio Colin - Marist Europe\",\"isPartOf\":{\"@id\":\"https:\\\/\\\/maristeurope.eu\\\/es\\\/#website\"},\"datePublished\":\"2024-12-19T10:27:23+00:00\",\"dateModified\":\"2025-04-15T12:24:11+00:00\",\"breadcrumb\":{\"@id\":\"https:\\\/\\\/maristeurope.eu\\\/es\\\/sobre-nosotros\\\/padre-jean-claude-colin\\\/#breadcrumb\"},\"inLanguage\":\"es\",\"potentialAction\":[{\"@type\":\"ReadAction\",\"target\":[\"https:\\\/\\\/maristeurope.eu\\\/es\\\/sobre-nosotros\\\/padre-jean-claude-colin\\\/\"]}]},{\"@type\":\"BreadcrumbList\",\"@id\":\"https:\\\/\\\/maristeurope.eu\\\/es\\\/sobre-nosotros\\\/padre-jean-claude-colin\\\/#breadcrumb\",\"itemListElement\":[{\"@type\":\"ListItem\",\"position\":1,\"name\":\"Home\",\"item\":\"https:\\\/\\\/maristeurope.eu\\\/es\\\/\"},{\"@type\":\"ListItem\",\"position\":2,\"name\":\"Sobre nosotros\",\"item\":\"https:\\\/\\\/maristeurope.eu\\\/es\\\/sobre-nosotros\\\/\"},{\"@type\":\"ListItem\",\"position\":3,\"name\":\"Padre Juan-Claudio Colin\"}]},{\"@type\":\"WebSite\",\"@id\":\"https:\\\/\\\/maristeurope.eu\\\/es\\\/#website\",\"url\":\"https:\\\/\\\/maristeurope.eu\\\/es\\\/\",\"name\":\"Marist Europe\",\"description\":\"\",\"publisher\":{\"@id\":\"https:\\\/\\\/maristeurope.eu\\\/es\\\/#organization\"},\"potentialAction\":[{\"@type\":\"SearchAction\",\"target\":{\"@type\":\"EntryPoint\",\"urlTemplate\":\"https:\\\/\\\/maristeurope.eu\\\/es\\\/?s={search_term_string}\"},\"query-input\":{\"@type\":\"PropertyValueSpecification\",\"valueRequired\":true,\"valueName\":\"search_term_string\"}}],\"inLanguage\":\"es\"},{\"@type\":\"Organization\",\"@id\":\"https:\\\/\\\/maristeurope.eu\\\/es\\\/#organization\",\"name\":\"Marist Europe\",\"url\":\"https:\\\/\\\/maristeurope.eu\\\/es\\\/\",\"logo\":{\"@type\":\"ImageObject\",\"inLanguage\":\"es\",\"@id\":\"https:\\\/\\\/maristeurope.eu\\\/es\\\/#\\\/schema\\\/logo\\\/image\\\/\",\"url\":\"https:\\\/\\\/maristeurope.eu\\\/wp-content\\\/uploads\\\/2024\\\/10\\\/EU-SM-Finalogo-02.png\",\"contentUrl\":\"https:\\\/\\\/maristeurope.eu\\\/wp-content\\\/uploads\\\/2024\\\/10\\\/EU-SM-Finalogo-02.png\",\"width\":150,\"height\":156,\"caption\":\"Marist Europe\"},\"image\":{\"@id\":\"https:\\\/\\\/maristeurope.eu\\\/es\\\/#\\\/schema\\\/logo\\\/image\\\/\"}}]}<\/script>\n<!-- \/ Yoast SEO plugin. -->","yoast_head_json":{"title":"Padre Juan-Claudio Colin - Marist Europe","robots":{"index":"index","follow":"follow","max-snippet":"max-snippet:-1","max-image-preview":"max-image-preview:large","max-video-preview":"max-video-preview:-1"},"canonical":"https:\/\/maristeurope.eu\/es\/sobre-nosotros\/padre-jean-claude-colin\/","og_locale":"es_ES","og_type":"article","og_title":"Padre Juan-Claudio Colin - Marist Europe","og_url":"https:\/\/maristeurope.eu\/es\/sobre-nosotros\/padre-jean-claude-colin\/","og_site_name":"Marist Europe","article_modified_time":"2025-04-15T12:24:11+00:00","twitter_card":"summary_large_image","twitter_misc":{"Tiempo de lectura":"20 minuto"},"schema":{"@context":"https:\/\/schema.org","@graph":[{"@type":"WebPage","@id":"https:\/\/maristeurope.eu\/es\/sobre-nosotros\/padre-jean-claude-colin\/","url":"https:\/\/maristeurope.eu\/es\/sobre-nosotros\/padre-jean-claude-colin\/","name":"Padre Juan-Claudio Colin - Marist Europe","isPartOf":{"@id":"https:\/\/maristeurope.eu\/es\/#website"},"datePublished":"2024-12-19T10:27:23+00:00","dateModified":"2025-04-15T12:24:11+00:00","breadcrumb":{"@id":"https:\/\/maristeurope.eu\/es\/sobre-nosotros\/padre-jean-claude-colin\/#breadcrumb"},"inLanguage":"es","potentialAction":[{"@type":"ReadAction","target":["https:\/\/maristeurope.eu\/es\/sobre-nosotros\/padre-jean-claude-colin\/"]}]},{"@type":"BreadcrumbList","@id":"https:\/\/maristeurope.eu\/es\/sobre-nosotros\/padre-jean-claude-colin\/#breadcrumb","itemListElement":[{"@type":"ListItem","position":1,"name":"Home","item":"https:\/\/maristeurope.eu\/es\/"},{"@type":"ListItem","position":2,"name":"Sobre nosotros","item":"https:\/\/maristeurope.eu\/es\/sobre-nosotros\/"},{"@type":"ListItem","position":3,"name":"Padre Juan-Claudio Colin"}]},{"@type":"WebSite","@id":"https:\/\/maristeurope.eu\/es\/#website","url":"https:\/\/maristeurope.eu\/es\/","name":"Marist Europe","description":"","publisher":{"@id":"https:\/\/maristeurope.eu\/es\/#organization"},"potentialAction":[{"@type":"SearchAction","target":{"@type":"EntryPoint","urlTemplate":"https:\/\/maristeurope.eu\/es\/?s={search_term_string}"},"query-input":{"@type":"PropertyValueSpecification","valueRequired":true,"valueName":"search_term_string"}}],"inLanguage":"es"},{"@type":"Organization","@id":"https:\/\/maristeurope.eu\/es\/#organization","name":"Marist Europe","url":"https:\/\/maristeurope.eu\/es\/","logo":{"@type":"ImageObject","inLanguage":"es","@id":"https:\/\/maristeurope.eu\/es\/#\/schema\/logo\/image\/","url":"https:\/\/maristeurope.eu\/wp-content\/uploads\/2024\/10\/EU-SM-Finalogo-02.png","contentUrl":"https:\/\/maristeurope.eu\/wp-content\/uploads\/2024\/10\/EU-SM-Finalogo-02.png","width":150,"height":156,"caption":"Marist Europe"},"image":{"@id":"https:\/\/maristeurope.eu\/es\/#\/schema\/logo\/image\/"}}]}},"_links":{"self":[{"href":"https:\/\/maristeurope.eu\/es\/wp-json\/wp\/v2\/pages\/3451","targetHints":{"allow":["GET"]}}],"collection":[{"href":"https:\/\/maristeurope.eu\/es\/wp-json\/wp\/v2\/pages"}],"about":[{"href":"https:\/\/maristeurope.eu\/es\/wp-json\/wp\/v2\/types\/page"}],"author":[{"embeddable":true,"href":"https:\/\/maristeurope.eu\/es\/wp-json\/wp\/v2\/users\/1"}],"replies":[{"embeddable":true,"href":"https:\/\/maristeurope.eu\/es\/wp-json\/wp\/v2\/comments?post=3451"}],"version-history":[{"count":28,"href":"https:\/\/maristeurope.eu\/es\/wp-json\/wp\/v2\/pages\/3451\/revisions"}],"predecessor-version":[{"id":6999,"href":"https:\/\/maristeurope.eu\/es\/wp-json\/wp\/v2\/pages\/3451\/revisions\/6999"}],"up":[{"embeddable":true,"href":"https:\/\/maristeurope.eu\/es\/wp-json\/wp\/v2\/pages\/2213"}],"wp:attachment":[{"href":"https:\/\/maristeurope.eu\/es\/wp-json\/wp\/v2\/media?parent=3451"}],"curies":[{"name":"wp","href":"https:\/\/api.w.org\/{rel}","templated":true}]}}